{"id":4940,"date":"2024-01-31T14:20:23","date_gmt":"2024-01-31T12:20:23","guid":{"rendered":"https:\/\/pradagayoso.com\/?post_type=publicaciones&#038;p=4940"},"modified":"2025-04-04T10:13:06","modified_gmt":"2025-04-04T08:13:06","slug":"compraventa-negocios-crisis-implicaciones-laborales","status":"publish","type":"publicaciones","link":"https:\/\/pradagayoso.com\/en\/blog\/asesoramiento-a-empresas-en-dificultades\/compraventa-negocios-crisis-implicaciones-laborales\/","title":{"rendered":"PradaGayoso y Sagardoy analizan la compraventa de negocios en crisis y sus implicaciones laborales"},"content":{"rendered":"\n<figure class=\"wp-block-image size-full\"><img loading=\"lazy\" decoding=\"async\" width=\"906\" height=\"450\" src=\"https:\/\/pradagayoso.com\/wp-content\/uploads\/2024\/02\/jornada-compraventa-negocios-crisis.jpeg\" alt=\"\" class=\"wp-image-4941\" srcset=\"https:\/\/pradagayoso.com\/wp-content\/uploads\/2024\/02\/jornada-compraventa-negocios-crisis.jpeg 906w, https:\/\/pradagayoso.com\/wp-content\/uploads\/2024\/02\/jornada-compraventa-negocios-crisis-300x149.jpeg 300w, https:\/\/pradagayoso.com\/wp-content\/uploads\/2024\/02\/jornada-compraventa-negocios-crisis-768x381.jpeg 768w\" sizes=\"auto, (max-width: 767px) 89vw, (max-width: 1000px) 54vw, (max-width: 1071px) 543px, 580px\" \/><figcaption class=\"wp-element-caption\">De izquierda a derecha, Jaime P\u00e9rez Mesa (director de Relaciones Institucionales y Desarrollo Corporativo de CEIM), Sara Molero (secretaria general de CEIM), Marta Pinillos (asociada s\u00e9nior de PradaGayoso) y Raquel Mu\u00f1iz (socia de Sagardoy)<\/figcaption><\/figure>\n\n\n\n<p>La compraventa de negocios en crisis constituye una oportunidad tanto para los empresarios que se encuentran en una situaci\u00f3n de dificultades financieras como para aquellos inversores potencialmente interesados en ampliar su negocio.<\/p>\n\n\n\n<p>Ese es el mensaje central de una jornada celebrada por <strong>PradaGayoso<\/strong> y <strong>CEIM Confederaci\u00f3n Empresarial de Madrid-CEOE<\/strong> y que ha contado con la intervenci\u00f3n de Marta Pinillos, abogada y asociada s\u00e9nior de PradaGayoso, y de Raquel Mu\u00f1iz, abogada y socia del despacho <strong>Sagardoy<\/strong>.<\/p>\n\n\n\n<p>Las ponentes han destacado que la venta de una unidad productiva (entendida como un conjunto de medios capaz de funcionar de manera aut\u00f3noma para el desarrollo de una actividad econ\u00f3mica) incrementa el valor de los activos, favorece la viabilidad del nuevo proyecto empresarial y propicia la conservaci\u00f3n de puestos de trabajo.<\/p>\n\n\n\n<p>Seg\u00fan ha explicado Marta Pinillos, el traspaso de una unidad productiva puede encuadrarse en un plan de reestructuraci\u00f3n, aunque \u201ces m\u00e1s habitual\u201d que se realice dentro de un concurso de acreedores, bajo la supervisi\u00f3n de un juez y la direcci\u00f3n de un administrador concursal.<\/p>\n\n\n\n<p>Dentro del concurso, la operaci\u00f3n puede llevarse a cabo en cualquier fase del procedimiento. \u201cLo m\u00e1s frecuente es que con la solicitud de declaraci\u00f3n de concurso se presente una oferta vinculante de adquisici\u00f3n, recabada por el propio vendedor o por un experto designado con ese fin\u201d, apunta Marta Pinillos.<\/p>\n\n\n\n<p>La normativa concursal ofrece una serie de ventajas para el comprador de la unidad productiva. Entre ellas, que reemplazar\u00e1 de forma autom\u00e1tica al vendedor en los contratos que permitan la continuidad de la actividad empresarial. Asimismo, no tendr\u00e1 que asumir, en principio, las deudas pendientes de pago del vendedor.<\/p>\n\n\n\n<p>Por lo que se refiere a las relaciones laborales, Raquel Mu\u00f1iz ha explicado que la compraventa de una unidad productiva en el marco del concurso se rige por una normativa espec\u00edfica que permite al juez de lo mercantil limitar su per\u00edmetro, de manera que podr\u00e1 decidir cu\u00e1ntos trabajadores forman parte de la unidad productiva y cu\u00e1ntos quedan excluidos.<\/p>\n\n\n\n<p>En ese sentido, el comprador tendr\u00e1 que responder \u00fanicamente por los cr\u00e9ditos laborales y de Seguridad Social de aquellos empleados que asuma a su cargo. El adquirente deber\u00e1 respetar, adem\u00e1s, las condiciones laborales acordadas con el anterior empleador.<\/p>\n\n\n\n<p>En opini\u00f3n de Raquel Mu\u00f1iz, la regulaci\u00f3n actual ofrece \u201cuna mayor seguridad jur\u00eddica\u201d que la regulaci\u00f3n anterior, dado que antes el juez de lo social pod\u00eda rechazar las decisiones previas del juez de lo mercantil y, por otro lado, el comprador de la unidad productiva pod\u00eda verse obligado a asumir los cr\u00e9ditos de todos los empleados de la empresa concursada, lo que desincentivaba este tipo de transacciones.<\/p>\n\n\n\n<p class=\"newprBtn newghost-button\"><\/p>\n\n\n\n<p class=\"newprBtn newghost-button\"><\/p>\n\n\n\n<figure class=\"wp-block-embed is-type-video is-provider-youtube wp-block-embed-youtube wp-embed-aspect-16-9 wp-has-aspect-ratio\"><div class=\"wp-block-embed__wrapper\">\n<iframe title=\"Compraventa de negocios en crisis: Experiencias pr\u00e1cticas y aspectos laborales.\" width=\"525\" height=\"295\" src=\"https:\/\/www.youtube-nocookie.com\/embed\/0NQwcc84r-c?feature=oembed\" frameborder=\"0\" allow=\"accelerometer; autoplay; clipboard-write; encrypted-media; gyroscope; picture-in-picture; web-share\" referrerpolicy=\"strict-origin-when-cross-origin\" allowfullscreen><\/iframe>\n<\/div><\/figure>\n","protected":false},"excerpt":{"rendered":"<p>Este tipo de operaciones constituye una oportunidad tanto para las empresas en dificultades como para potenciales inversores<\/p>\n","protected":false},"featured_media":4943,"template":"","pub_categoria":[39,40,38],"class_list":["post-4940","publicaciones","type-publicaciones","status-publish","has-post-thumbnail","hentry","pub_categoria-adquisicion-de-activos-en-liquidacion","pub_categoria-asesoramiento-a-empresas-en-dificultades","pub_categoria-concurso-de-acreedores"],"yoast_head":"<!-- This site is optimized with the Yoast SEO plugin v28.2 - https:\/\/yoast.com\/product\/yoast-seo-wordpress\/ -->\n<title>PradaGayoso y Sagardoy analizan la compraventa de negocios en crisis y sus implicaciones laborales - PradaGayoso<\/title>\n<meta name=\"description\" content=\"PradaGayoso y Sagardoy analizan la compraventa de negocios en crisis y sus implicaciones laborales en una jornada con CEIM\" \/>\n<meta name=\"robots\" content=\"index, follow, max-snippet:-1, max-image-preview:large, max-video-preview:-1\" \/>\n<link rel=\"canonical\" href=\"https:\/\/pradagayoso.com\/blog\/asesoramiento-a-empresas-en-dificultades\/compraventa-negocios-crisis-implicaciones-laborales\/\" \/>\n<meta property=\"og:locale\" content=\"en_US\" \/>\n<meta property=\"og:type\" content=\"article\" \/>\n<meta property=\"og:title\" content=\"PradaGayoso y Sagardoy analizan la compraventa de negocios en crisis y sus implicaciones laborales - PradaGayoso\" \/>\n<meta property=\"og:description\" content=\"PradaGayoso y Sagardoy analizan la compraventa de negocios en crisis y sus implicaciones laborales en una jornada con CEIM\" \/>\n<meta property=\"og:url\" content=\"https:\/\/pradagayoso.com\/blog\/asesoramiento-a-empresas-en-dificultades\/compraventa-negocios-crisis-implicaciones-laborales\/\" \/>\n<meta property=\"og:site_name\" content=\"PradaGayoso\" \/>\n<meta property=\"article:publisher\" content=\"https:\/\/www.facebook.com\/pradagayoso\/\" \/>\n<meta property=\"article:modified_time\" content=\"2025-04-04T08:13:06+00:00\" \/>\n<meta property=\"og:image\" content=\"https:\/\/pradagayoso.com\/wp-content\/uploads\/2024\/02\/jornada-compraventa-negocios-crisis-2.jpeg\" \/>\n\t<meta property=\"og:image:width\" content=\"525\" \/>\n\t<meta property=\"og:image:height\" content=\"295\" \/>\n\t<meta property=\"og:image:type\" content=\"image\/jpeg\" \/>\n<meta name=\"twitter:card\" content=\"summary_large_image\" \/>\n<meta name=\"twitter:site\" content=\"@pradagayoso\" \/>\n<meta name=\"twitter:label1\" content=\"Est. reading time\" \/>\n\t<meta name=\"twitter:data1\" content=\"3 minutes\" \/>\n<script type=\"application\/ld+json\" class=\"yoast-schema-graph\">{\"@context\":\"https:\\\/\\\/schema.org\",\"@graph\":[{\"@type\":\"WebPage\",\"@id\":\"https:\\\/\\\/pradagayoso.com\\\/blog\\\/asesoramiento-a-empresas-en-dificultades\\\/compraventa-negocios-crisis-implicaciones-laborales\\\/\",\"url\":\"https:\\\/\\\/pradagayoso.com\\\/blog\\\/asesoramiento-a-empresas-en-dificultades\\\/compraventa-negocios-crisis-implicaciones-laborales\\\/\",\"name\":\"PradaGayoso y Sagardoy analizan la compraventa de negocios en crisis y sus implicaciones laborales - PradaGayoso\",\"isPartOf\":{\"@id\":\"https:\\\/\\\/pradagayoso.com\\\/#website\"},\"primaryImageOfPage\":{\"@id\":\"https:\\\/\\\/pradagayoso.com\\\/blog\\\/asesoramiento-a-empresas-en-dificultades\\\/compraventa-negocios-crisis-implicaciones-laborales\\\/#primaryimage\"},\"image\":{\"@id\":\"https:\\\/\\\/pradagayoso.com\\\/blog\\\/asesoramiento-a-empresas-en-dificultades\\\/compraventa-negocios-crisis-implicaciones-laborales\\\/#primaryimage\"},\"thumbnailUrl\":\"https:\\\/\\\/pradagayoso.com\\\/wp-content\\\/uploads\\\/2024\\\/02\\\/jornada-compraventa-negocios-crisis-2.jpeg\",\"datePublished\":\"2024-01-31T12:20:23+00:00\",\"dateModified\":\"2025-04-04T08:13:06+00:00\",\"description\":\"PradaGayoso y Sagardoy analizan la compraventa de negocios en crisis y sus implicaciones laborales en una jornada con CEIM\",\"breadcrumb\":{\"@id\":\"https:\\\/\\\/pradagayoso.com\\\/blog\\\/asesoramiento-a-empresas-en-dificultades\\\/compraventa-negocios-crisis-implicaciones-laborales\\\/#breadcrumb\"},\"inLanguage\":\"en-US\",\"potentialAction\":[{\"@type\":\"ReadAction\",\"target\":[\"https:\\\/\\\/pradagayoso.com\\\/blog\\\/asesoramiento-a-empresas-en-dificultades\\\/compraventa-negocios-crisis-implicaciones-laborales\\\/\"]}]},{\"@type\":\"ImageObject\",\"inLanguage\":\"en-US\",\"@id\":\"https:\\\/\\\/pradagayoso.com\\\/blog\\\/asesoramiento-a-empresas-en-dificultades\\\/compraventa-negocios-crisis-implicaciones-laborales\\\/#primaryimage\",\"url\":\"https:\\\/\\\/pradagayoso.com\\\/wp-content\\\/uploads\\\/2024\\\/02\\\/jornada-compraventa-negocios-crisis-2.jpeg\",\"contentUrl\":\"https:\\\/\\\/pradagayoso.com\\\/wp-content\\\/uploads\\\/2024\\\/02\\\/jornada-compraventa-negocios-crisis-2.jpeg\",\"width\":525,\"height\":295},{\"@type\":\"BreadcrumbList\",\"@id\":\"https:\\\/\\\/pradagayoso.com\\\/blog\\\/asesoramiento-a-empresas-en-dificultades\\\/compraventa-negocios-crisis-implicaciones-laborales\\\/#breadcrumb\",\"itemListElement\":[{\"@type\":\"ListItem\",\"position\":1,\"name\":\"Portada\",\"item\":\"https:\\\/\\\/pradagayoso.com\\\/en\\\/\"},{\"@type\":\"ListItem\",\"position\":2,\"name\":\"Blog\",\"item\":\"https:\\\/\\\/pradagayoso.com\\\/blog\\\/\"},{\"@type\":\"ListItem\",\"position\":3,\"name\":\"PradaGayoso y Sagardoy analizan la compraventa de negocios en crisis y sus implicaciones laborales\"}]},{\"@type\":\"WebSite\",\"@id\":\"https:\\\/\\\/pradagayoso.com\\\/#website\",\"url\":\"https:\\\/\\\/pradagayoso.com\\\/\",\"name\":\"PradaGayoso\",\"description\":\"Reestructuraci\u00f3n financiera\",\"publisher\":{\"@id\":\"https:\\\/\\\/pradagayoso.com\\\/#organization\"},\"potentialAction\":[{\"@type\":\"SearchAction\",\"target\":{\"@type\":\"EntryPoint\",\"urlTemplate\":\"https:\\\/\\\/pradagayoso.com\\\/?s={search_term_string}\"},\"query-input\":{\"@type\":\"PropertyValueSpecification\",\"valueRequired\":true,\"valueName\":\"search_term_string\"}}],\"inLanguage\":\"en-US\"},{\"@type\":\"Organization\",\"@id\":\"https:\\\/\\\/pradagayoso.com\\\/#organization\",\"name\":\"PradaGayoso\",\"url\":\"https:\\\/\\\/pradagayoso.com\\\/\",\"logo\":{\"@type\":\"ImageObject\",\"inLanguage\":\"en-US\",\"@id\":\"https:\\\/\\\/pradagayoso.com\\\/#\\\/schema\\\/logo\\\/image\\\/\",\"url\":\"https:\\\/\\\/pradagayoso.com\\\/wp-content\\\/uploads\\\/2018\\\/05\\\/logo_prada.png\",\"contentUrl\":\"https:\\\/\\\/pradagayoso.com\\\/wp-content\\\/uploads\\\/2018\\\/05\\\/logo_prada.png\",\"width\":284,\"height\":63,\"caption\":\"PradaGayoso\"},\"image\":{\"@id\":\"https:\\\/\\\/pradagayoso.com\\\/#\\\/schema\\\/logo\\\/image\\\/\"},\"sameAs\":[\"https:\\\/\\\/www.facebook.com\\\/pradagayoso\\\/\",\"https:\\\/\\\/x.com\\\/pradagayoso\",\"https:\\\/\\\/www.instagram.com\\\/pradagayoso\\\/\",\"https:\\\/\\\/www.linkedin.com\\\/company\\\/pradagayoso\\\/\",\"https:\\\/\\\/www.youtube.com\\\/channel\\\/UCOZT08GCsDLY8dVR8mH0IqA\"]}]}<\/script>\n<!-- \/ Yoast SEO plugin. -->","yoast_head_json":{"title":"PradaGayoso y Sagardoy analizan la compraventa de negocios en crisis y sus implicaciones laborales - PradaGayoso","description":"PradaGayoso y Sagardoy analizan la compraventa de negocios en crisis y sus implicaciones laborales en una jornada con CEIM","robots":{"index":"index","follow":"follow","max-snippet":"max-snippet:-1","max-image-preview":"max-image-preview:large","max-video-preview":"max-video-preview:-1"},"canonical":"https:\/\/pradagayoso.com\/blog\/asesoramiento-a-empresas-en-dificultades\/compraventa-negocios-crisis-implicaciones-laborales\/","og_locale":"en_US","og_type":"article","og_title":"PradaGayoso y Sagardoy analizan la compraventa de negocios en crisis y sus implicaciones laborales - PradaGayoso","og_description":"PradaGayoso y Sagardoy analizan la compraventa de negocios en crisis y sus implicaciones laborales en una jornada con CEIM","og_url":"https:\/\/pradagayoso.com\/blog\/asesoramiento-a-empresas-en-dificultades\/compraventa-negocios-crisis-implicaciones-laborales\/","og_site_name":"PradaGayoso","article_publisher":"https:\/\/www.facebook.com\/pradagayoso\/","article_modified_time":"2025-04-04T08:13:06+00:00","og_image":[{"width":525,"height":295,"url":"https:\/\/pradagayoso.com\/wp-content\/uploads\/2024\/02\/jornada-compraventa-negocios-crisis-2.jpeg","type":"image\/jpeg"}],"twitter_card":"summary_large_image","twitter_site":"@pradagayoso","twitter_misc":{"Est. reading time":"3 minutes"},"schema":{"@context":"https:\/\/schema.org","@graph":[{"@type":"WebPage","@id":"https:\/\/pradagayoso.com\/blog\/asesoramiento-a-empresas-en-dificultades\/compraventa-negocios-crisis-implicaciones-laborales\/","url":"https:\/\/pradagayoso.com\/blog\/asesoramiento-a-empresas-en-dificultades\/compraventa-negocios-crisis-implicaciones-laborales\/","name":"PradaGayoso y Sagardoy analizan la compraventa de negocios en crisis y sus implicaciones laborales - PradaGayoso","isPartOf":{"@id":"https:\/\/pradagayoso.com\/#website"},"primaryImageOfPage":{"@id":"https:\/\/pradagayoso.com\/blog\/asesoramiento-a-empresas-en-dificultades\/compraventa-negocios-crisis-implicaciones-laborales\/#primaryimage"},"image":{"@id":"https:\/\/pradagayoso.com\/blog\/asesoramiento-a-empresas-en-dificultades\/compraventa-negocios-crisis-implicaciones-laborales\/#primaryimage"},"thumbnailUrl":"https:\/\/pradagayoso.com\/wp-content\/uploads\/2024\/02\/jornada-compraventa-negocios-crisis-2.jpeg","datePublished":"2024-01-31T12:20:23+00:00","dateModified":"2025-04-04T08:13:06+00:00","description":"PradaGayoso y Sagardoy analizan la compraventa de negocios en crisis y sus implicaciones laborales en una jornada con CEIM","breadcrumb":{"@id":"https:\/\/pradagayoso.com\/blog\/asesoramiento-a-empresas-en-dificultades\/compraventa-negocios-crisis-implicaciones-laborales\/#breadcrumb"},"inLanguage":"en-US","potentialAction":[{"@type":"ReadAction","target":["https:\/\/pradagayoso.com\/blog\/asesoramiento-a-empresas-en-dificultades\/compraventa-negocios-crisis-implicaciones-laborales\/"]}]},{"@type":"ImageObject","inLanguage":"en-US","@id":"https:\/\/pradagayoso.com\/blog\/asesoramiento-a-empresas-en-dificultades\/compraventa-negocios-crisis-implicaciones-laborales\/#primaryimage","url":"https:\/\/pradagayoso.com\/wp-content\/uploads\/2024\/02\/jornada-compraventa-negocios-crisis-2.jpeg","contentUrl":"https:\/\/pradagayoso.com\/wp-content\/uploads\/2024\/02\/jornada-compraventa-negocios-crisis-2.jpeg","width":525,"height":295},{"@type":"BreadcrumbList","@id":"https:\/\/pradagayoso.com\/blog\/asesoramiento-a-empresas-en-dificultades\/compraventa-negocios-crisis-implicaciones-laborales\/#breadcrumb","itemListElement":[{"@type":"ListItem","position":1,"name":"Portada","item":"https:\/\/pradagayoso.com\/en\/"},{"@type":"ListItem","position":2,"name":"Blog","item":"https:\/\/pradagayoso.com\/blog\/"},{"@type":"ListItem","position":3,"name":"PradaGayoso y Sagardoy analizan la compraventa de negocios en crisis y sus implicaciones laborales"}]},{"@type":"WebSite","@id":"https:\/\/pradagayoso.com\/#website","url":"https:\/\/pradagayoso.com\/","name":"PradaGayoso","description":"Reestructuraci\u00f3n financiera","publisher":{"@id":"https:\/\/pradagayoso.com\/#organization"},"potentialAction":[{"@type":"SearchAction","target":{"@type":"EntryPoint","urlTemplate":"https:\/\/pradagayoso.com\/?s={search_term_string}"},"query-input":{"@type":"PropertyValueSpecification","valueRequired":true,"valueName":"search_term_string"}}],"inLanguage":"en-US"},{"@type":"Organization","@id":"https:\/\/pradagayoso.com\/#organization","name":"PradaGayoso","url":"https:\/\/pradagayoso.com\/","logo":{"@type":"ImageObject","inLanguage":"en-US","@id":"https:\/\/pradagayoso.com\/#\/schema\/logo\/image\/","url":"https:\/\/pradagayoso.com\/wp-content\/uploads\/2018\/05\/logo_prada.png","contentUrl":"https:\/\/pradagayoso.com\/wp-content\/uploads\/2018\/05\/logo_prada.png","width":284,"height":63,"caption":"PradaGayoso"},"image":{"@id":"https:\/\/pradagayoso.com\/#\/schema\/logo\/image\/"},"sameAs":["https:\/\/www.facebook.com\/pradagayoso\/","https:\/\/x.com\/pradagayoso","https:\/\/www.instagram.com\/pradagayoso\/","https:\/\/www.linkedin.com\/company\/pradagayoso\/","https:\/\/www.youtube.com\/channel\/UCOZT08GCsDLY8dVR8mH0IqA"]}]}},"_links":{"self":[{"href":"https:\/\/pradagayoso.com\/en\/wp-json\/wp\/v2\/publicaciones\/4940","targetHints":{"allow":["GET"]}}],"collection":[{"href":"https:\/\/pradagayoso.com\/en\/wp-json\/wp\/v2\/publicaciones"}],"about":[{"href":"https:\/\/pradagayoso.com\/en\/wp-json\/wp\/v2\/types\/publicaciones"}],"version-history":[{"count":3,"href":"https:\/\/pradagayoso.com\/en\/wp-json\/wp\/v2\/publicaciones\/4940\/revisions"}],"predecessor-version":[{"id":9450,"href":"https:\/\/pradagayoso.com\/en\/wp-json\/wp\/v2\/publicaciones\/4940\/revisions\/9450"}],"wp:featuredmedia":[{"embeddable":true,"href":"https:\/\/pradagayoso.com\/en\/wp-json\/wp\/v2\/media\/4943"}],"wp:attachment":[{"href":"https:\/\/pradagayoso.com\/en\/wp-json\/wp\/v2\/media?parent=4940"}],"wp:term":[{"taxonomy":"pub_categoria","embeddable":true,"href":"https:\/\/pradagayoso.com\/en\/wp-json\/wp\/v2\/pub_categoria?post=4940"}],"curies":[{"name":"wp","href":"https:\/\/api.w.org\/{rel}","templated":true}]}}