{"id":2391,"date":"2021-07-15T11:28:07","date_gmt":"2021-07-15T09:28:07","guid":{"rendered":"https:\/\/pradagayoso.com\/?post_type=publicaciones&#038;p=2391"},"modified":"2021-07-19T16:22:49","modified_gmt":"2021-07-19T14:22:49","slug":"plena-exoneracion-deudas-personas-naturales","status":"publish","type":"publicaciones","link":"https:\/\/pradagayoso.com\/en\/blog\/asesoramiento-a-empresas-en-dificultades\/plena-exoneracion-deudas-personas-naturales\/","title":{"rendered":"El derecho a la plena exoneraci\u00f3n de las deudas por parte de las personas naturales"},"content":{"rendered":"<style type=\"text\/css\"><\/style>\n<section class=\"kc-elm kc-css-2329936 kc_row entradilla\">\n<div class=\"kc-row-container  kc-container\">\n<div class=\"kc-wrap-columns\">\n<div class=\"kc-elm kc-css-2718704 kc_col-sm-12 kc_column kc_col-sm-12\">\n<div class=\"kc-col-container\">\n<div class=\"kc-elm kc-css-2687228 kc_text_block\">\n<p><strong><a href=\"\/equipo\/felix-salgado\/\" target=\"_blank\" rel=\"noopener\">F\u00e9lix Salgado<\/a><\/strong><br \/><strong>Socio<\/strong><\/p>\n<\/div>\n<div class=\"kc-elm kc-css-2259398 kc_shortcode kc_single_image\">\n<p>        <img decoding=\"async\" src=\"https:\/\/pradagayoso.com\/wp-content\/uploads\/2021\/07\/plena-exoneracion-deudas-personas-naturales.jpg\" class=\"\" alt=\"El derecho a la plena exoneraci\u00f3n de las deudas por parte de las personas naturales\" \/>    <\/div>\n<div class=\"kc-elm kc-css-4191645 kc_text_block\">\n<p class=\"smallTitle-desc\">El mantenimiento o supresi\u00f3n de los privilegios que ostentan las administraciones p\u00fablicas en el \u00e1mbito concursal se perfila como uno de los principales caballos de batalla en la trasposici\u00f3n de la directiva comunitaria sobre reestructuraci\u00f3n e insolvencias.<\/p>\n<p>Como es sabido, la Agencia Tributaria y la Tesorer\u00eda General de la Seguridad Social reciben un <strong>tratamiento particularmente ventajoso<\/strong> en lo que se refiere a la calificaci\u00f3n de sus cr\u00e9ditos y a la posici\u00f3n que ocupan en el orden de pagos. Pero, en contra de lo que podr\u00eda parecer, ello no se traduce en un mayor porcentaje de recuperaci\u00f3n de sus deudas respecto a los otros acreedores. Es m\u00e1s: con una visi\u00f3n cortoplacista, las administraciones p\u00fablicas tienden a impedir numerosos procesos de reestructuraci\u00f3n financiera, lo que conduce al cierre de empresas y a la destrucci\u00f3n de empleo. En definitiva, menos recaudaci\u00f3n fiscal y menos cotizaciones sociales.<\/p>\n<p>Dentro del sector concursal existe la creencia generalizada de que la trasposici\u00f3n de la directiva debe servir para <strong>modernizar el marco regulatorio espa\u00f1ol<\/strong> y equipararlo al de nuestros socios europeos, y ello pasa necesariamente por eliminar los privilegios p\u00fablicos.<\/p>\n<p>El Gobierno ha solicitado una pr\u00f3rroga de un a\u00f1o para trasponer la directiva, lo que implica que el plazo se extender\u00eda hasta julio de 2022. A la espera de conocer qu\u00e9 tratamiento se otorgar\u00e1 a los acreedores p\u00fablicos en la nueva legislaci\u00f3n, llega una se\u00f1al de esperanza desde el Tribunal de Instancia Mercantil de Sevilla.<\/p>\n<p>Este tribunal, compuesto por los jueces de lo mercantil de la capital andaluza, ha adoptado recientemente un acuerdo sobre la interpretaci\u00f3n del art\u00edculo 491 del <a href=\"https:\/\/www.boe.es\/buscar\/act.php?id=BOE-A-2020-4859\" target=\"_blank\" rel=\"noopener\">texto refundido de la Ley Concursal<\/a>, que hace referencia al <strong>beneficio de la exoneraci\u00f3n del pasivo insatisfecho del deudor persona natural<\/strong>. En dicho art\u00edculo se establece expresamente que las deudas con las administraciones p\u00fablicas no podr\u00e1n ser objeto de exoneraci\u00f3n.<\/p>\n<p>Pues bien, el Tribunal de Instancia Mercantil de Sevilla alega que un texto refundido puede regularizar, aclarar y armonizar varios textos legales, pero en ning\u00fan caso puede cambiar el sentido de la ley. Y hay que recordar que en la anterior Ley Concursal el beneficio de la exoneraci\u00f3n del pasivo insatisfecho <strong>s\u00ed pod\u00eda extenderse a los cr\u00e9ditos p\u00fablicos<\/strong>. Siguiendo la doctrina del Tribunal Constitucional, los jueces de Sevilla entienden que en este caso procede inaplicar el precepto en cuesti\u00f3n.<\/p>\n<p>Por otro lado, consideran que el texto refundido de la Ley Concursal contradice la <a href=\"https:\/\/eur-lex.europa.eu\/legal-content\/ES\/TXT\/?uri=CELEX%3A32019L1023\" target=\"_blank\" rel=\"noopener\">directiva sobre reestructuraci\u00f3n e insolvencias<\/a>, que obliga a los Estados miembros a velar por que los empresarios insolventes tengan acceso al menos a <strong>un procedimiento que pueda desembocar en la plena exoneraci\u00f3n de sus deudas<\/strong>. Todas, sin exclusi\u00f3n de los cr\u00e9ditos p\u00fablicos. Es cierto que Espa\u00f1a no ha traspuesto a\u00fan la norma europea (publicada en 2019), pero el Tribunal de Instancia Mercantil de Sevilla recuerda que los efectos de las directivas deben cumplirse desde el mismo momento de su publicaci\u00f3n para evitar situaciones que supongan un obst\u00e1culo a su aplicaci\u00f3n.<\/p>\n<p>Por su claridad y por su impecable argumentaci\u00f3n, el acuerdo alcanzado por los jueces de Sevilla es digno de elogio y, sin duda, podr\u00e1 ser esgrimido ante otros tribunales para defender el beneficio de la exoneraci\u00f3n del pasivo insatisfecho \u2014incluidas las deudas con las administraciones p\u00fablicas\u2014 de las personas naturales.<\/p>\n<p>Queda la duda de <strong>cu\u00e1l ser\u00e1 el criterio que seguir\u00e1 el legislador espa\u00f1ol cuando trasponga la directiva comunitaria<\/strong>: si facilitar\u00e1 la plena exoneraci\u00f3n de las deudas o si, por el contrario, mantendr\u00e1 el privilegio de las administraciones p\u00fablicas. Mucho me temo, y ojal\u00e1 me equivoque, que el resultado final decepcionar\u00e1 a todos aquellos que abogamos por renovar nuestra legislaci\u00f3n concursal y homologarla con la de los dem\u00e1s pa\u00edses europeos.<\/p>\n<\/div>\n<\/div>\n<\/div>\n<\/div>\n<\/div>\n<\/section>\n","protected":false},"excerpt":{"rendered":"<p>El beneficio de la exoneraci\u00f3n debe extenderse a los cr\u00e9ditos p\u00fablicos, seg\u00fan el Tribunal de Instancia Mercantil de Sevilla.<\/p>\n","protected":false},"featured_media":2392,"template":"","pub_categoria":[40],"class_list":["post-2391","publicaciones","type-publicaciones","status-publish","has-post-thumbnail","hentry","pub_categoria-asesoramiento-a-empresas-en-dificultades"],"yoast_head":"<!-- This site is optimized with the Yoast SEO plugin v28.2 - https:\/\/yoast.com\/product\/yoast-seo-wordpress\/ -->\n<title>El derecho a la plena exoneraci\u00f3n de las deudas por parte de las personas naturales - PradaGayoso<\/title>\n<meta name=\"description\" content=\"El beneficio de la exoneraci\u00f3n del pasivo insatisfecho debe extenderse a los cr\u00e9ditos p\u00fablicos, seg\u00fan los jueces de lo mercantil de Sevilla.\" \/>\n<meta name=\"robots\" content=\"index, follow, max-snippet:-1, max-image-preview:large, max-video-preview:-1\" \/>\n<link rel=\"canonical\" href=\"https:\/\/pradagayoso.com\/blog\/asesoramiento-a-empresas-en-dificultades\/plena-exoneracion-deudas-personas-naturales\/\" \/>\n<meta property=\"og:locale\" content=\"en_US\" \/>\n<meta property=\"og:type\" content=\"article\" \/>\n<meta property=\"og:title\" content=\"El derecho a la plena exoneraci\u00f3n de las deudas por parte de las personas naturales - PradaGayoso\" \/>\n<meta property=\"og:description\" content=\"El beneficio de la exoneraci\u00f3n del pasivo insatisfecho debe extenderse a los cr\u00e9ditos p\u00fablicos, seg\u00fan los jueces de lo mercantil de Sevilla.\" \/>\n<meta property=\"og:url\" content=\"https:\/\/pradagayoso.com\/blog\/asesoramiento-a-empresas-en-dificultades\/plena-exoneracion-deudas-personas-naturales\/\" \/>\n<meta property=\"og:site_name\" content=\"PradaGayoso\" \/>\n<meta property=\"article:publisher\" content=\"https:\/\/www.facebook.com\/pradagayoso\/\" \/>\n<meta property=\"article:modified_time\" content=\"2021-07-19T14:22:49+00:00\" \/>\n<meta property=\"og:image\" content=\"https:\/\/pradagayoso.com\/wp-content\/uploads\/2021\/07\/plena-exoneracion-deudas-personas-naturales.jpg\" \/>\n\t<meta property=\"og:image:width\" content=\"1920\" \/>\n\t<meta property=\"og:image:height\" content=\"960\" \/>\n\t<meta property=\"og:image:type\" content=\"image\/jpeg\" \/>\n<meta name=\"twitter:card\" content=\"summary_large_image\" \/>\n<meta name=\"twitter:site\" content=\"@pradagayoso\" \/>\n<meta name=\"twitter:label1\" content=\"Est. reading time\" \/>\n\t<meta name=\"twitter:data1\" content=\"3 minutes\" \/>\n<script type=\"application\/ld+json\" class=\"yoast-schema-graph\">{\"@context\":\"https:\\\/\\\/schema.org\",\"@graph\":[{\"@type\":\"WebPage\",\"@id\":\"https:\\\/\\\/pradagayoso.com\\\/blog\\\/asesoramiento-a-empresas-en-dificultades\\\/plena-exoneracion-deudas-personas-naturales\\\/\",\"url\":\"https:\\\/\\\/pradagayoso.com\\\/blog\\\/asesoramiento-a-empresas-en-dificultades\\\/plena-exoneracion-deudas-personas-naturales\\\/\",\"name\":\"El derecho a la plena exoneraci\u00f3n de las deudas por parte de las personas naturales - PradaGayoso\",\"isPartOf\":{\"@id\":\"https:\\\/\\\/pradagayoso.com\\\/#website\"},\"primaryImageOfPage\":{\"@id\":\"https:\\\/\\\/pradagayoso.com\\\/blog\\\/asesoramiento-a-empresas-en-dificultades\\\/plena-exoneracion-deudas-personas-naturales\\\/#primaryimage\"},\"image\":{\"@id\":\"https:\\\/\\\/pradagayoso.com\\\/blog\\\/asesoramiento-a-empresas-en-dificultades\\\/plena-exoneracion-deudas-personas-naturales\\\/#primaryimage\"},\"thumbnailUrl\":\"https:\\\/\\\/pradagayoso.com\\\/wp-content\\\/uploads\\\/2021\\\/07\\\/plena-exoneracion-deudas-personas-naturales.jpg\",\"datePublished\":\"2021-07-15T09:28:07+00:00\",\"dateModified\":\"2021-07-19T14:22:49+00:00\",\"description\":\"El beneficio de la exoneraci\u00f3n del pasivo insatisfecho debe extenderse a los cr\u00e9ditos p\u00fablicos, seg\u00fan los jueces de lo mercantil de Sevilla.\",\"breadcrumb\":{\"@id\":\"https:\\\/\\\/pradagayoso.com\\\/blog\\\/asesoramiento-a-empresas-en-dificultades\\\/plena-exoneracion-deudas-personas-naturales\\\/#breadcrumb\"},\"inLanguage\":\"en-US\",\"potentialAction\":[{\"@type\":\"ReadAction\",\"target\":[\"https:\\\/\\\/pradagayoso.com\\\/blog\\\/asesoramiento-a-empresas-en-dificultades\\\/plena-exoneracion-deudas-personas-naturales\\\/\"]}]},{\"@type\":\"ImageObject\",\"inLanguage\":\"en-US\",\"@id\":\"https:\\\/\\\/pradagayoso.com\\\/blog\\\/asesoramiento-a-empresas-en-dificultades\\\/plena-exoneracion-deudas-personas-naturales\\\/#primaryimage\",\"url\":\"https:\\\/\\\/pradagayoso.com\\\/wp-content\\\/uploads\\\/2021\\\/07\\\/plena-exoneracion-deudas-personas-naturales.jpg\",\"contentUrl\":\"https:\\\/\\\/pradagayoso.com\\\/wp-content\\\/uploads\\\/2021\\\/07\\\/plena-exoneracion-deudas-personas-naturales.jpg\",\"width\":1920,\"height\":960},{\"@type\":\"BreadcrumbList\",\"@id\":\"https:\\\/\\\/pradagayoso.com\\\/blog\\\/asesoramiento-a-empresas-en-dificultades\\\/plena-exoneracion-deudas-personas-naturales\\\/#breadcrumb\",\"itemListElement\":[{\"@type\":\"ListItem\",\"position\":1,\"name\":\"Portada\",\"item\":\"https:\\\/\\\/pradagayoso.com\\\/en\\\/\"},{\"@type\":\"ListItem\",\"position\":2,\"name\":\"Blog\",\"item\":\"https:\\\/\\\/pradagayoso.com\\\/blog\\\/\"},{\"@type\":\"ListItem\",\"position\":3,\"name\":\"El derecho a la plena exoneraci\u00f3n de las deudas por parte de las personas naturales\"}]},{\"@type\":\"WebSite\",\"@id\":\"https:\\\/\\\/pradagayoso.com\\\/#website\",\"url\":\"https:\\\/\\\/pradagayoso.com\\\/\",\"name\":\"PradaGayoso\",\"description\":\"Reestructuraci\u00f3n financiera\",\"publisher\":{\"@id\":\"https:\\\/\\\/pradagayoso.com\\\/#organization\"},\"potentialAction\":[{\"@type\":\"SearchAction\",\"target\":{\"@type\":\"EntryPoint\",\"urlTemplate\":\"https:\\\/\\\/pradagayoso.com\\\/?s={search_term_string}\"},\"query-input\":{\"@type\":\"PropertyValueSpecification\",\"valueRequired\":true,\"valueName\":\"search_term_string\"}}],\"inLanguage\":\"en-US\"},{\"@type\":\"Organization\",\"@id\":\"https:\\\/\\\/pradagayoso.com\\\/#organization\",\"name\":\"PradaGayoso\",\"url\":\"https:\\\/\\\/pradagayoso.com\\\/\",\"logo\":{\"@type\":\"ImageObject\",\"inLanguage\":\"en-US\",\"@id\":\"https:\\\/\\\/pradagayoso.com\\\/#\\\/schema\\\/logo\\\/image\\\/\",\"url\":\"https:\\\/\\\/pradagayoso.com\\\/wp-content\\\/uploads\\\/2018\\\/05\\\/logo_prada.png\",\"contentUrl\":\"https:\\\/\\\/pradagayoso.com\\\/wp-content\\\/uploads\\\/2018\\\/05\\\/logo_prada.png\",\"width\":284,\"height\":63,\"caption\":\"PradaGayoso\"},\"image\":{\"@id\":\"https:\\\/\\\/pradagayoso.com\\\/#\\\/schema\\\/logo\\\/image\\\/\"},\"sameAs\":[\"https:\\\/\\\/www.facebook.com\\\/pradagayoso\\\/\",\"https:\\\/\\\/x.com\\\/pradagayoso\",\"https:\\\/\\\/www.instagram.com\\\/pradagayoso\\\/\",\"https:\\\/\\\/www.linkedin.com\\\/company\\\/pradagayoso\\\/\",\"https:\\\/\\\/www.youtube.com\\\/channel\\\/UCOZT08GCsDLY8dVR8mH0IqA\"]}]}<\/script>\n<!-- \/ Yoast SEO plugin. -->","yoast_head_json":{"title":"El derecho a la plena exoneraci\u00f3n de las deudas por parte de las personas naturales - PradaGayoso","description":"El beneficio de la exoneraci\u00f3n del pasivo insatisfecho debe extenderse a los cr\u00e9ditos p\u00fablicos, seg\u00fan los jueces de lo mercantil de Sevilla.","robots":{"index":"index","follow":"follow","max-snippet":"max-snippet:-1","max-image-preview":"max-image-preview:large","max-video-preview":"max-video-preview:-1"},"canonical":"https:\/\/pradagayoso.com\/blog\/asesoramiento-a-empresas-en-dificultades\/plena-exoneracion-deudas-personas-naturales\/","og_locale":"en_US","og_type":"article","og_title":"El derecho a la plena exoneraci\u00f3n de las deudas por parte de las personas naturales - PradaGayoso","og_description":"El beneficio de la exoneraci\u00f3n del pasivo insatisfecho debe extenderse a los cr\u00e9ditos p\u00fablicos, seg\u00fan los jueces de lo mercantil de Sevilla.","og_url":"https:\/\/pradagayoso.com\/blog\/asesoramiento-a-empresas-en-dificultades\/plena-exoneracion-deudas-personas-naturales\/","og_site_name":"PradaGayoso","article_publisher":"https:\/\/www.facebook.com\/pradagayoso\/","article_modified_time":"2021-07-19T14:22:49+00:00","og_image":[{"width":1920,"height":960,"url":"https:\/\/pradagayoso.com\/wp-content\/uploads\/2021\/07\/plena-exoneracion-deudas-personas-naturales.jpg","type":"image\/jpeg"}],"twitter_card":"summary_large_image","twitter_site":"@pradagayoso","twitter_misc":{"Est. reading time":"3 minutes"},"schema":{"@context":"https:\/\/schema.org","@graph":[{"@type":"WebPage","@id":"https:\/\/pradagayoso.com\/blog\/asesoramiento-a-empresas-en-dificultades\/plena-exoneracion-deudas-personas-naturales\/","url":"https:\/\/pradagayoso.com\/blog\/asesoramiento-a-empresas-en-dificultades\/plena-exoneracion-deudas-personas-naturales\/","name":"El derecho a la plena exoneraci\u00f3n de las deudas por parte de las personas naturales - PradaGayoso","isPartOf":{"@id":"https:\/\/pradagayoso.com\/#website"},"primaryImageOfPage":{"@id":"https:\/\/pradagayoso.com\/blog\/asesoramiento-a-empresas-en-dificultades\/plena-exoneracion-deudas-personas-naturales\/#primaryimage"},"image":{"@id":"https:\/\/pradagayoso.com\/blog\/asesoramiento-a-empresas-en-dificultades\/plena-exoneracion-deudas-personas-naturales\/#primaryimage"},"thumbnailUrl":"https:\/\/pradagayoso.com\/wp-content\/uploads\/2021\/07\/plena-exoneracion-deudas-personas-naturales.jpg","datePublished":"2021-07-15T09:28:07+00:00","dateModified":"2021-07-19T14:22:49+00:00","description":"El beneficio de la exoneraci\u00f3n del pasivo insatisfecho debe extenderse a los cr\u00e9ditos p\u00fablicos, seg\u00fan los jueces de lo mercantil de Sevilla.","breadcrumb":{"@id":"https:\/\/pradagayoso.com\/blog\/asesoramiento-a-empresas-en-dificultades\/plena-exoneracion-deudas-personas-naturales\/#breadcrumb"},"inLanguage":"en-US","potentialAction":[{"@type":"ReadAction","target":["https:\/\/pradagayoso.com\/blog\/asesoramiento-a-empresas-en-dificultades\/plena-exoneracion-deudas-personas-naturales\/"]}]},{"@type":"ImageObject","inLanguage":"en-US","@id":"https:\/\/pradagayoso.com\/blog\/asesoramiento-a-empresas-en-dificultades\/plena-exoneracion-deudas-personas-naturales\/#primaryimage","url":"https:\/\/pradagayoso.com\/wp-content\/uploads\/2021\/07\/plena-exoneracion-deudas-personas-naturales.jpg","contentUrl":"https:\/\/pradagayoso.com\/wp-content\/uploads\/2021\/07\/plena-exoneracion-deudas-personas-naturales.jpg","width":1920,"height":960},{"@type":"BreadcrumbList","@id":"https:\/\/pradagayoso.com\/blog\/asesoramiento-a-empresas-en-dificultades\/plena-exoneracion-deudas-personas-naturales\/#breadcrumb","itemListElement":[{"@type":"ListItem","position":1,"name":"Portada","item":"https:\/\/pradagayoso.com\/en\/"},{"@type":"ListItem","position":2,"name":"Blog","item":"https:\/\/pradagayoso.com\/blog\/"},{"@type":"ListItem","position":3,"name":"El derecho a la plena exoneraci\u00f3n de las deudas por parte de las personas naturales"}]},{"@type":"WebSite","@id":"https:\/\/pradagayoso.com\/#website","url":"https:\/\/pradagayoso.com\/","name":"PradaGayoso","description":"Reestructuraci\u00f3n financiera","publisher":{"@id":"https:\/\/pradagayoso.com\/#organization"},"potentialAction":[{"@type":"SearchAction","target":{"@type":"EntryPoint","urlTemplate":"https:\/\/pradagayoso.com\/?s={search_term_string}"},"query-input":{"@type":"PropertyValueSpecification","valueRequired":true,"valueName":"search_term_string"}}],"inLanguage":"en-US"},{"@type":"Organization","@id":"https:\/\/pradagayoso.com\/#organization","name":"PradaGayoso","url":"https:\/\/pradagayoso.com\/","logo":{"@type":"ImageObject","inLanguage":"en-US","@id":"https:\/\/pradagayoso.com\/#\/schema\/logo\/image\/","url":"https:\/\/pradagayoso.com\/wp-content\/uploads\/2018\/05\/logo_prada.png","contentUrl":"https:\/\/pradagayoso.com\/wp-content\/uploads\/2018\/05\/logo_prada.png","width":284,"height":63,"caption":"PradaGayoso"},"image":{"@id":"https:\/\/pradagayoso.com\/#\/schema\/logo\/image\/"},"sameAs":["https:\/\/www.facebook.com\/pradagayoso\/","https:\/\/x.com\/pradagayoso","https:\/\/www.instagram.com\/pradagayoso\/","https:\/\/www.linkedin.com\/company\/pradagayoso\/","https:\/\/www.youtube.com\/channel\/UCOZT08GCsDLY8dVR8mH0IqA"]}]}},"_links":{"self":[{"href":"https:\/\/pradagayoso.com\/en\/wp-json\/wp\/v2\/publicaciones\/2391","targetHints":{"allow":["GET"]}}],"collection":[{"href":"https:\/\/pradagayoso.com\/en\/wp-json\/wp\/v2\/publicaciones"}],"about":[{"href":"https:\/\/pradagayoso.com\/en\/wp-json\/wp\/v2\/types\/publicaciones"}],"version-history":[{"count":11,"href":"https:\/\/pradagayoso.com\/en\/wp-json\/wp\/v2\/publicaciones\/2391\/revisions"}],"predecessor-version":[{"id":2439,"href":"https:\/\/pradagayoso.com\/en\/wp-json\/wp\/v2\/publicaciones\/2391\/revisions\/2439"}],"wp:featuredmedia":[{"embeddable":true,"href":"https:\/\/pradagayoso.com\/en\/wp-json\/wp\/v2\/media\/2392"}],"wp:attachment":[{"href":"https:\/\/pradagayoso.com\/en\/wp-json\/wp\/v2\/media?parent=2391"}],"wp:term":[{"taxonomy":"pub_categoria","embeddable":true,"href":"https:\/\/pradagayoso.com\/en\/wp-json\/wp\/v2\/pub_categoria?post=2391"}],"curies":[{"name":"wp","href":"https:\/\/api.w.org\/{rel}","templated":true}]}}