{"id":2356,"date":"2021-06-30T12:51:20","date_gmt":"2021-06-30T10:51:20","guid":{"rendered":"https:\/\/pradagayoso.com\/?post_type=publicaciones&#038;p=2356"},"modified":"2021-12-02T12:08:37","modified_gmt":"2021-12-02T10:08:37","slug":"fondo-recapitalizacion-empresas-afectadas-pandemia","status":"publish","type":"publicaciones","link":"https:\/\/pradagayoso.com\/en\/blog\/asesoramiento-a-empresas-en-dificultades\/fondo-recapitalizacion-empresas-afectadas-pandemia\/","title":{"rendered":"Fondo de recapitalizaci\u00f3n de empresas afectadas por la pandemia: funcionamiento y requisitos de acceso"},"content":{"rendered":"<style type=\"text\/css\"><\/style>\n<section class=\"kc-elm kc-css-3445817 kc_row entradilla\">\n<div class=\"kc-row-container  kc-container\">\n<div class=\"kc-wrap-columns\">\n<div class=\"kc-elm kc-css-4320044 kc_col-sm-12 kc_column kc_col-sm-12\">\n<div class=\"kc-col-container\">\n<div class=\"kc-elm kc-css-3164216 kc_shortcode kc_single_image\">\n<p>        <img decoding=\"async\" src=\"https:\/\/pradagayoso.com\/wp-content\/uploads\/2021\/06\/fondo-recapitalizacion-empresas-covid.jpg\" class=\"\" alt=\"Fondo de recapitalizaci\u00f3n de empresas afectadas por la pandemia\" \/>    <\/div>\n<div class=\"kc-elm kc-css-2500233 kc_text_block\">\n<p class=\"smallTitle-desc\">Hoy, 30 de junio, se abre el plazo para presentar solicitudes al fondo de recapitalizaci\u00f3n de empresas afectadas por la COVID-19, dotado con 1.000 millones de euros y gestionado por la sociedad mercantil estatal Cofides (Compa\u00f1\u00eda Espa\u00f1ola de Financiaci\u00f3n del Desarrollo).<\/p>\n<p>Se trata de un <a href=\"https:\/\/cofides.es\/fondo-recapitalizacion-empresas-covid\" target=\"_blank\" rel=\"noopener\">fondo p\u00fablico<\/a> destinado a reflotar empresas espa\u00f1olas de tama\u00f1o mediano que presentan un modelo de negocio viable a medio y largo plazo, pero que se encuentran al borde del cierre a causa de la pandemia.<\/p>\n<h2>Requisitos<\/h2>\n<p>Los requisitos para optar a la financiaci\u00f3n son los siguientes:<\/p>\n<ol>\n<li>No tener problemas de viabilidad a 31 de diciembre de 2019.<\/li>\n<li>Haber facturado en 2019 entre 15 y 400 millones de euros.<\/li>\n<li>Haber perdido m\u00e1s de un 20% de facturaci\u00f3n en 2020.<\/li>\n<li>Haber sufrido entre 2019 y 2020 un deterioro en la estructura de capital (ratio de patrimonio neto respecto de deuda financiera neta).<\/li>\n<li>No poder conseguir financiaci\u00f3n en el mercado en condiciones asequibles.<\/li>\n<li>No tener garantizada la viabilidad con las \u201cmedidas horizontales\u201d existentes para cubrir las necesidades de liquidez del tejido empresarial.<\/li>\n<li>Contar con un modelo de negocio viable a medio y largo plazo. Ser\u00e1 necesario presentar un plan de viabilidad, describiendo el uso que se le dar\u00e1 a la financiaci\u00f3n recibida.<\/li>\n<li>Demostrar que la estructura de endeudamiento es sostenible con el apoyo del fondo.<\/li>\n<li>Presentar una previsi\u00f3n de reembolso de la financiaci\u00f3n.<\/li>\n<li>No haber solicitado de forma voluntaria la declaraci\u00f3n de concurso ni estar inmerso en un procedimiento concursal, salvo que este se encuentre en fase de convenio.<\/li>\n<\/ol>\n<h2>Funcionamiento<\/h2>\n<p>La recapitalizaci\u00f3n se llevar\u00e1 a cabo en forma de instrumentos de capital e h\u00edbridos de capital y, de manera complementaria, en forma de deuda. En todo caso, el apoyo tendr\u00e1 un car\u00e1cter temporal. Los pr\u00e9stamos participativos no tendr\u00e1n una duraci\u00f3n superior a ocho a\u00f1os, y las facilidades de cr\u00e9dito no se extender\u00e1n m\u00e1s de seis a\u00f1os desde el primer desembolso<\/p>\n<p>Las inversiones tendr\u00e1n un importe de entre 4 y 25 millones en el caso de las empresas de mayor tama\u00f1o y de entre 3 y 15 millones para las pymes (entendidas como compa\u00f1\u00edas de menos de 250 trabajadores y cuya facturaci\u00f3n anual no supere los 50 millones o cuyo balance general anual no exceda los 43 millones).<\/p>\n<p>En cuanto al coste de la financiaci\u00f3n, se estudiar\u00e1 caso por caso seg\u00fan los riesgos de la operaci\u00f3n. Con el paso del tiempo, se ir\u00e1 incrementando para incentivar la devoluci\u00f3n a medida que mejore la situaci\u00f3n financiera de la compa\u00f1\u00eda.<\/p>\n<p>Las empresas beneficiarias estar\u00e1n obligadas a mantener su actividad hasta el reembolso definitivo del apoyo recibido. Adem\u00e1s, tendr\u00e1n prohibido repartir dividendo en 2021 y 2022 y elevar el salario de los consejeros y la alta direcci\u00f3n durante dos a\u00f1os.<\/p>\n<p>En principio, Cofides podr\u00e1 prestar apoyo con cargo al fondo hasta el 31 de diciembre [*].<\/p>\n<\/div>\n<div class=\"kc-elm kc-css-2773595\" style=\"height: 20px; clear: both; width:100%;\"><\/div>\n<div class=\"kc-elm kc-css-3261426 kc_text_block\">\n<p>[*] <strong>Actualizaci\u00f3n a 22\/11\/2021<\/strong>:<\/p>\n<p>Se ha <a href=\"https:\/\/cofides.es\/noticias\/notas-de-prensa\/cofides-amplia-hasta-junio-2022-periodo-inversion-fondo-recapitalizacion\" target=\"_blank\" rel=\"noopener\">ampliado<\/a> el plazo hasta el 30 de junio de 2022.<\/p>\n<\/div>\n<\/div>\n<\/div>\n<\/div>\n<\/div>\n<\/section>\n","protected":false},"excerpt":{"rendered":"<p>Destinado a empresas de tama\u00f1o mediano y viables a largo plazo, pero que est\u00e1n al borde del cierre a causa del coronavirus.<\/p>\n","protected":false},"featured_media":2359,"template":"","pub_categoria":[40],"class_list":["post-2356","publicaciones","type-publicaciones","status-publish","has-post-thumbnail","hentry","pub_categoria-asesoramiento-a-empresas-en-dificultades"],"yoast_head":"<!-- This site is optimized with the Yoast SEO plugin v28.2 - https:\/\/yoast.com\/product\/yoast-seo-wordpress\/ -->\n<title>Fondo de recapitalizaci\u00f3n de empresas afectadas por la pandemia: funcionamiento y requisitos de acceso - PradaGayoso<\/title>\n<meta name=\"description\" content=\"El fondo de recapitalizaci\u00f3n est\u00e1 destinado a empresas medianas y viables a largo plazo, pero que est\u00e1n al borde del cierre por la pandemia.\" \/>\n<meta name=\"robots\" content=\"index, follow, max-snippet:-1, max-image-preview:large, max-video-preview:-1\" \/>\n<link rel=\"canonical\" href=\"https:\/\/pradagayoso.com\/blog\/asesoramiento-a-empresas-en-dificultades\/fondo-recapitalizacion-empresas-afectadas-pandemia\/\" \/>\n<meta property=\"og:locale\" content=\"en_US\" \/>\n<meta property=\"og:type\" content=\"article\" \/>\n<meta property=\"og:title\" content=\"Fondo de recapitalizaci\u00f3n de empresas afectadas por la pandemia: funcionamiento y requisitos de acceso - PradaGayoso\" \/>\n<meta property=\"og:description\" content=\"El fondo de recapitalizaci\u00f3n est\u00e1 destinado a empresas medianas y viables a largo plazo, pero que est\u00e1n al borde del cierre por la pandemia.\" \/>\n<meta property=\"og:url\" content=\"https:\/\/pradagayoso.com\/blog\/asesoramiento-a-empresas-en-dificultades\/fondo-recapitalizacion-empresas-afectadas-pandemia\/\" \/>\n<meta property=\"og:site_name\" content=\"PradaGayoso\" \/>\n<meta property=\"article:publisher\" content=\"https:\/\/www.facebook.com\/pradagayoso\/\" \/>\n<meta property=\"article:modified_time\" content=\"2021-12-02T10:08:37+00:00\" \/>\n<meta property=\"og:image\" content=\"https:\/\/pradagayoso.com\/wp-content\/uploads\/2021\/06\/fondo-recapitalizacion-empresas-covid.jpg\" \/>\n\t<meta property=\"og:image:width\" content=\"950\" \/>\n\t<meta property=\"og:image:height\" content=\"534\" \/>\n\t<meta property=\"og:image:type\" content=\"image\/jpeg\" \/>\n<meta name=\"twitter:card\" content=\"summary_large_image\" \/>\n<meta name=\"twitter:site\" content=\"@pradagayoso\" \/>\n<meta name=\"twitter:label1\" content=\"Est. reading time\" \/>\n\t<meta name=\"twitter:data1\" content=\"3 minutes\" \/>\n<script type=\"application\/ld+json\" class=\"yoast-schema-graph\">{\"@context\":\"https:\\\/\\\/schema.org\",\"@graph\":[{\"@type\":\"WebPage\",\"@id\":\"https:\\\/\\\/pradagayoso.com\\\/blog\\\/asesoramiento-a-empresas-en-dificultades\\\/fondo-recapitalizacion-empresas-afectadas-pandemia\\\/\",\"url\":\"https:\\\/\\\/pradagayoso.com\\\/blog\\\/asesoramiento-a-empresas-en-dificultades\\\/fondo-recapitalizacion-empresas-afectadas-pandemia\\\/\",\"name\":\"Fondo de recapitalizaci\u00f3n de empresas afectadas por la pandemia: funcionamiento y requisitos de acceso - PradaGayoso\",\"isPartOf\":{\"@id\":\"https:\\\/\\\/pradagayoso.com\\\/#website\"},\"primaryImageOfPage\":{\"@id\":\"https:\\\/\\\/pradagayoso.com\\\/blog\\\/asesoramiento-a-empresas-en-dificultades\\\/fondo-recapitalizacion-empresas-afectadas-pandemia\\\/#primaryimage\"},\"image\":{\"@id\":\"https:\\\/\\\/pradagayoso.com\\\/blog\\\/asesoramiento-a-empresas-en-dificultades\\\/fondo-recapitalizacion-empresas-afectadas-pandemia\\\/#primaryimage\"},\"thumbnailUrl\":\"https:\\\/\\\/pradagayoso.com\\\/wp-content\\\/uploads\\\/2021\\\/06\\\/fondo-recapitalizacion-empresas-covid.jpg\",\"datePublished\":\"2021-06-30T10:51:20+00:00\",\"dateModified\":\"2021-12-02T10:08:37+00:00\",\"description\":\"El fondo de recapitalizaci\u00f3n est\u00e1 destinado a empresas medianas y viables a largo plazo, pero que est\u00e1n al borde del cierre por la pandemia.\",\"breadcrumb\":{\"@id\":\"https:\\\/\\\/pradagayoso.com\\\/blog\\\/asesoramiento-a-empresas-en-dificultades\\\/fondo-recapitalizacion-empresas-afectadas-pandemia\\\/#breadcrumb\"},\"inLanguage\":\"en-US\",\"potentialAction\":[{\"@type\":\"ReadAction\",\"target\":[\"https:\\\/\\\/pradagayoso.com\\\/blog\\\/asesoramiento-a-empresas-en-dificultades\\\/fondo-recapitalizacion-empresas-afectadas-pandemia\\\/\"]}]},{\"@type\":\"ImageObject\",\"inLanguage\":\"en-US\",\"@id\":\"https:\\\/\\\/pradagayoso.com\\\/blog\\\/asesoramiento-a-empresas-en-dificultades\\\/fondo-recapitalizacion-empresas-afectadas-pandemia\\\/#primaryimage\",\"url\":\"https:\\\/\\\/pradagayoso.com\\\/wp-content\\\/uploads\\\/2021\\\/06\\\/fondo-recapitalizacion-empresas-covid.jpg\",\"contentUrl\":\"https:\\\/\\\/pradagayoso.com\\\/wp-content\\\/uploads\\\/2021\\\/06\\\/fondo-recapitalizacion-empresas-covid.jpg\",\"width\":950,\"height\":534},{\"@type\":\"BreadcrumbList\",\"@id\":\"https:\\\/\\\/pradagayoso.com\\\/blog\\\/asesoramiento-a-empresas-en-dificultades\\\/fondo-recapitalizacion-empresas-afectadas-pandemia\\\/#breadcrumb\",\"itemListElement\":[{\"@type\":\"ListItem\",\"position\":1,\"name\":\"Portada\",\"item\":\"https:\\\/\\\/pradagayoso.com\\\/en\\\/\"},{\"@type\":\"ListItem\",\"position\":2,\"name\":\"Blog\",\"item\":\"https:\\\/\\\/pradagayoso.com\\\/blog\\\/\"},{\"@type\":\"ListItem\",\"position\":3,\"name\":\"Fondo de recapitalizaci\u00f3n de empresas afectadas por la pandemia: funcionamiento y requisitos de acceso\"}]},{\"@type\":\"WebSite\",\"@id\":\"https:\\\/\\\/pradagayoso.com\\\/#website\",\"url\":\"https:\\\/\\\/pradagayoso.com\\\/\",\"name\":\"PradaGayoso\",\"description\":\"Reestructuraci\u00f3n financiera\",\"publisher\":{\"@id\":\"https:\\\/\\\/pradagayoso.com\\\/#organization\"},\"potentialAction\":[{\"@type\":\"SearchAction\",\"target\":{\"@type\":\"EntryPoint\",\"urlTemplate\":\"https:\\\/\\\/pradagayoso.com\\\/?s={search_term_string}\"},\"query-input\":{\"@type\":\"PropertyValueSpecification\",\"valueRequired\":true,\"valueName\":\"search_term_string\"}}],\"inLanguage\":\"en-US\"},{\"@type\":\"Organization\",\"@id\":\"https:\\\/\\\/pradagayoso.com\\\/#organization\",\"name\":\"PradaGayoso\",\"url\":\"https:\\\/\\\/pradagayoso.com\\\/\",\"logo\":{\"@type\":\"ImageObject\",\"inLanguage\":\"en-US\",\"@id\":\"https:\\\/\\\/pradagayoso.com\\\/#\\\/schema\\\/logo\\\/image\\\/\",\"url\":\"https:\\\/\\\/pradagayoso.com\\\/wp-content\\\/uploads\\\/2018\\\/05\\\/logo_prada.png\",\"contentUrl\":\"https:\\\/\\\/pradagayoso.com\\\/wp-content\\\/uploads\\\/2018\\\/05\\\/logo_prada.png\",\"width\":284,\"height\":63,\"caption\":\"PradaGayoso\"},\"image\":{\"@id\":\"https:\\\/\\\/pradagayoso.com\\\/#\\\/schema\\\/logo\\\/image\\\/\"},\"sameAs\":[\"https:\\\/\\\/www.facebook.com\\\/pradagayoso\\\/\",\"https:\\\/\\\/x.com\\\/pradagayoso\",\"https:\\\/\\\/www.instagram.com\\\/pradagayoso\\\/\",\"https:\\\/\\\/www.linkedin.com\\\/company\\\/pradagayoso\\\/\",\"https:\\\/\\\/www.youtube.com\\\/channel\\\/UCOZT08GCsDLY8dVR8mH0IqA\"]}]}<\/script>\n<!-- \/ Yoast SEO plugin. -->","yoast_head_json":{"title":"Fondo de recapitalizaci\u00f3n de empresas afectadas por la pandemia: funcionamiento y requisitos de acceso - PradaGayoso","description":"El fondo de recapitalizaci\u00f3n est\u00e1 destinado a empresas medianas y viables a largo plazo, pero que est\u00e1n al borde del cierre por la pandemia.","robots":{"index":"index","follow":"follow","max-snippet":"max-snippet:-1","max-image-preview":"max-image-preview:large","max-video-preview":"max-video-preview:-1"},"canonical":"https:\/\/pradagayoso.com\/blog\/asesoramiento-a-empresas-en-dificultades\/fondo-recapitalizacion-empresas-afectadas-pandemia\/","og_locale":"en_US","og_type":"article","og_title":"Fondo de recapitalizaci\u00f3n de empresas afectadas por la pandemia: funcionamiento y requisitos de acceso - PradaGayoso","og_description":"El fondo de recapitalizaci\u00f3n est\u00e1 destinado a empresas medianas y viables a largo plazo, pero que est\u00e1n al borde del cierre por la pandemia.","og_url":"https:\/\/pradagayoso.com\/blog\/asesoramiento-a-empresas-en-dificultades\/fondo-recapitalizacion-empresas-afectadas-pandemia\/","og_site_name":"PradaGayoso","article_publisher":"https:\/\/www.facebook.com\/pradagayoso\/","article_modified_time":"2021-12-02T10:08:37+00:00","og_image":[{"width":950,"height":534,"url":"https:\/\/pradagayoso.com\/wp-content\/uploads\/2021\/06\/fondo-recapitalizacion-empresas-covid.jpg","type":"image\/jpeg"}],"twitter_card":"summary_large_image","twitter_site":"@pradagayoso","twitter_misc":{"Est. reading time":"3 minutes"},"schema":{"@context":"https:\/\/schema.org","@graph":[{"@type":"WebPage","@id":"https:\/\/pradagayoso.com\/blog\/asesoramiento-a-empresas-en-dificultades\/fondo-recapitalizacion-empresas-afectadas-pandemia\/","url":"https:\/\/pradagayoso.com\/blog\/asesoramiento-a-empresas-en-dificultades\/fondo-recapitalizacion-empresas-afectadas-pandemia\/","name":"Fondo de recapitalizaci\u00f3n de empresas afectadas por la pandemia: funcionamiento y requisitos de acceso - PradaGayoso","isPartOf":{"@id":"https:\/\/pradagayoso.com\/#website"},"primaryImageOfPage":{"@id":"https:\/\/pradagayoso.com\/blog\/asesoramiento-a-empresas-en-dificultades\/fondo-recapitalizacion-empresas-afectadas-pandemia\/#primaryimage"},"image":{"@id":"https:\/\/pradagayoso.com\/blog\/asesoramiento-a-empresas-en-dificultades\/fondo-recapitalizacion-empresas-afectadas-pandemia\/#primaryimage"},"thumbnailUrl":"https:\/\/pradagayoso.com\/wp-content\/uploads\/2021\/06\/fondo-recapitalizacion-empresas-covid.jpg","datePublished":"2021-06-30T10:51:20+00:00","dateModified":"2021-12-02T10:08:37+00:00","description":"El fondo de recapitalizaci\u00f3n est\u00e1 destinado a empresas medianas y viables a largo plazo, pero que est\u00e1n al borde del cierre por la pandemia.","breadcrumb":{"@id":"https:\/\/pradagayoso.com\/blog\/asesoramiento-a-empresas-en-dificultades\/fondo-recapitalizacion-empresas-afectadas-pandemia\/#breadcrumb"},"inLanguage":"en-US","potentialAction":[{"@type":"ReadAction","target":["https:\/\/pradagayoso.com\/blog\/asesoramiento-a-empresas-en-dificultades\/fondo-recapitalizacion-empresas-afectadas-pandemia\/"]}]},{"@type":"ImageObject","inLanguage":"en-US","@id":"https:\/\/pradagayoso.com\/blog\/asesoramiento-a-empresas-en-dificultades\/fondo-recapitalizacion-empresas-afectadas-pandemia\/#primaryimage","url":"https:\/\/pradagayoso.com\/wp-content\/uploads\/2021\/06\/fondo-recapitalizacion-empresas-covid.jpg","contentUrl":"https:\/\/pradagayoso.com\/wp-content\/uploads\/2021\/06\/fondo-recapitalizacion-empresas-covid.jpg","width":950,"height":534},{"@type":"BreadcrumbList","@id":"https:\/\/pradagayoso.com\/blog\/asesoramiento-a-empresas-en-dificultades\/fondo-recapitalizacion-empresas-afectadas-pandemia\/#breadcrumb","itemListElement":[{"@type":"ListItem","position":1,"name":"Portada","item":"https:\/\/pradagayoso.com\/en\/"},{"@type":"ListItem","position":2,"name":"Blog","item":"https:\/\/pradagayoso.com\/blog\/"},{"@type":"ListItem","position":3,"name":"Fondo de recapitalizaci\u00f3n de empresas afectadas por la pandemia: funcionamiento y requisitos de acceso"}]},{"@type":"WebSite","@id":"https:\/\/pradagayoso.com\/#website","url":"https:\/\/pradagayoso.com\/","name":"PradaGayoso","description":"Reestructuraci\u00f3n financiera","publisher":{"@id":"https:\/\/pradagayoso.com\/#organization"},"potentialAction":[{"@type":"SearchAction","target":{"@type":"EntryPoint","urlTemplate":"https:\/\/pradagayoso.com\/?s={search_term_string}"},"query-input":{"@type":"PropertyValueSpecification","valueRequired":true,"valueName":"search_term_string"}}],"inLanguage":"en-US"},{"@type":"Organization","@id":"https:\/\/pradagayoso.com\/#organization","name":"PradaGayoso","url":"https:\/\/pradagayoso.com\/","logo":{"@type":"ImageObject","inLanguage":"en-US","@id":"https:\/\/pradagayoso.com\/#\/schema\/logo\/image\/","url":"https:\/\/pradagayoso.com\/wp-content\/uploads\/2018\/05\/logo_prada.png","contentUrl":"https:\/\/pradagayoso.com\/wp-content\/uploads\/2018\/05\/logo_prada.png","width":284,"height":63,"caption":"PradaGayoso"},"image":{"@id":"https:\/\/pradagayoso.com\/#\/schema\/logo\/image\/"},"sameAs":["https:\/\/www.facebook.com\/pradagayoso\/","https:\/\/x.com\/pradagayoso","https:\/\/www.instagram.com\/pradagayoso\/","https:\/\/www.linkedin.com\/company\/pradagayoso\/","https:\/\/www.youtube.com\/channel\/UCOZT08GCsDLY8dVR8mH0IqA"]}]}},"_links":{"self":[{"href":"https:\/\/pradagayoso.com\/en\/wp-json\/wp\/v2\/publicaciones\/2356","targetHints":{"allow":["GET"]}}],"collection":[{"href":"https:\/\/pradagayoso.com\/en\/wp-json\/wp\/v2\/publicaciones"}],"about":[{"href":"https:\/\/pradagayoso.com\/en\/wp-json\/wp\/v2\/types\/publicaciones"}],"version-history":[{"count":20,"href":"https:\/\/pradagayoso.com\/en\/wp-json\/wp\/v2\/publicaciones\/2356\/revisions"}],"predecessor-version":[{"id":3026,"href":"https:\/\/pradagayoso.com\/en\/wp-json\/wp\/v2\/publicaciones\/2356\/revisions\/3026"}],"wp:featuredmedia":[{"embeddable":true,"href":"https:\/\/pradagayoso.com\/en\/wp-json\/wp\/v2\/media\/2359"}],"wp:attachment":[{"href":"https:\/\/pradagayoso.com\/en\/wp-json\/wp\/v2\/media?parent=2356"}],"wp:term":[{"taxonomy":"pub_categoria","embeddable":true,"href":"https:\/\/pradagayoso.com\/en\/wp-json\/wp\/v2\/pub_categoria?post=2356"}],"curies":[{"name":"wp","href":"https:\/\/api.w.org\/{rel}","templated":true}]}}