{"id":2336,"date":"2021-06-28T12:27:28","date_gmt":"2021-06-28T10:27:28","guid":{"rendered":"https:\/\/pradagayoso.com\/?post_type=publicaciones&#038;p=2336"},"modified":"2022-03-30T13:19:34","modified_gmt":"2022-03-30T11:19:34","slug":"renegociacion-prestamos-aval-publico","status":"publish","type":"publicaciones","link":"https:\/\/pradagayoso.com\/en\/blog\/asesoramiento-a-empresas-en-dificultades\/renegociacion-prestamos-aval-publico\/","title":{"rendered":"Renegociaci\u00f3n de los pr\u00e9stamos con aval p\u00fablico: requisitos y tr\u00e1mites"},"content":{"rendered":"<style type=\"text\/css\"><\/style>\n<section class=\"kc-elm kc-css-1135899 kc_row entradilla\">\n<div class=\"kc-row-container  kc-container\">\n<div class=\"kc-wrap-columns\">\n<div class=\"kc-elm kc-css-4097684 kc_col-sm-12 kc_column kc_col-sm-12\">\n<div class=\"kc-col-container\">\n<div class=\"kc-elm kc-css-1642265 kc_shortcode kc_single_image\">\n<p>        <img decoding=\"async\" src=\"https:\/\/pradagayoso.com\/wp-content\/uploads\/2021\/06\/prestamos-aval-publico.jpg\" class=\"\" alt=\"\" \/>    <\/div>\n<div class=\"kc-elm kc-css-199878 kc_text_block\">\n<p>El Gobierno <a href=\"https:\/\/www.boe.es\/buscar\/act.php?id=BOE-A-2021-3946\" target=\"_blank\" rel=\"noopener\">anunci\u00f3 en marzo<\/a> la creaci\u00f3n de tres fondos destinados a apoyar la solvencia de las empresas espa\u00f1olas:<\/p>\n<ol>\n<li>una l\u00ednea de 7.000 millones de euros para la concesi\u00f3n de ayudas directas de car\u00e1cter finalista,<\/li>\n<li>una l\u00ednea de 3.000 millones para la reestructuraci\u00f3n de los pr\u00e9stamos con aval p\u00fablico y<\/li>\n<li>un fondo p\u00fablico de 1.000 millones para empresas de tama\u00f1o mediano que necesitaran un refuerzo adicional de su capital.<\/li>\n<\/ol>\n<p>La l\u00ednea de 3.000 millones para la reestructuraci\u00f3n de los pr\u00e9stamos con aval p\u00fablico \u2014fundamentalmente avales del ICO (Instituto de Cr\u00e9dito Oficial), pero tambi\u00e9n de Cersa (Compa\u00f1\u00eda Espa\u00f1ola de Reafianzamiento) y de Cesce (Compa\u00f1\u00eda Espa\u00f1ola de Seguros de Cr\u00e9dito a la Exportaci\u00f3n)\u2014 requer\u00eda el establecimiento de unas pautas de colaboraci\u00f3n entre los organismos p\u00fablicos y los bancos. De ah\u00ed que el Gobierno aprobara en mayo un <a href=\"https:\/\/www.boe.es\/diario_boe\/txt.php?id=BOE-A-2021-7908\" target=\"_blank\" rel=\"noopener\">c\u00f3digo de buenas pr\u00e1cticas<\/a> para el marco de renegociaci\u00f3n para clientes con financiaci\u00f3n avalada, al que se han <a href=\"https:\/\/www.tesoro.es\/adhesion-al-codigo-de-buenas-practicas-para-el-marco-de-renegociacion-para-clientes-con-financiacion\" target=\"_blank\" rel=\"noopener\">adherido<\/a> un centenar de entidades financieras, que han canalizado en total el 98% de los avales p\u00fablicos.<\/p>\n<p>El c\u00f3digo de buenas pr\u00e1cticas contempla tres mecanismos para la reestructuraci\u00f3n de los pr\u00e9stamos avalados que se hayan concedido entre el 17 de marzo de 2020 y el 13 de marzo de 2021:<\/p>\n<ul>\n<li>la ampliaci\u00f3n de los plazos de amortizaci\u00f3n,<\/li>\n<li>el mantenimiento del aval en los casos de conversi\u00f3n en pr\u00e9stamos participativos y<\/li>\n<li>la aplicaci\u00f3n de quitas.<\/li>\n<\/ul>\n<h2>Requisitos<\/h2>\n<p>Se extiende el periodo para la <strong>amortizaci\u00f3n de los pr\u00e9stamos<\/strong> hasta un m\u00e1ximo de diez a\u00f1os. La ampliaci\u00f3n de los plazos ser\u00e1 de obligada aplicaci\u00f3n en el caso de las empresas que, entre otros requisitos, perdieran al menos un 30% de su facturaci\u00f3n en 2020. El resto de las empresas [**] podr\u00e1 beneficiarse tambi\u00e9n previo acuerdo con su entidad financiera. Asimismo, se admite la posibilidad de ampliar los plazos de carencia.<\/p>\n<p>El banco y la compa\u00f1\u00eda deudora tambi\u00e9n podr\u00e1n acordar convertir el pr\u00e9stamo avalado en un <strong>pr\u00e9stamo participativo<\/strong>, y ello sin perder la cobertura del aval p\u00fablico. La ventaja que comporta la f\u00f3rmula del pr\u00e9stamo participativo es que, desde el punto de vista contable, computa como patrimonio neto. Para acogerse a esta medida, la empresa debe haber registrado en 2020 una ca\u00edda de su facturaci\u00f3n no inferior al 30% y, adem\u00e1s, un resultado despu\u00e9s de impuestos negativo.<\/p>\n<p>En \u00faltima instancia, se prev\u00e9 que las entidades financieras puedan aceptar una <strong>quita<\/strong> en un acuerdo de renegociaci\u00f3n del total de la deuda \u2014tanto la avalada como la no avalada\u2014 que la empresa mantenga con el banco. Las entidades financieras no perder\u00e1n el aval p\u00fablico, de manera que asumir\u00e1n \u00fanicamente la parte no cubierta por el Estado. Para solicitar una reducci\u00f3n de la deuda, la empresa debe haber facturado al menos un 30% menos en 2020 y haber tenido un resultado negativo despu\u00e9s de impuestos. Con car\u00e1cter general, la quita no exceder\u00e1 el 50% del importe avalado, aunque podr\u00eda llegar al 75% si la facturaci\u00f3n en 2020 descendi\u00f3 m\u00e1s de un 70%.<\/p>\n<h2>Tr\u00e1mites y plazos<\/h2>\n<p>Las empresas podr\u00e1n solicitar [*] hasta el 15 de octubre la ampliaci\u00f3n de los plazos de amortizaci\u00f3n de los pr\u00e9stamos, as\u00ed como la conversi\u00f3n en pr\u00e9stamos participativos. No se especifica en el c\u00f3digo de buenas pr\u00e1cticas la fecha l\u00edmite para la solicitud de las quitas, pero lo recomendable es presentarla lo antes posible teniendo en cuenta la limitaci\u00f3n de los fondos disponibles al efecto (los 3.000 millones de euros).<\/p>\n<p>La solicitud deber\u00e1 efectuarse ante el banco con el que la empresa tenga una mayor posici\u00f3n global de deuda avalada. Ser\u00e1 necesario presentar una declaraci\u00f3n responsable que contenga la lista de todas las operaciones con aval p\u00fablico que haya suscrito la compa\u00f1\u00eda con otras entidades financieras.<\/p>\n<p>El banco estudiar\u00e1 la situaci\u00f3n financiera de la empresa conforme a sus procedimientos internos y a sus pol\u00edticas de concesi\u00f3n y de riesgos y, as\u00ed, determinar\u00e1 cu\u00e1l de las tres opciones previstas en el c\u00f3digo de buenas pr\u00e1cticas es la m\u00e1s adecuada en cada caso.<\/p>\n<p>En el supuesto de que una empresa haya recibido financiaci\u00f3n avalada de varias entidades, el banco con mayor posici\u00f3n se coordinar\u00e1 con los dem\u00e1s para tomar una decisi\u00f3n conjunta respecto a esa compa\u00f1\u00eda.<\/p>\n<\/div>\n<div class=\"kc-elm kc-css-2866061\" style=\"height: 20px; clear: both; width:100%;\"><\/div>\n<div class=\"kc-elm kc-css-2044097 kc_text_block\">\n<p>[*] <strong>Actualizaci\u00f3n a 1\/12\/2021<\/strong>:<\/p>\n<p>El Consejo de Ministros ha <a href=\"https:\/\/www.boe.es\/diario_boe\/txt.php?id=BOE-A-2021-19802\" rel=\"noopener\" target=\"_blank\">acordado<\/a> modificar el c\u00f3digo de buenas pr\u00e1cticas para ampliar el plazo de solicitud de los tres mecanismos previstos.<\/p>\n<p>Las empresas interesadas en la ampliaci\u00f3n de los plazos de amortizaci\u00f3n dispondr\u00e1n hasta el 1 de junio de 2022 para presentar la petici\u00f3n, al igual que aquellas compa\u00f1\u00edas que deseen la conversi\u00f3n del pr\u00e9stamo en uno participativo.<\/p>\n<p>En cuanto a las quitas, se extiende hasta el 1 de junio de 2023 el plazo para solicitar una reducci\u00f3n de deuda.<\/p>\n<\/div>\n<div class=\"kc-elm kc-css-2111530\" style=\"height: 20px; clear: both; width:100%;\"><\/div>\n<div class=\"kc-elm kc-css-2849991 kc_text_block\">\n<p>[**] <strong>Actualizaci\u00f3n a 30\/03\/2022<\/strong>:<\/p>\n<p>El Consejo de Ministros ha <a href=\"https:\/\/www.boe.es\/diario_boe\/txt.php?id=BOE-A-2022-4977\" target=\"_blank\" rel=\"noopener\">acordado<\/a> modificar el c\u00f3digo de buenas pr\u00e1cticas para facilitar la devoluci\u00f3n de los pr\u00e9stamos.<\/p>\n<p>En ese sentido, se suprime el requisito de que las empresas hayan registrado una ca\u00edda de la facturaci\u00f3n de al menos un 30% en 2020 para acceder a la ampliaci\u00f3n de los plazos de amortizaci\u00f3n.<\/p>\n<p>Adem\u00e1s, se reconoce a los aut\u00f3nomos y las peque\u00f1as y medianas empresas de los sectores agr\u00edcola, ganadero, pesquero y de transporte por carretera el derecho a una suspensi\u00f3n de seis meses de las cuotas de amortizaci\u00f3n del principal del pr\u00e9stamo.<\/p>\n<\/div>\n<\/div>\n<\/div>\n<\/div>\n<\/div>\n<\/section>\n","protected":false},"excerpt":{"rendered":"<p>Se prev\u00e9n tres mecanismos: la ampliaci\u00f3n de los plazos de amortizaci\u00f3n, la conversi\u00f3n en pr\u00e9stamos participativos y las quitas.<\/p>\n","protected":false},"featured_media":2344,"template":"","pub_categoria":[40],"class_list":["post-2336","publicaciones","type-publicaciones","status-publish","has-post-thumbnail","hentry","pub_categoria-asesoramiento-a-empresas-en-dificultades"],"yoast_head":"<!-- This site is optimized with the Yoast SEO plugin v28.2 - https:\/\/yoast.com\/product\/yoast-seo-wordpress\/ -->\n<title>Renegociaci\u00f3n de los pr\u00e9stamos con aval p\u00fablico: requisitos y tr\u00e1mites - PradaGayoso<\/title>\n<meta name=\"description\" content=\"Tres mecanismos para la renegociaci\u00f3n de los pr\u00e9stamos con aval p\u00fablico: aplazamiento de la amortizaci\u00f3n, pr\u00e9stamos participativos y quitas\" \/>\n<meta name=\"robots\" content=\"index, follow, max-snippet:-1, max-image-preview:large, max-video-preview:-1\" \/>\n<link rel=\"canonical\" href=\"https:\/\/pradagayoso.com\/blog\/asesoramiento-a-empresas-en-dificultades\/renegociacion-prestamos-aval-publico\/\" \/>\n<meta property=\"og:locale\" content=\"en_US\" \/>\n<meta property=\"og:type\" content=\"article\" \/>\n<meta property=\"og:title\" content=\"Renegociaci\u00f3n de los pr\u00e9stamos con aval p\u00fablico: requisitos y tr\u00e1mites - PradaGayoso\" \/>\n<meta property=\"og:description\" content=\"Tres mecanismos para la renegociaci\u00f3n de los pr\u00e9stamos con aval p\u00fablico: aplazamiento de la amortizaci\u00f3n, pr\u00e9stamos participativos y quitas\" \/>\n<meta property=\"og:url\" content=\"https:\/\/pradagayoso.com\/blog\/asesoramiento-a-empresas-en-dificultades\/renegociacion-prestamos-aval-publico\/\" \/>\n<meta property=\"og:site_name\" content=\"PradaGayoso\" \/>\n<meta property=\"article:publisher\" content=\"https:\/\/www.facebook.com\/pradagayoso\/\" \/>\n<meta property=\"article:modified_time\" content=\"2022-03-30T11:19:34+00:00\" \/>\n<meta property=\"og:image\" content=\"https:\/\/pradagayoso.com\/wp-content\/uploads\/2021\/06\/prestamos-aval-publico.jpg\" \/>\n\t<meta property=\"og:image:width\" content=\"950\" \/>\n\t<meta property=\"og:image:height\" content=\"712\" \/>\n\t<meta property=\"og:image:type\" content=\"image\/jpeg\" \/>\n<meta name=\"twitter:card\" content=\"summary_large_image\" \/>\n<meta name=\"twitter:site\" content=\"@pradagayoso\" \/>\n<meta name=\"twitter:label1\" content=\"Est. reading time\" \/>\n\t<meta name=\"twitter:data1\" content=\"4 minutes\" \/>\n<script type=\"application\/ld+json\" class=\"yoast-schema-graph\">{\"@context\":\"https:\\\/\\\/schema.org\",\"@graph\":[{\"@type\":\"WebPage\",\"@id\":\"https:\\\/\\\/pradagayoso.com\\\/blog\\\/asesoramiento-a-empresas-en-dificultades\\\/renegociacion-prestamos-aval-publico\\\/\",\"url\":\"https:\\\/\\\/pradagayoso.com\\\/blog\\\/asesoramiento-a-empresas-en-dificultades\\\/renegociacion-prestamos-aval-publico\\\/\",\"name\":\"Renegociaci\u00f3n de los pr\u00e9stamos con aval p\u00fablico: requisitos y tr\u00e1mites - PradaGayoso\",\"isPartOf\":{\"@id\":\"https:\\\/\\\/pradagayoso.com\\\/#website\"},\"primaryImageOfPage\":{\"@id\":\"https:\\\/\\\/pradagayoso.com\\\/blog\\\/asesoramiento-a-empresas-en-dificultades\\\/renegociacion-prestamos-aval-publico\\\/#primaryimage\"},\"image\":{\"@id\":\"https:\\\/\\\/pradagayoso.com\\\/blog\\\/asesoramiento-a-empresas-en-dificultades\\\/renegociacion-prestamos-aval-publico\\\/#primaryimage\"},\"thumbnailUrl\":\"https:\\\/\\\/pradagayoso.com\\\/wp-content\\\/uploads\\\/2021\\\/06\\\/prestamos-aval-publico.jpg\",\"datePublished\":\"2021-06-28T10:27:28+00:00\",\"dateModified\":\"2022-03-30T11:19:34+00:00\",\"description\":\"Tres mecanismos para la renegociaci\u00f3n de los pr\u00e9stamos con aval p\u00fablico: aplazamiento de la amortizaci\u00f3n, pr\u00e9stamos participativos y quitas\",\"breadcrumb\":{\"@id\":\"https:\\\/\\\/pradagayoso.com\\\/blog\\\/asesoramiento-a-empresas-en-dificultades\\\/renegociacion-prestamos-aval-publico\\\/#breadcrumb\"},\"inLanguage\":\"en-US\",\"potentialAction\":[{\"@type\":\"ReadAction\",\"target\":[\"https:\\\/\\\/pradagayoso.com\\\/blog\\\/asesoramiento-a-empresas-en-dificultades\\\/renegociacion-prestamos-aval-publico\\\/\"]}]},{\"@type\":\"ImageObject\",\"inLanguage\":\"en-US\",\"@id\":\"https:\\\/\\\/pradagayoso.com\\\/blog\\\/asesoramiento-a-empresas-en-dificultades\\\/renegociacion-prestamos-aval-publico\\\/#primaryimage\",\"url\":\"https:\\\/\\\/pradagayoso.com\\\/wp-content\\\/uploads\\\/2021\\\/06\\\/prestamos-aval-publico.jpg\",\"contentUrl\":\"https:\\\/\\\/pradagayoso.com\\\/wp-content\\\/uploads\\\/2021\\\/06\\\/prestamos-aval-publico.jpg\",\"width\":950,\"height\":712},{\"@type\":\"BreadcrumbList\",\"@id\":\"https:\\\/\\\/pradagayoso.com\\\/blog\\\/asesoramiento-a-empresas-en-dificultades\\\/renegociacion-prestamos-aval-publico\\\/#breadcrumb\",\"itemListElement\":[{\"@type\":\"ListItem\",\"position\":1,\"name\":\"Portada\",\"item\":\"https:\\\/\\\/pradagayoso.com\\\/en\\\/\"},{\"@type\":\"ListItem\",\"position\":2,\"name\":\"Blog\",\"item\":\"https:\\\/\\\/pradagayoso.com\\\/blog\\\/\"},{\"@type\":\"ListItem\",\"position\":3,\"name\":\"Renegociaci\u00f3n de los pr\u00e9stamos con aval p\u00fablico: requisitos y tr\u00e1mites\"}]},{\"@type\":\"WebSite\",\"@id\":\"https:\\\/\\\/pradagayoso.com\\\/#website\",\"url\":\"https:\\\/\\\/pradagayoso.com\\\/\",\"name\":\"PradaGayoso\",\"description\":\"Reestructuraci\u00f3n financiera\",\"publisher\":{\"@id\":\"https:\\\/\\\/pradagayoso.com\\\/#organization\"},\"potentialAction\":[{\"@type\":\"SearchAction\",\"target\":{\"@type\":\"EntryPoint\",\"urlTemplate\":\"https:\\\/\\\/pradagayoso.com\\\/?s={search_term_string}\"},\"query-input\":{\"@type\":\"PropertyValueSpecification\",\"valueRequired\":true,\"valueName\":\"search_term_string\"}}],\"inLanguage\":\"en-US\"},{\"@type\":\"Organization\",\"@id\":\"https:\\\/\\\/pradagayoso.com\\\/#organization\",\"name\":\"PradaGayoso\",\"url\":\"https:\\\/\\\/pradagayoso.com\\\/\",\"logo\":{\"@type\":\"ImageObject\",\"inLanguage\":\"en-US\",\"@id\":\"https:\\\/\\\/pradagayoso.com\\\/#\\\/schema\\\/logo\\\/image\\\/\",\"url\":\"https:\\\/\\\/pradagayoso.com\\\/wp-content\\\/uploads\\\/2018\\\/05\\\/logo_prada.png\",\"contentUrl\":\"https:\\\/\\\/pradagayoso.com\\\/wp-content\\\/uploads\\\/2018\\\/05\\\/logo_prada.png\",\"width\":284,\"height\":63,\"caption\":\"PradaGayoso\"},\"image\":{\"@id\":\"https:\\\/\\\/pradagayoso.com\\\/#\\\/schema\\\/logo\\\/image\\\/\"},\"sameAs\":[\"https:\\\/\\\/www.facebook.com\\\/pradagayoso\\\/\",\"https:\\\/\\\/x.com\\\/pradagayoso\",\"https:\\\/\\\/www.instagram.com\\\/pradagayoso\\\/\",\"https:\\\/\\\/www.linkedin.com\\\/company\\\/pradagayoso\\\/\",\"https:\\\/\\\/www.youtube.com\\\/channel\\\/UCOZT08GCsDLY8dVR8mH0IqA\"]}]}<\/script>\n<!-- \/ Yoast SEO plugin. -->","yoast_head_json":{"title":"Renegociaci\u00f3n de los pr\u00e9stamos con aval p\u00fablico: requisitos y tr\u00e1mites - PradaGayoso","description":"Tres mecanismos para la renegociaci\u00f3n de los pr\u00e9stamos con aval p\u00fablico: aplazamiento de la amortizaci\u00f3n, pr\u00e9stamos participativos y quitas","robots":{"index":"index","follow":"follow","max-snippet":"max-snippet:-1","max-image-preview":"max-image-preview:large","max-video-preview":"max-video-preview:-1"},"canonical":"https:\/\/pradagayoso.com\/blog\/asesoramiento-a-empresas-en-dificultades\/renegociacion-prestamos-aval-publico\/","og_locale":"en_US","og_type":"article","og_title":"Renegociaci\u00f3n de los pr\u00e9stamos con aval p\u00fablico: requisitos y tr\u00e1mites - PradaGayoso","og_description":"Tres mecanismos para la renegociaci\u00f3n de los pr\u00e9stamos con aval p\u00fablico: aplazamiento de la amortizaci\u00f3n, pr\u00e9stamos participativos y quitas","og_url":"https:\/\/pradagayoso.com\/blog\/asesoramiento-a-empresas-en-dificultades\/renegociacion-prestamos-aval-publico\/","og_site_name":"PradaGayoso","article_publisher":"https:\/\/www.facebook.com\/pradagayoso\/","article_modified_time":"2022-03-30T11:19:34+00:00","og_image":[{"width":950,"height":712,"url":"https:\/\/pradagayoso.com\/wp-content\/uploads\/2021\/06\/prestamos-aval-publico.jpg","type":"image\/jpeg"}],"twitter_card":"summary_large_image","twitter_site":"@pradagayoso","twitter_misc":{"Est. reading time":"4 minutes"},"schema":{"@context":"https:\/\/schema.org","@graph":[{"@type":"WebPage","@id":"https:\/\/pradagayoso.com\/blog\/asesoramiento-a-empresas-en-dificultades\/renegociacion-prestamos-aval-publico\/","url":"https:\/\/pradagayoso.com\/blog\/asesoramiento-a-empresas-en-dificultades\/renegociacion-prestamos-aval-publico\/","name":"Renegociaci\u00f3n de los pr\u00e9stamos con aval p\u00fablico: requisitos y tr\u00e1mites - PradaGayoso","isPartOf":{"@id":"https:\/\/pradagayoso.com\/#website"},"primaryImageOfPage":{"@id":"https:\/\/pradagayoso.com\/blog\/asesoramiento-a-empresas-en-dificultades\/renegociacion-prestamos-aval-publico\/#primaryimage"},"image":{"@id":"https:\/\/pradagayoso.com\/blog\/asesoramiento-a-empresas-en-dificultades\/renegociacion-prestamos-aval-publico\/#primaryimage"},"thumbnailUrl":"https:\/\/pradagayoso.com\/wp-content\/uploads\/2021\/06\/prestamos-aval-publico.jpg","datePublished":"2021-06-28T10:27:28+00:00","dateModified":"2022-03-30T11:19:34+00:00","description":"Tres mecanismos para la renegociaci\u00f3n de los pr\u00e9stamos con aval p\u00fablico: aplazamiento de la amortizaci\u00f3n, pr\u00e9stamos participativos y quitas","breadcrumb":{"@id":"https:\/\/pradagayoso.com\/blog\/asesoramiento-a-empresas-en-dificultades\/renegociacion-prestamos-aval-publico\/#breadcrumb"},"inLanguage":"en-US","potentialAction":[{"@type":"ReadAction","target":["https:\/\/pradagayoso.com\/blog\/asesoramiento-a-empresas-en-dificultades\/renegociacion-prestamos-aval-publico\/"]}]},{"@type":"ImageObject","inLanguage":"en-US","@id":"https:\/\/pradagayoso.com\/blog\/asesoramiento-a-empresas-en-dificultades\/renegociacion-prestamos-aval-publico\/#primaryimage","url":"https:\/\/pradagayoso.com\/wp-content\/uploads\/2021\/06\/prestamos-aval-publico.jpg","contentUrl":"https:\/\/pradagayoso.com\/wp-content\/uploads\/2021\/06\/prestamos-aval-publico.jpg","width":950,"height":712},{"@type":"BreadcrumbList","@id":"https:\/\/pradagayoso.com\/blog\/asesoramiento-a-empresas-en-dificultades\/renegociacion-prestamos-aval-publico\/#breadcrumb","itemListElement":[{"@type":"ListItem","position":1,"name":"Portada","item":"https:\/\/pradagayoso.com\/en\/"},{"@type":"ListItem","position":2,"name":"Blog","item":"https:\/\/pradagayoso.com\/blog\/"},{"@type":"ListItem","position":3,"name":"Renegociaci\u00f3n de los pr\u00e9stamos con aval p\u00fablico: requisitos y tr\u00e1mites"}]},{"@type":"WebSite","@id":"https:\/\/pradagayoso.com\/#website","url":"https:\/\/pradagayoso.com\/","name":"PradaGayoso","description":"Reestructuraci\u00f3n financiera","publisher":{"@id":"https:\/\/pradagayoso.com\/#organization"},"potentialAction":[{"@type":"SearchAction","target":{"@type":"EntryPoint","urlTemplate":"https:\/\/pradagayoso.com\/?s={search_term_string}"},"query-input":{"@type":"PropertyValueSpecification","valueRequired":true,"valueName":"search_term_string"}}],"inLanguage":"en-US"},{"@type":"Organization","@id":"https:\/\/pradagayoso.com\/#organization","name":"PradaGayoso","url":"https:\/\/pradagayoso.com\/","logo":{"@type":"ImageObject","inLanguage":"en-US","@id":"https:\/\/pradagayoso.com\/#\/schema\/logo\/image\/","url":"https:\/\/pradagayoso.com\/wp-content\/uploads\/2018\/05\/logo_prada.png","contentUrl":"https:\/\/pradagayoso.com\/wp-content\/uploads\/2018\/05\/logo_prada.png","width":284,"height":63,"caption":"PradaGayoso"},"image":{"@id":"https:\/\/pradagayoso.com\/#\/schema\/logo\/image\/"},"sameAs":["https:\/\/www.facebook.com\/pradagayoso\/","https:\/\/x.com\/pradagayoso","https:\/\/www.instagram.com\/pradagayoso\/","https:\/\/www.linkedin.com\/company\/pradagayoso\/","https:\/\/www.youtube.com\/channel\/UCOZT08GCsDLY8dVR8mH0IqA"]}]}},"_links":{"self":[{"href":"https:\/\/pradagayoso.com\/en\/wp-json\/wp\/v2\/publicaciones\/2336","targetHints":{"allow":["GET"]}}],"collection":[{"href":"https:\/\/pradagayoso.com\/en\/wp-json\/wp\/v2\/publicaciones"}],"about":[{"href":"https:\/\/pradagayoso.com\/en\/wp-json\/wp\/v2\/types\/publicaciones"}],"version-history":[{"count":22,"href":"https:\/\/pradagayoso.com\/en\/wp-json\/wp\/v2\/publicaciones\/2336\/revisions"}],"predecessor-version":[{"id":3411,"href":"https:\/\/pradagayoso.com\/en\/wp-json\/wp\/v2\/publicaciones\/2336\/revisions\/3411"}],"wp:featuredmedia":[{"embeddable":true,"href":"https:\/\/pradagayoso.com\/en\/wp-json\/wp\/v2\/media\/2344"}],"wp:attachment":[{"href":"https:\/\/pradagayoso.com\/en\/wp-json\/wp\/v2\/media?parent=2336"}],"wp:term":[{"taxonomy":"pub_categoria","embeddable":true,"href":"https:\/\/pradagayoso.com\/en\/wp-json\/wp\/v2\/pub_categoria?post=2336"}],"curies":[{"name":"wp","href":"https:\/\/api.w.org\/{rel}","templated":true}]}}