{"id":1387,"date":"2019-03-28T13:48:10","date_gmt":"2019-03-28T11:48:10","guid":{"rendered":"http:\/\/pradagayoso.com\/?post_type=publicaciones&#038;p=1387"},"modified":"2021-07-21T17:50:08","modified_gmt":"2021-07-21T15:50:08","slug":"endurecimiento-penal-para-el-abuso-de-mercado","status":"publish","type":"publicaciones","link":"https:\/\/pradagayoso.com\/en\/blog\/delitos-economicos\/endurecimiento-penal-para-el-abuso-de-mercado\/","title":{"rendered":"Endurecimiento penal para el abuso de mercado"},"content":{"rendered":"<style type=\"text\/css\">body.kc-css-system .kc-css-252183 ,body.kc-css-system .kc-css-252183 p{text-align: justify;}<\/style>\n<section class=\"kc-elm kc-css-1702703 kc_row\">\n<div class=\"kc-row-container  kc-container\">\n<div class=\"kc-wrap-columns\">\n<div class=\"kc-elm kc-css-1692037 kc_column kc_col-sm-12\">\n<div class=\"kc-col-container\">\n<div class=\"kc-elm kc-css-252183 kc_text_block\">\n<p>El Bolet\u00edn Oficial del Estado de 21 de febrero ha publicado la <a href=\"https:\/\/www.boe.es\/diario_boe\/txt.php?id=BOE-A-2019-2363\" target=\"_blank\" rel=\"noopener\">Ley Org\u00e1nica 1\/2019, de 20 de febrero, por la que se modifica el C\u00f3digo Penal para trasponer directivas de la Uni\u00f3n Europea<\/a>, entre ellas, la 2014\/57\/UE, del Parlamento Europeo y del Consejo, de 16 de abril de 2014, sobre las sanciones penales aplicables al abuso de mercado.<\/p>\n<p>En el a\u00f1o 2016 la Comisi\u00f3n Europea inici\u00f3 el procedimiento formal de infracci\u00f3n 2016\/627, lo que ha motivado, dado que el mismo ya se encontraba en un estado avanzado, la adaptaci\u00f3n inmediata de la referida directiva a nuestro ordenamiento. Su trasposici\u00f3n supone la modificaci\u00f3n de los art\u00edculos 284 y 285, a\u00f1adi\u00e9ndose el 285 bis, el 285 ter y el 285 quater.<\/p>\n<p>En el pre\u00e1mbulo de la ley org\u00e1nica se pone de manifiesto que, con anterioridad a la aprobaci\u00f3n de Directiva 2014\/57\/UE, <strong>el C\u00f3digo Penal ya sancionaba conductas de actuaci\u00f3n delictiva por utilizaci\u00f3n de informaci\u00f3n privilegiada y manipulaci\u00f3n de mercado, pero no abarcaban todos los supuestos espec\u00edficamente referidos en la norma europea<\/strong>, que ahora deben sancionarse de forma expresa para cumplir con las exigencias del principio de legalidad penal.<\/p>\n<p>Se opta por unos <strong>tipos penales que, en las conductas de mayor gravedad de manipulaci\u00f3n de mercado y realizaci\u00f3n de operaciones con informaci\u00f3n privilegiada, se configuran como delitos graves<\/strong>. El bien jur\u00eddico protegido no se configura tanto en atenci\u00f3n al contenido patrimonial o al propio orden socioecon\u00f3mico, como a la integridad de los mercados y la confianza de los inversores que act\u00faan en ellos.<\/p>\n<p>La modificaci\u00f3n del art\u00edculo 284 afecta a tres cuestiones. La primera, a los medios comisivos, al a\u00f1adirse a los ya existentes la <strong>utilizaci\u00f3n de artificios y el empleo de tecnolog\u00eda de la informaci\u00f3n para la alteraci\u00f3n de precios<\/strong>.<\/p>\n<p>La segunda, al objeto de protecci\u00f3n, al ampliarse a los <strong>contratos de contado sobre materias primas relacionadas con instrumentos financieros y los \u00edndices de referencia<\/strong>.<\/p>\n<p>Y la tercera, a la punici\u00f3n, con un agravamiento considerable. Antes de la reforma la pena de prisi\u00f3n prevista era de seis meses a dos a\u00f1os y la multa de doce a veinticuatro meses, con inhabilitaci\u00f3n de uno a dos a\u00f1os para intervenir en el mercado financiero como actor, agente o mediador o informador. Para en la actualidad fijarse la <strong>pena de prisi\u00f3n de seis meses a seis a\u00f1os, la de multa de dos a cinco a\u00f1os, o del tanto al triplo del beneficio obtenido o favorecido, o de los perjuicios evitados, si la cantidad resultante fuese m\u00e1s elevada<\/strong>, con inhabilitaci\u00f3n especial para intervenir en el mercado financiero como actor, agente o mediador o informador por tiempo de dos a cinco a\u00f1os.<\/p>\n<p>Adem\u00e1s, se prev\u00e9 una agravaci\u00f3n espec\u00edfica para los supuestos en que el autor del hecho fuera trabajador o empleado de una empresa de servicios de inversi\u00f3n, una entidad de cr\u00e9dito, una autoridad supervisora o reguladora, o una entidad rectora de mercados regulados o centros de negociaci\u00f3n.<\/p>\n<p>En cuanto a la reforma del art\u00edculo 285 tiene m\u00e1s calado, se contemplan tres formas de comisi\u00f3n del hecho delictivo: a) <strong>cuando se hayan cometido intencionalmente las operaciones con informaci\u00f3n privilegiada<\/strong>, incluy\u00e9ndose la recomendaci\u00f3n o inducci\u00f3n a otra persona a realizar operaciones con informaci\u00f3n privilegiada; b) la <strong>comunicaci\u00f3n il\u00edcita de informaci\u00f3n privilegiada<\/strong>, que antes no se recog\u00eda y; c) la <strong>manipulaci\u00f3n de mercado<\/strong>. Rebaj\u00e1ndose de 600.000 a 500.000 euros el beneficio o perjuicio que causaren las anteriores conductas.<\/p>\n<p>Por otra parte, <strong>se especifican los supuestos en que legalmente se entiende que una persona tiene acceso reservado a la informaci\u00f3n privilegiada<\/strong>: en concreto, ser miembro de los \u00f3rganos de administraci\u00f3n, gesti\u00f3n o supervisi\u00f3n del emisor o del part\u00edcipe del mercado de derechos de emisi\u00f3n, quien participe en el capital del emisor o del participante del mercado de derechos de emisi\u00f3n, quien la conozca con ocasi\u00f3n del ejercicio de su actividad profesional o empresarial, o en el desempe\u00f1o de sus funciones, y quien la obtenga a trav\u00e9s de una actividad delictiva.<\/p>\n<p>A\u00f1adi\u00e9ndose una agravaci\u00f3n espec\u00edfica para los supuestos en que el autor del hecho fuera trabajador o empleado de una empresa de servicios de inversi\u00f3n, entidad de cr\u00e9dito, autoridad supervisora o reguladora, o entidades rectoras de mercados regulados o centros de negocio.<\/p>\n<p>En cuanto a los tres nuevos art\u00edculos incorporados, el <strong>285 bis<\/strong> tipifica la comunicaci\u00f3n il\u00edcita de informaci\u00f3n privilegiada cuando ponga en peligro la integridad del mercado o la confianza de los inversores.<\/p>\n<p>El <strong>285 ter<\/strong> remite los contenidos conceptuales (instrumentos financieros, contratos, conductas, operaciones y \u00f3rdenes previstos) a la normativa europea y espa\u00f1ola en materia de mercado e instrumentos financieros.<\/p>\n<p>Y el <strong>285 quater<\/strong> establece de manera expresa la punici\u00f3n de los actos de proposici\u00f3n, conspiraci\u00f3n y provocaci\u00f3n a los tres delitos mencionados.<\/p>\n<p>La transposici\u00f3n de la Directiva 2014\/57\/UE, del Parlamento Europeo y del Consejo, de 16 de abril de 2014, sobre las sanciones penales aplicables al abuso de mercado, tarde o temprano ten\u00eda que llegar. Demasiado ha tardado, pues hemos visto que incluso se hab\u00eda iniciado un procedimiento formal de infracci\u00f3n. Lo que m\u00e1s llama la atenci\u00f3n es la dureza con la que se ha llevado a cabo, pues <strong>las penas previstas ahora en el C\u00f3digo Penal son superiores a las establecidas en la propia directiva<\/strong>.<\/p>\n<\/div>\n<\/div>\n<\/div>\n<\/div>\n<\/div>\n<\/section>\n","protected":false},"excerpt":{"rendered":"<p>Las penas previstas ahora en el C\u00f3digo Penal por abuso de mercado son superiores a las establecidas en la propia directiva europea.<\/p>\n","protected":false},"featured_media":0,"template":"","pub_categoria":[41],"class_list":["post-1387","publicaciones","type-publicaciones","status-publish","hentry","pub_categoria-delitos-economicos"],"yoast_head":"<!-- This site is optimized with the Yoast SEO plugin v28.2 - https:\/\/yoast.com\/product\/yoast-seo-wordpress\/ -->\n<title>Endurecimiento penal para el abuso de mercado - PradaGayoso<\/title>\n<meta name=\"description\" content=\"Las penas previstas ahora en el C\u00f3digo Penal por abuso de mercado son superiores a las establecidas en la propia directiva europea.\" \/>\n<meta name=\"robots\" content=\"index, follow, max-snippet:-1, max-image-preview:large, max-video-preview:-1\" \/>\n<link rel=\"canonical\" href=\"https:\/\/pradagayoso.com\/blog\/delitos-economicos\/endurecimiento-penal-para-el-abuso-de-mercado\/\" \/>\n<meta property=\"og:locale\" content=\"en_US\" \/>\n<meta property=\"og:type\" content=\"article\" \/>\n<meta property=\"og:title\" content=\"Endurecimiento penal para el abuso de mercado - PradaGayoso\" \/>\n<meta property=\"og:description\" content=\"Las penas previstas ahora en el C\u00f3digo Penal por abuso de mercado son superiores a las establecidas en la propia directiva europea.\" \/>\n<meta property=\"og:url\" content=\"https:\/\/pradagayoso.com\/blog\/delitos-economicos\/endurecimiento-penal-para-el-abuso-de-mercado\/\" \/>\n<meta property=\"og:site_name\" content=\"PradaGayoso\" \/>\n<meta property=\"article:publisher\" content=\"https:\/\/www.facebook.com\/pradagayoso\/\" \/>\n<meta property=\"article:modified_time\" content=\"2021-07-21T15:50:08+00:00\" \/>\n<meta property=\"og:image\" content=\"https:\/\/pradagayoso.com\/wp-content\/uploads\/2019\/01\/Img-OG-1200x630-PradaGayoso.jpg\" \/>\n\t<meta property=\"og:image:width\" content=\"1200\" \/>\n\t<meta property=\"og:image:height\" content=\"630\" \/>\n\t<meta property=\"og:image:type\" content=\"image\/jpeg\" \/>\n<meta name=\"twitter:card\" content=\"summary_large_image\" \/>\n<meta name=\"twitter:site\" content=\"@pradagayoso\" \/>\n<meta name=\"twitter:label1\" content=\"Est. reading time\" \/>\n\t<meta name=\"twitter:data1\" content=\"5 minutes\" \/>\n<script type=\"application\/ld+json\" class=\"yoast-schema-graph\">{\"@context\":\"https:\\\/\\\/schema.org\",\"@graph\":[{\"@type\":\"WebPage\",\"@id\":\"https:\\\/\\\/pradagayoso.com\\\/blog\\\/delitos-economicos\\\/endurecimiento-penal-para-el-abuso-de-mercado\\\/\",\"url\":\"https:\\\/\\\/pradagayoso.com\\\/blog\\\/delitos-economicos\\\/endurecimiento-penal-para-el-abuso-de-mercado\\\/\",\"name\":\"Endurecimiento penal para el abuso de mercado - PradaGayoso\",\"isPartOf\":{\"@id\":\"https:\\\/\\\/pradagayoso.com\\\/#website\"},\"datePublished\":\"2019-03-28T11:48:10+00:00\",\"dateModified\":\"2021-07-21T15:50:08+00:00\",\"description\":\"Las penas previstas ahora en el C\u00f3digo Penal por abuso de mercado son superiores a las establecidas en la propia directiva europea.\",\"breadcrumb\":{\"@id\":\"https:\\\/\\\/pradagayoso.com\\\/blog\\\/delitos-economicos\\\/endurecimiento-penal-para-el-abuso-de-mercado\\\/#breadcrumb\"},\"inLanguage\":\"en-US\",\"potentialAction\":[{\"@type\":\"ReadAction\",\"target\":[\"https:\\\/\\\/pradagayoso.com\\\/blog\\\/delitos-economicos\\\/endurecimiento-penal-para-el-abuso-de-mercado\\\/\"]}]},{\"@type\":\"BreadcrumbList\",\"@id\":\"https:\\\/\\\/pradagayoso.com\\\/blog\\\/delitos-economicos\\\/endurecimiento-penal-para-el-abuso-de-mercado\\\/#breadcrumb\",\"itemListElement\":[{\"@type\":\"ListItem\",\"position\":1,\"name\":\"Portada\",\"item\":\"https:\\\/\\\/pradagayoso.com\\\/en\\\/\"},{\"@type\":\"ListItem\",\"position\":2,\"name\":\"Blog\",\"item\":\"https:\\\/\\\/pradagayoso.com\\\/blog\\\/\"},{\"@type\":\"ListItem\",\"position\":3,\"name\":\"Endurecimiento penal para el abuso de mercado\"}]},{\"@type\":\"WebSite\",\"@id\":\"https:\\\/\\\/pradagayoso.com\\\/#website\",\"url\":\"https:\\\/\\\/pradagayoso.com\\\/\",\"name\":\"PradaGayoso\",\"description\":\"Reestructuraci\u00f3n financiera\",\"publisher\":{\"@id\":\"https:\\\/\\\/pradagayoso.com\\\/#organization\"},\"potentialAction\":[{\"@type\":\"SearchAction\",\"target\":{\"@type\":\"EntryPoint\",\"urlTemplate\":\"https:\\\/\\\/pradagayoso.com\\\/?s={search_term_string}\"},\"query-input\":{\"@type\":\"PropertyValueSpecification\",\"valueRequired\":true,\"valueName\":\"search_term_string\"}}],\"inLanguage\":\"en-US\"},{\"@type\":\"Organization\",\"@id\":\"https:\\\/\\\/pradagayoso.com\\\/#organization\",\"name\":\"PradaGayoso\",\"url\":\"https:\\\/\\\/pradagayoso.com\\\/\",\"logo\":{\"@type\":\"ImageObject\",\"inLanguage\":\"en-US\",\"@id\":\"https:\\\/\\\/pradagayoso.com\\\/#\\\/schema\\\/logo\\\/image\\\/\",\"url\":\"https:\\\/\\\/pradagayoso.com\\\/wp-content\\\/uploads\\\/2018\\\/05\\\/logo_prada.png\",\"contentUrl\":\"https:\\\/\\\/pradagayoso.com\\\/wp-content\\\/uploads\\\/2018\\\/05\\\/logo_prada.png\",\"width\":284,\"height\":63,\"caption\":\"PradaGayoso\"},\"image\":{\"@id\":\"https:\\\/\\\/pradagayoso.com\\\/#\\\/schema\\\/logo\\\/image\\\/\"},\"sameAs\":[\"https:\\\/\\\/www.facebook.com\\\/pradagayoso\\\/\",\"https:\\\/\\\/x.com\\\/pradagayoso\",\"https:\\\/\\\/www.instagram.com\\\/pradagayoso\\\/\",\"https:\\\/\\\/www.linkedin.com\\\/company\\\/pradagayoso\\\/\",\"https:\\\/\\\/www.youtube.com\\\/channel\\\/UCOZT08GCsDLY8dVR8mH0IqA\"]}]}<\/script>\n<!-- \/ Yoast SEO plugin. -->","yoast_head_json":{"title":"Endurecimiento penal para el abuso de mercado - PradaGayoso","description":"Las penas previstas ahora en el C\u00f3digo Penal por abuso de mercado son superiores a las establecidas en la propia directiva europea.","robots":{"index":"index","follow":"follow","max-snippet":"max-snippet:-1","max-image-preview":"max-image-preview:large","max-video-preview":"max-video-preview:-1"},"canonical":"https:\/\/pradagayoso.com\/blog\/delitos-economicos\/endurecimiento-penal-para-el-abuso-de-mercado\/","og_locale":"en_US","og_type":"article","og_title":"Endurecimiento penal para el abuso de mercado - PradaGayoso","og_description":"Las penas previstas ahora en el C\u00f3digo Penal por abuso de mercado son superiores a las establecidas en la propia directiva europea.","og_url":"https:\/\/pradagayoso.com\/blog\/delitos-economicos\/endurecimiento-penal-para-el-abuso-de-mercado\/","og_site_name":"PradaGayoso","article_publisher":"https:\/\/www.facebook.com\/pradagayoso\/","article_modified_time":"2021-07-21T15:50:08+00:00","og_image":[{"width":1200,"height":630,"url":"https:\/\/pradagayoso.com\/wp-content\/uploads\/2019\/01\/Img-OG-1200x630-PradaGayoso.jpg","type":"image\/jpeg"}],"twitter_card":"summary_large_image","twitter_site":"@pradagayoso","twitter_misc":{"Est. reading time":"5 minutes"},"schema":{"@context":"https:\/\/schema.org","@graph":[{"@type":"WebPage","@id":"https:\/\/pradagayoso.com\/blog\/delitos-economicos\/endurecimiento-penal-para-el-abuso-de-mercado\/","url":"https:\/\/pradagayoso.com\/blog\/delitos-economicos\/endurecimiento-penal-para-el-abuso-de-mercado\/","name":"Endurecimiento penal para el abuso de mercado - PradaGayoso","isPartOf":{"@id":"https:\/\/pradagayoso.com\/#website"},"datePublished":"2019-03-28T11:48:10+00:00","dateModified":"2021-07-21T15:50:08+00:00","description":"Las penas previstas ahora en el C\u00f3digo Penal por abuso de mercado son superiores a las establecidas en la propia directiva europea.","breadcrumb":{"@id":"https:\/\/pradagayoso.com\/blog\/delitos-economicos\/endurecimiento-penal-para-el-abuso-de-mercado\/#breadcrumb"},"inLanguage":"en-US","potentialAction":[{"@type":"ReadAction","target":["https:\/\/pradagayoso.com\/blog\/delitos-economicos\/endurecimiento-penal-para-el-abuso-de-mercado\/"]}]},{"@type":"BreadcrumbList","@id":"https:\/\/pradagayoso.com\/blog\/delitos-economicos\/endurecimiento-penal-para-el-abuso-de-mercado\/#breadcrumb","itemListElement":[{"@type":"ListItem","position":1,"name":"Portada","item":"https:\/\/pradagayoso.com\/en\/"},{"@type":"ListItem","position":2,"name":"Blog","item":"https:\/\/pradagayoso.com\/blog\/"},{"@type":"ListItem","position":3,"name":"Endurecimiento penal para el abuso de mercado"}]},{"@type":"WebSite","@id":"https:\/\/pradagayoso.com\/#website","url":"https:\/\/pradagayoso.com\/","name":"PradaGayoso","description":"Reestructuraci\u00f3n financiera","publisher":{"@id":"https:\/\/pradagayoso.com\/#organization"},"potentialAction":[{"@type":"SearchAction","target":{"@type":"EntryPoint","urlTemplate":"https:\/\/pradagayoso.com\/?s={search_term_string}"},"query-input":{"@type":"PropertyValueSpecification","valueRequired":true,"valueName":"search_term_string"}}],"inLanguage":"en-US"},{"@type":"Organization","@id":"https:\/\/pradagayoso.com\/#organization","name":"PradaGayoso","url":"https:\/\/pradagayoso.com\/","logo":{"@type":"ImageObject","inLanguage":"en-US","@id":"https:\/\/pradagayoso.com\/#\/schema\/logo\/image\/","url":"https:\/\/pradagayoso.com\/wp-content\/uploads\/2018\/05\/logo_prada.png","contentUrl":"https:\/\/pradagayoso.com\/wp-content\/uploads\/2018\/05\/logo_prada.png","width":284,"height":63,"caption":"PradaGayoso"},"image":{"@id":"https:\/\/pradagayoso.com\/#\/schema\/logo\/image\/"},"sameAs":["https:\/\/www.facebook.com\/pradagayoso\/","https:\/\/x.com\/pradagayoso","https:\/\/www.instagram.com\/pradagayoso\/","https:\/\/www.linkedin.com\/company\/pradagayoso\/","https:\/\/www.youtube.com\/channel\/UCOZT08GCsDLY8dVR8mH0IqA"]}]}},"_links":{"self":[{"href":"https:\/\/pradagayoso.com\/en\/wp-json\/wp\/v2\/publicaciones\/1387","targetHints":{"allow":["GET"]}}],"collection":[{"href":"https:\/\/pradagayoso.com\/en\/wp-json\/wp\/v2\/publicaciones"}],"about":[{"href":"https:\/\/pradagayoso.com\/en\/wp-json\/wp\/v2\/types\/publicaciones"}],"version-history":[{"count":12,"href":"https:\/\/pradagayoso.com\/en\/wp-json\/wp\/v2\/publicaciones\/1387\/revisions"}],"predecessor-version":[{"id":2462,"href":"https:\/\/pradagayoso.com\/en\/wp-json\/wp\/v2\/publicaciones\/1387\/revisions\/2462"}],"wp:attachment":[{"href":"https:\/\/pradagayoso.com\/en\/wp-json\/wp\/v2\/media?parent=1387"}],"wp:term":[{"taxonomy":"pub_categoria","embeddable":true,"href":"https:\/\/pradagayoso.com\/en\/wp-json\/wp\/v2\/pub_categoria?post=1387"}],"curies":[{"name":"wp","href":"https:\/\/api.w.org\/{rel}","templated":true}]}}