{"id":4331,"date":"2023-09-25T10:26:01","date_gmt":"2023-09-25T08:26:01","guid":{"rendered":"https:\/\/pradagayoso.com\/?post_type=en-los-medios&#038;p=4331"},"modified":"2023-09-25T10:26:01","modified_gmt":"2023-09-25T08:26:01","slug":"declaraciones-felix-salgado-periodico-de-espana-reestructuraciones-concurso","status":"publish","type":"en-los-medios","link":"https:\/\/pradagayoso.com\/en\/en-los-medios\/declaraciones-felix-salgado-periodico-de-espana-reestructuraciones-concurso\/","title":{"rendered":"Declaraciones de F\u00e9lix Salgado en El Peri\u00f3dico de Espa\u00f1a sobre el primer a\u00f1o de vigencia del nuevo r\u00e9gimen legal de insolvencias"},"content":{"rendered":"<style type=\"text\/css\"><\/style>\n<section class=\"kc-elm kc-css-794790 kc_row entradilla\">\n<div class=\"kc-row-container  kc-container\">\n<div class=\"kc-wrap-columns\">\n<div class=\"kc-elm kc-css-316096 kc_col-sm-12 kc_column kc_col-sm-12\">\n<div class=\"kc-col-container\">\n<div class=\"kc-elm kc-css-395280 kc_text_block\">\n<p>Nuestro socio <a href=\"https:\/\/pradagayoso.com\/equipo\/felix-salgado\/\">F\u00e9lix Salgado<\/a> valora en <em>El Peri\u00f3dico de Espa\u00f1a<\/em> el primer a\u00f1o de vigencia del nuevo r\u00e9gimen legal de insolvencias.<\/p>\n<p>En su opini\u00f3n, las empresas est\u00e1n evitando el concurso de acreedores y est\u00e1n optando mayoritariamente por los planes de reestructuraci\u00f3n.<\/p>\n<p><a class=\"prBtn ghost-button\" href=\"https:\/\/www.epe.es\/es\/activos\/20230924\/primer-ano-ley-concursal-empresas-evitan-juez-aumenta-segunda-oportunidad-92432716\" target=\"_blank\" rel=\"noopener\">Ver noticia<\/a><\/p>\n<\/div>\n<\/div>\n<\/div>\n<\/div>\n<\/div>\n<\/section>\n","protected":false},"excerpt":{"rendered":"<p>Nuestro socio F\u00e9lix Salgado valora en El Peri\u00f3dico de Espa\u00f1a el primer a\u00f1o de vigencia del nuevo r\u00e9gimen legal de insolvencias. En su opini\u00f3n, las empresas est\u00e1n evitando el concurso de acreedores y est\u00e1n optando mayoritariamente por los planes de reestructuraci\u00f3n. Ver noticia<\/p>\n","protected":false},"featured_media":0,"template":"","class_list":["post-4331","en-los-medios","type-en-los-medios","status-publish","hentry"],"yoast_head":"<!-- This site is optimized with the Yoast SEO plugin v28.2 - https:\/\/yoast.com\/product\/yoast-seo-wordpress\/ -->\n<title>Declaraciones de F\u00e9lix Salgado en El Peri\u00f3dico de Espa\u00f1a sobre el primer a\u00f1o de vigencia del nuevo r\u00e9gimen legal de insolvencias - PradaGayoso<\/title>\n<meta name=\"description\" content=\"F\u00e9lix Salgado, socio de PradaGayoso, valora en El Peri\u00f3dico de Espa\u00f1a el primer a\u00f1o de vigencia del nuevo r\u00e9gimen legal de insolvencias\" \/>\n<meta name=\"robots\" content=\"index, follow, max-snippet:-1, max-image-preview:large, max-video-preview:-1\" \/>\n<link rel=\"canonical\" href=\"https:\/\/pradagayoso.com\/en-los-medios\/declaraciones-felix-salgado-periodico-de-espana-reestructuraciones-concurso\/\" \/>\n<meta property=\"og:locale\" content=\"en_US\" \/>\n<meta property=\"og:type\" content=\"article\" \/>\n<meta property=\"og:title\" content=\"Declaraciones de F\u00e9lix Salgado en El Peri\u00f3dico de Espa\u00f1a sobre el primer a\u00f1o de vigencia del nuevo r\u00e9gimen legal de insolvencias - PradaGayoso\" \/>\n<meta property=\"og:description\" content=\"F\u00e9lix Salgado, socio de PradaGayoso, valora en El Peri\u00f3dico de Espa\u00f1a el primer a\u00f1o de vigencia del nuevo r\u00e9gimen legal de insolvencias\" \/>\n<meta property=\"og:url\" content=\"https:\/\/pradagayoso.com\/en-los-medios\/declaraciones-felix-salgado-periodico-de-espana-reestructuraciones-concurso\/\" \/>\n<meta property=\"og:site_name\" content=\"PradaGayoso\" \/>\n<meta property=\"article:publisher\" content=\"https:\/\/www.facebook.com\/pradagayoso\/\" \/>\n<meta property=\"og:image\" content=\"https:\/\/pradagayoso.com\/wp-content\/uploads\/2019\/01\/Img-OG-1200x630-PradaGayoso.jpg\" \/>\n\t<meta property=\"og:image:width\" content=\"1200\" \/>\n\t<meta property=\"og:image:height\" content=\"630\" \/>\n\t<meta property=\"og:image:type\" content=\"image\/jpeg\" \/>\n<meta name=\"twitter:card\" content=\"summary_large_image\" \/>\n<meta name=\"twitter:site\" content=\"@pradagayoso\" \/>\n<meta name=\"twitter:label1\" content=\"Est. reading time\" \/>\n\t<meta name=\"twitter:data1\" content=\"1 minute\" \/>\n<script type=\"application\/ld+json\" class=\"yoast-schema-graph\">{\"@context\":\"https:\\\/\\\/schema.org\",\"@graph\":[{\"@type\":\"WebPage\",\"@id\":\"https:\\\/\\\/pradagayoso.com\\\/en-los-medios\\\/declaraciones-felix-salgado-periodico-de-espana-reestructuraciones-concurso\\\/\",\"url\":\"https:\\\/\\\/pradagayoso.com\\\/en-los-medios\\\/declaraciones-felix-salgado-periodico-de-espana-reestructuraciones-concurso\\\/\",\"name\":\"Declaraciones de F\u00e9lix Salgado en El Peri\u00f3dico de Espa\u00f1a sobre el primer a\u00f1o de vigencia del nuevo r\u00e9gimen legal de insolvencias - PradaGayoso\",\"isPartOf\":{\"@id\":\"https:\\\/\\\/pradagayoso.com\\\/#website\"},\"datePublished\":\"2023-09-25T08:26:01+00:00\",\"description\":\"F\u00e9lix Salgado, socio de PradaGayoso, valora en El Peri\u00f3dico de Espa\u00f1a el primer a\u00f1o de vigencia del nuevo r\u00e9gimen legal de insolvencias\",\"breadcrumb\":{\"@id\":\"https:\\\/\\\/pradagayoso.com\\\/en-los-medios\\\/declaraciones-felix-salgado-periodico-de-espana-reestructuraciones-concurso\\\/#breadcrumb\"},\"inLanguage\":\"en-US\",\"potentialAction\":[{\"@type\":\"ReadAction\",\"target\":[\"https:\\\/\\\/pradagayoso.com\\\/en-los-medios\\\/declaraciones-felix-salgado-periodico-de-espana-reestructuraciones-concurso\\\/\"]}]},{\"@type\":\"BreadcrumbList\",\"@id\":\"https:\\\/\\\/pradagayoso.com\\\/en-los-medios\\\/declaraciones-felix-salgado-periodico-de-espana-reestructuraciones-concurso\\\/#breadcrumb\",\"itemListElement\":[{\"@type\":\"ListItem\",\"position\":1,\"name\":\"Portada\",\"item\":\"https:\\\/\\\/pradagayoso.com\\\/en\\\/\"},{\"@type\":\"ListItem\",\"position\":2,\"name\":\"En los medios\",\"item\":\"https:\\\/\\\/pradagayoso.com\\\/en-los-medios\\\/\"},{\"@type\":\"ListItem\",\"position\":3,\"name\":\"Declaraciones de F\u00e9lix Salgado en El Peri\u00f3dico de Espa\u00f1a sobre el primer a\u00f1o de vigencia del nuevo r\u00e9gimen legal de insolvencias\"}]},{\"@type\":\"WebSite\",\"@id\":\"https:\\\/\\\/pradagayoso.com\\\/#website\",\"url\":\"https:\\\/\\\/pradagayoso.com\\\/\",\"name\":\"PradaGayoso\",\"description\":\"Reestructuraci\u00f3n financiera\",\"publisher\":{\"@id\":\"https:\\\/\\\/pradagayoso.com\\\/#organization\"},\"potentialAction\":[{\"@type\":\"SearchAction\",\"target\":{\"@type\":\"EntryPoint\",\"urlTemplate\":\"https:\\\/\\\/pradagayoso.com\\\/?s={search_term_string}\"},\"query-input\":{\"@type\":\"PropertyValueSpecification\",\"valueRequired\":true,\"valueName\":\"search_term_string\"}}],\"inLanguage\":\"en-US\"},{\"@type\":\"Organization\",\"@id\":\"https:\\\/\\\/pradagayoso.com\\\/#organization\",\"name\":\"PradaGayoso\",\"url\":\"https:\\\/\\\/pradagayoso.com\\\/\",\"logo\":{\"@type\":\"ImageObject\",\"inLanguage\":\"en-US\",\"@id\":\"https:\\\/\\\/pradagayoso.com\\\/#\\\/schema\\\/logo\\\/image\\\/\",\"url\":\"https:\\\/\\\/pradagayoso.com\\\/wp-content\\\/uploads\\\/2018\\\/05\\\/logo_prada.png\",\"contentUrl\":\"https:\\\/\\\/pradagayoso.com\\\/wp-content\\\/uploads\\\/2018\\\/05\\\/logo_prada.png\",\"width\":284,\"height\":63,\"caption\":\"PradaGayoso\"},\"image\":{\"@id\":\"https:\\\/\\\/pradagayoso.com\\\/#\\\/schema\\\/logo\\\/image\\\/\"},\"sameAs\":[\"https:\\\/\\\/www.facebook.com\\\/pradagayoso\\\/\",\"https:\\\/\\\/x.com\\\/pradagayoso\",\"https:\\\/\\\/www.instagram.com\\\/pradagayoso\\\/\",\"https:\\\/\\\/www.linkedin.com\\\/company\\\/pradagayoso\\\/\",\"https:\\\/\\\/www.youtube.com\\\/channel\\\/UCOZT08GCsDLY8dVR8mH0IqA\"]}]}<\/script>\n<!-- \/ Yoast SEO plugin. -->","yoast_head_json":{"title":"Declaraciones de F\u00e9lix Salgado en El Peri\u00f3dico de Espa\u00f1a sobre el primer a\u00f1o de vigencia del nuevo r\u00e9gimen legal de insolvencias - PradaGayoso","description":"F\u00e9lix Salgado, socio de PradaGayoso, valora en El Peri\u00f3dico de Espa\u00f1a el primer a\u00f1o de vigencia del nuevo r\u00e9gimen legal de insolvencias","robots":{"index":"index","follow":"follow","max-snippet":"max-snippet:-1","max-image-preview":"max-image-preview:large","max-video-preview":"max-video-preview:-1"},"canonical":"https:\/\/pradagayoso.com\/en-los-medios\/declaraciones-felix-salgado-periodico-de-espana-reestructuraciones-concurso\/","og_locale":"en_US","og_type":"article","og_title":"Declaraciones de F\u00e9lix Salgado en El Peri\u00f3dico de Espa\u00f1a sobre el primer a\u00f1o de vigencia del nuevo r\u00e9gimen legal de insolvencias - PradaGayoso","og_description":"F\u00e9lix Salgado, socio de PradaGayoso, valora en El Peri\u00f3dico de Espa\u00f1a el primer a\u00f1o de vigencia del nuevo r\u00e9gimen legal de insolvencias","og_url":"https:\/\/pradagayoso.com\/en-los-medios\/declaraciones-felix-salgado-periodico-de-espana-reestructuraciones-concurso\/","og_site_name":"PradaGayoso","article_publisher":"https:\/\/www.facebook.com\/pradagayoso\/","og_image":[{"width":1200,"height":630,"url":"https:\/\/pradagayoso.com\/wp-content\/uploads\/2019\/01\/Img-OG-1200x630-PradaGayoso.jpg","type":"image\/jpeg"}],"twitter_card":"summary_large_image","twitter_site":"@pradagayoso","twitter_misc":{"Est. reading time":"1 minute"},"schema":{"@context":"https:\/\/schema.org","@graph":[{"@type":"WebPage","@id":"https:\/\/pradagayoso.com\/en-los-medios\/declaraciones-felix-salgado-periodico-de-espana-reestructuraciones-concurso\/","url":"https:\/\/pradagayoso.com\/en-los-medios\/declaraciones-felix-salgado-periodico-de-espana-reestructuraciones-concurso\/","name":"Declaraciones de F\u00e9lix Salgado en El Peri\u00f3dico de Espa\u00f1a sobre el primer a\u00f1o de vigencia del nuevo r\u00e9gimen legal de insolvencias - PradaGayoso","isPartOf":{"@id":"https:\/\/pradagayoso.com\/#website"},"datePublished":"2023-09-25T08:26:01+00:00","description":"F\u00e9lix Salgado, socio de PradaGayoso, valora en El Peri\u00f3dico de Espa\u00f1a el primer a\u00f1o de vigencia del nuevo r\u00e9gimen legal de insolvencias","breadcrumb":{"@id":"https:\/\/pradagayoso.com\/en-los-medios\/declaraciones-felix-salgado-periodico-de-espana-reestructuraciones-concurso\/#breadcrumb"},"inLanguage":"en-US","potentialAction":[{"@type":"ReadAction","target":["https:\/\/pradagayoso.com\/en-los-medios\/declaraciones-felix-salgado-periodico-de-espana-reestructuraciones-concurso\/"]}]},{"@type":"BreadcrumbList","@id":"https:\/\/pradagayoso.com\/en-los-medios\/declaraciones-felix-salgado-periodico-de-espana-reestructuraciones-concurso\/#breadcrumb","itemListElement":[{"@type":"ListItem","position":1,"name":"Portada","item":"https:\/\/pradagayoso.com\/en\/"},{"@type":"ListItem","position":2,"name":"En los medios","item":"https:\/\/pradagayoso.com\/en-los-medios\/"},{"@type":"ListItem","position":3,"name":"Declaraciones de F\u00e9lix Salgado en El Peri\u00f3dico de Espa\u00f1a sobre el primer a\u00f1o de vigencia del nuevo r\u00e9gimen legal de insolvencias"}]},{"@type":"WebSite","@id":"https:\/\/pradagayoso.com\/#website","url":"https:\/\/pradagayoso.com\/","name":"PradaGayoso","description":"Reestructuraci\u00f3n financiera","publisher":{"@id":"https:\/\/pradagayoso.com\/#organization"},"potentialAction":[{"@type":"SearchAction","target":{"@type":"EntryPoint","urlTemplate":"https:\/\/pradagayoso.com\/?s={search_term_string}"},"query-input":{"@type":"PropertyValueSpecification","valueRequired":true,"valueName":"search_term_string"}}],"inLanguage":"en-US"},{"@type":"Organization","@id":"https:\/\/pradagayoso.com\/#organization","name":"PradaGayoso","url":"https:\/\/pradagayoso.com\/","logo":{"@type":"ImageObject","inLanguage":"en-US","@id":"https:\/\/pradagayoso.com\/#\/schema\/logo\/image\/","url":"https:\/\/pradagayoso.com\/wp-content\/uploads\/2018\/05\/logo_prada.png","contentUrl":"https:\/\/pradagayoso.com\/wp-content\/uploads\/2018\/05\/logo_prada.png","width":284,"height":63,"caption":"PradaGayoso"},"image":{"@id":"https:\/\/pradagayoso.com\/#\/schema\/logo\/image\/"},"sameAs":["https:\/\/www.facebook.com\/pradagayoso\/","https:\/\/x.com\/pradagayoso","https:\/\/www.instagram.com\/pradagayoso\/","https:\/\/www.linkedin.com\/company\/pradagayoso\/","https:\/\/www.youtube.com\/channel\/UCOZT08GCsDLY8dVR8mH0IqA"]}]}},"_links":{"self":[{"href":"https:\/\/pradagayoso.com\/en\/wp-json\/wp\/v2\/en-los-medios\/4331","targetHints":{"allow":["GET"]}}],"collection":[{"href":"https:\/\/pradagayoso.com\/en\/wp-json\/wp\/v2\/en-los-medios"}],"about":[{"href":"https:\/\/pradagayoso.com\/en\/wp-json\/wp\/v2\/types\/en-los-medios"}],"version-history":[{"count":2,"href":"https:\/\/pradagayoso.com\/en\/wp-json\/wp\/v2\/en-los-medios\/4331\/revisions"}],"predecessor-version":[{"id":4333,"href":"https:\/\/pradagayoso.com\/en\/wp-json\/wp\/v2\/en-los-medios\/4331\/revisions\/4333"}],"wp:attachment":[{"href":"https:\/\/pradagayoso.com\/en\/wp-json\/wp\/v2\/media?parent=4331"}],"curies":[{"name":"wp","href":"https:\/\/api.w.org\/{rel}","templated":true}]}}