{"id":3946,"date":"2022-12-15T10:51:39","date_gmt":"2022-12-15T08:51:39","guid":{"rendered":"https:\/\/pradagayoso.com\/?post_type=en-los-medios&#038;p=3946"},"modified":"2023-06-20T16:35:08","modified_gmt":"2023-06-20T14:35:08","slug":"creditos-ico-procesos-de-reestructuracion-javier-marquina-capital-corporate","status":"publish","type":"en-los-medios","link":"https:\/\/pradagayoso.com\/en\/en-los-medios\/creditos-ico-procesos-de-reestructuracion-javier-marquina-capital-corporate\/","title":{"rendered":"&#8220;Cr\u00e9ditos ICO en procesos de reestructuraci\u00f3n&#8221;. Tribuna de Javier Marquina en la revista Capital &#038; Corporate"},"content":{"rendered":"<style type=\"text\/css\"><\/style>\n<section class=\"kc-elm kc-css-1108171 kc_row entradilla\">\n<div class=\"kc-row-container  kc-container\">\n<div class=\"kc-wrap-columns\">\n<div class=\"kc-elm kc-css-2100237 kc_col-sm-12 kc_column kc_col-sm-12\">\n<div class=\"kc-col-container\">\n<div class=\"kc-elm kc-css-537930 kc_text_block\">\n<p><strong>Javier Marquina (socio de PradaGayoso)<\/strong><br \/>\n<strong>Capital &amp; Corporate<\/strong><\/p>\n<p>Como consecuencia de la crisis originada por la COVID-19, el Gobierno despleg\u00f3 una serie de medidas para apoyar a las empresas y aut\u00f3nomos, destacando entre ellas las <strong>l\u00edneas de avales<\/strong> otorgadas por el Ministerio de Asuntos Econ\u00f3micos y Transformaci\u00f3n Digital. Seg\u00fan las cifras publicadas, el importe global de los pr\u00e9stamos concedidos ascendi\u00f3 a 140.000 millones de euros, de los cuales 107.000 millones est\u00e1n garantizados por el ICO, formaliz\u00e1ndose en el entorno de 1.200.000 operaciones. En t\u00e9rminos generales, existe un consenso entre los distintos operadores del mercado en que estos pr\u00e9stamos han servido para que numerosas empresas pudieran sobrevivir a las consecuencias negativas de la crisis.<\/p>\n<p>Ahora bien, una vez ha transcurrido el tiempo y estos pr\u00e9stamos est\u00e1n incluidos en los balances de las empresas, nos encontramos con la problem\u00e1tica de <strong>c\u00f3mo podr\u00e1n quedar afectados en procesos de reestructuraci\u00f3n<\/strong> que \u00e9stas decidan acometer. Para ello, hay que tener muy presente que el pasado 6 de septiembre se public\u00f3 en el BOE la <a href=\"https:\/\/www.boe.es\/buscar\/act.php?id=BOE-A-2022-14580\" target=\"_blank\" rel=\"noopener\">Ley 16\/2022<\/a>, de 5 de septiembre, de reforma del texto refundido de la Ley Concursal.<\/p>\n<p>El objetivo pretendido con esta ley es el de promover los marcos de reestructuraci\u00f3n preventiva a trav\u00e9s de la implantaci\u00f3n de sistemas de alerta temprana en las empresas. Dicho con otras palabras, se pretende fomentar <strong>que las empresas se anticipen a los problemas<\/strong>, pasando de un sistema reactivo a uno preventivo. Evidentemente, esto implica un cambio de cultura empresarial en nuestro pa\u00eds que no se producir\u00e1 de un d\u00eda para otro, siendo necesaria la colaboraci\u00f3n de todos los actores intervinientes, ya sean entidades financieras, administraciones p\u00fablicas, asesores, empresarios\u2026<\/p>\n<p>Mientras la ley se va poniendo en pr\u00e1ctica, ya est\u00e1n surgiendo dudas sobre c\u00f3mo van a quedar afectados los mencionados cr\u00e9ditos ICO en procesos de reestructuraci\u00f3n, todo ello tras el contenido de la <a href=\"https:\/\/www.boe.es\/buscar\/act.php?id=BOE-A-2022-14580#da-8\" target=\"_blank\" rel=\"noopener\">disposici\u00f3n adicional octava<\/a> recogida en dicha ley. Esta disposici\u00f3n adicional octava regula el r\u00e9gimen legal aplicable a estos cr\u00e9ditos ICO en los distintos procedimientos previstos en la Ley Concursal. Sin entrar a fondo sobre esta cuesti\u00f3n, ya que se trata de una materia muy densa y compleja, s\u00ed que conviene resaltar algunos aspectos fundamentales que tendr\u00e1n una trascendencia definitiva a la hora de negociar procesos de reestructuraci\u00f3n.<\/p>\n<p>En primer lugar, se establece que los cr\u00e9ditos derivados de los avales p\u00fablicos tendr\u00e1n la <strong>consideraci\u00f3n de cr\u00e9dito financiero<\/strong>, ostentando el rango de cr\u00e9dito ordinario. Este aspecto es fundamental ya que implica que no se trata de cr\u00e9dito tributario, el cual goza de una serie de privilegios en la normativa concursal, sino de cr\u00e9dito financiero que deber\u00eda estar sometido a las mismas consideraciones que el resto de los cr\u00e9ditos de igual rango.<\/p>\n<p>En segundo lugar, ser\u00e1n las entidades financieras, por nombre y cuenta del Estado, quienes ostenten la representaci\u00f3n. Ahora bien, para que estas puedan votar a favor de planes de reestructuraci\u00f3n que concedan aplazamientos, fraccionamientos y quitas, deber\u00e1n recabar previamente su <strong>aprobaci\u00f3n por parte del Departamento de Recaudaci\u00f3n de la Agencia Estatal de Administraci\u00f3n Tributaria<\/strong>; en caso contrario, se producir\u00e1 el perjuicio del aval.<\/p>\n<p>En los \u00faltimos a\u00f1os, el papel que ha venido desarrollando la AEAT en los procedimientos concursales ha sido <strong>absolutamente intrascendente<\/strong>, con relaci\u00f3n a participar en acuerdos de refinanciaci\u00f3n o propuestas de convenio. Y ello debe cambiar si queremos que se consiga el objetivo pretendido por la nueva Ley Concursal, que no es otro que el de fomentar las negociaciones entre las empresas y sus acreedores fuera del \u00e1mbito judicial, con la finalidad de mantener aquellas empresas que sean viables.<\/p>\n<p>Los cr\u00e9ditos ICO son una parte importante del pasivo de las empresas, con lo que dejarlos al margen de los planes de reestructuraci\u00f3n que se negocien ser\u00eda un error may\u00fasculo. Para ello, la AEAT deber\u00e1 articular un mecanismo de <strong>coordinaci\u00f3n eficiente con las entidades financieras<\/strong> que permita analizar cada una de las propuestas que se planteen. Y debe hacerlo de manera urgente, porque corremos el riesgo de que, mientras esto sucede, algunas empresas se vean abocadas a la liquidaci\u00f3n.<\/p>\n<p><a class=\"prBtn ghost-button\" href=\"https:\/\/pradagayoso.com\/wp-content\/uploads\/2022\/12\/articulo-javier-marquina-ico-reestructuracion.pdf\" target=\"_blank\" rel=\"noopener\">Ver art\u00edculo en PDF<\/a><\/p>\n<\/div>\n<\/div>\n<\/div>\n<\/div>\n<\/div>\n<\/section>\n","protected":false},"excerpt":{"rendered":"<p>Javier Marquina (socio de PradaGayoso) Capital &amp; Corporate Como consecuencia de la crisis originada por la COVID-19, el Gobierno despleg\u00f3 una serie de medidas para apoyar a las empresas y aut\u00f3nomos, destacando entre ellas las l\u00edneas de avales otorgadas por el Ministerio de Asuntos Econ\u00f3micos y Transformaci\u00f3n Digital. Seg\u00fan las cifras publicadas, el importe global &hellip; <\/p>\n<p class=\"link-more\"><a href=\"https:\/\/pradagayoso.com\/en\/en-los-medios\/creditos-ico-procesos-de-reestructuracion-javier-marquina-capital-corporate\/\" class=\"more-link\">Continue reading<span class=\"screen-reader-text\"> &#8220;&#8220;Cr\u00e9ditos ICO en procesos de reestructuraci\u00f3n&#8221;. Tribuna de Javier Marquina en la revista Capital &#038; Corporate&#8221;<\/span><\/a><\/p>\n","protected":false},"featured_media":0,"template":"","class_list":["post-3946","en-los-medios","type-en-los-medios","status-publish","hentry"],"yoast_head":"<!-- This site is optimized with the Yoast SEO plugin v28.2 - https:\/\/yoast.com\/product\/yoast-seo-wordpress\/ -->\n<title>&quot;Cr\u00e9ditos ICO en procesos de reestructuraci\u00f3n&quot;. Tribuna de Javier Marquina en la revista Capital &amp; Corporate - PradaGayoso<\/title>\n<meta name=\"description\" content=\"Javier Marquina, socio de PradaGayoso, analiza el impacto de los pr\u00e9stamos bancarios con aval del ICO en los procesos de reestructuraci\u00f3n.\" \/>\n<meta name=\"robots\" content=\"index, follow, max-snippet:-1, max-image-preview:large, max-video-preview:-1\" \/>\n<link rel=\"canonical\" href=\"https:\/\/pradagayoso.com\/en-los-medios\/creditos-ico-procesos-de-reestructuracion-javier-marquina-capital-corporate\/\" \/>\n<meta property=\"og:locale\" content=\"en_US\" \/>\n<meta property=\"og:type\" content=\"article\" \/>\n<meta property=\"og:title\" content=\"&quot;Cr\u00e9ditos ICO en procesos de reestructuraci\u00f3n&quot;. Tribuna de Javier Marquina en la revista Capital &amp; Corporate - PradaGayoso\" \/>\n<meta property=\"og:description\" content=\"Javier Marquina, socio de PradaGayoso, analiza el impacto de los pr\u00e9stamos bancarios con aval del ICO en los procesos de reestructuraci\u00f3n.\" \/>\n<meta property=\"og:url\" content=\"https:\/\/pradagayoso.com\/en-los-medios\/creditos-ico-procesos-de-reestructuracion-javier-marquina-capital-corporate\/\" \/>\n<meta property=\"og:site_name\" content=\"PradaGayoso\" \/>\n<meta property=\"article:publisher\" content=\"https:\/\/www.facebook.com\/pradagayoso\/\" \/>\n<meta property=\"article:modified_time\" content=\"2023-06-20T14:35:08+00:00\" \/>\n<meta property=\"og:image\" content=\"https:\/\/pradagayoso.com\/wp-content\/uploads\/2019\/01\/Img-OG-1200x630-PradaGayoso.jpg\" \/>\n\t<meta property=\"og:image:width\" content=\"1200\" \/>\n\t<meta property=\"og:image:height\" content=\"630\" \/>\n\t<meta property=\"og:image:type\" content=\"image\/jpeg\" \/>\n<meta name=\"twitter:card\" content=\"summary_large_image\" \/>\n<meta name=\"twitter:site\" content=\"@pradagayoso\" \/>\n<meta name=\"twitter:label1\" content=\"Est. reading time\" \/>\n\t<meta name=\"twitter:data1\" content=\"4 minutes\" \/>\n<script type=\"application\/ld+json\" class=\"yoast-schema-graph\">{\"@context\":\"https:\\\/\\\/schema.org\",\"@graph\":[{\"@type\":\"WebPage\",\"@id\":\"https:\\\/\\\/pradagayoso.com\\\/en-los-medios\\\/creditos-ico-procesos-de-reestructuracion-javier-marquina-capital-corporate\\\/\",\"url\":\"https:\\\/\\\/pradagayoso.com\\\/en-los-medios\\\/creditos-ico-procesos-de-reestructuracion-javier-marquina-capital-corporate\\\/\",\"name\":\"\\\"Cr\u00e9ditos ICO en procesos de reestructuraci\u00f3n\\\". Tribuna de Javier Marquina en la revista Capital & Corporate - PradaGayoso\",\"isPartOf\":{\"@id\":\"https:\\\/\\\/pradagayoso.com\\\/#website\"},\"datePublished\":\"2022-12-15T08:51:39+00:00\",\"dateModified\":\"2023-06-20T14:35:08+00:00\",\"description\":\"Javier Marquina, socio de PradaGayoso, analiza el impacto de los pr\u00e9stamos bancarios con aval del ICO en los procesos de reestructuraci\u00f3n.\",\"breadcrumb\":{\"@id\":\"https:\\\/\\\/pradagayoso.com\\\/en-los-medios\\\/creditos-ico-procesos-de-reestructuracion-javier-marquina-capital-corporate\\\/#breadcrumb\"},\"inLanguage\":\"en-US\",\"potentialAction\":[{\"@type\":\"ReadAction\",\"target\":[\"https:\\\/\\\/pradagayoso.com\\\/en-los-medios\\\/creditos-ico-procesos-de-reestructuracion-javier-marquina-capital-corporate\\\/\"]}]},{\"@type\":\"BreadcrumbList\",\"@id\":\"https:\\\/\\\/pradagayoso.com\\\/en-los-medios\\\/creditos-ico-procesos-de-reestructuracion-javier-marquina-capital-corporate\\\/#breadcrumb\",\"itemListElement\":[{\"@type\":\"ListItem\",\"position\":1,\"name\":\"Portada\",\"item\":\"https:\\\/\\\/pradagayoso.com\\\/en\\\/\"},{\"@type\":\"ListItem\",\"position\":2,\"name\":\"En los medios\",\"item\":\"https:\\\/\\\/pradagayoso.com\\\/en-los-medios\\\/\"},{\"@type\":\"ListItem\",\"position\":3,\"name\":\"\u00abCr\u00e9ditos ICO en procesos de reestructuraci\u00f3n\u00bb. Tribuna de Javier Marquina en la revista Capital &#038; Corporate\"}]},{\"@type\":\"WebSite\",\"@id\":\"https:\\\/\\\/pradagayoso.com\\\/#website\",\"url\":\"https:\\\/\\\/pradagayoso.com\\\/\",\"name\":\"PradaGayoso\",\"description\":\"Reestructuraci\u00f3n financiera\",\"publisher\":{\"@id\":\"https:\\\/\\\/pradagayoso.com\\\/#organization\"},\"potentialAction\":[{\"@type\":\"SearchAction\",\"target\":{\"@type\":\"EntryPoint\",\"urlTemplate\":\"https:\\\/\\\/pradagayoso.com\\\/?s={search_term_string}\"},\"query-input\":{\"@type\":\"PropertyValueSpecification\",\"valueRequired\":true,\"valueName\":\"search_term_string\"}}],\"inLanguage\":\"en-US\"},{\"@type\":\"Organization\",\"@id\":\"https:\\\/\\\/pradagayoso.com\\\/#organization\",\"name\":\"PradaGayoso\",\"url\":\"https:\\\/\\\/pradagayoso.com\\\/\",\"logo\":{\"@type\":\"ImageObject\",\"inLanguage\":\"en-US\",\"@id\":\"https:\\\/\\\/pradagayoso.com\\\/#\\\/schema\\\/logo\\\/image\\\/\",\"url\":\"https:\\\/\\\/pradagayoso.com\\\/wp-content\\\/uploads\\\/2018\\\/05\\\/logo_prada.png\",\"contentUrl\":\"https:\\\/\\\/pradagayoso.com\\\/wp-content\\\/uploads\\\/2018\\\/05\\\/logo_prada.png\",\"width\":284,\"height\":63,\"caption\":\"PradaGayoso\"},\"image\":{\"@id\":\"https:\\\/\\\/pradagayoso.com\\\/#\\\/schema\\\/logo\\\/image\\\/\"},\"sameAs\":[\"https:\\\/\\\/www.facebook.com\\\/pradagayoso\\\/\",\"https:\\\/\\\/x.com\\\/pradagayoso\",\"https:\\\/\\\/www.instagram.com\\\/pradagayoso\\\/\",\"https:\\\/\\\/www.linkedin.com\\\/company\\\/pradagayoso\\\/\",\"https:\\\/\\\/www.youtube.com\\\/channel\\\/UCOZT08GCsDLY8dVR8mH0IqA\"]}]}<\/script>\n<!-- \/ Yoast SEO plugin. -->","yoast_head_json":{"title":"\"Cr\u00e9ditos ICO en procesos de reestructuraci\u00f3n\". Tribuna de Javier Marquina en la revista Capital & Corporate - PradaGayoso","description":"Javier Marquina, socio de PradaGayoso, analiza el impacto de los pr\u00e9stamos bancarios con aval del ICO en los procesos de reestructuraci\u00f3n.","robots":{"index":"index","follow":"follow","max-snippet":"max-snippet:-1","max-image-preview":"max-image-preview:large","max-video-preview":"max-video-preview:-1"},"canonical":"https:\/\/pradagayoso.com\/en-los-medios\/creditos-ico-procesos-de-reestructuracion-javier-marquina-capital-corporate\/","og_locale":"en_US","og_type":"article","og_title":"\"Cr\u00e9ditos ICO en procesos de reestructuraci\u00f3n\". Tribuna de Javier Marquina en la revista Capital & Corporate - PradaGayoso","og_description":"Javier Marquina, socio de PradaGayoso, analiza el impacto de los pr\u00e9stamos bancarios con aval del ICO en los procesos de reestructuraci\u00f3n.","og_url":"https:\/\/pradagayoso.com\/en-los-medios\/creditos-ico-procesos-de-reestructuracion-javier-marquina-capital-corporate\/","og_site_name":"PradaGayoso","article_publisher":"https:\/\/www.facebook.com\/pradagayoso\/","article_modified_time":"2023-06-20T14:35:08+00:00","og_image":[{"width":1200,"height":630,"url":"https:\/\/pradagayoso.com\/wp-content\/uploads\/2019\/01\/Img-OG-1200x630-PradaGayoso.jpg","type":"image\/jpeg"}],"twitter_card":"summary_large_image","twitter_site":"@pradagayoso","twitter_misc":{"Est. reading time":"4 minutes"},"schema":{"@context":"https:\/\/schema.org","@graph":[{"@type":"WebPage","@id":"https:\/\/pradagayoso.com\/en-los-medios\/creditos-ico-procesos-de-reestructuracion-javier-marquina-capital-corporate\/","url":"https:\/\/pradagayoso.com\/en-los-medios\/creditos-ico-procesos-de-reestructuracion-javier-marquina-capital-corporate\/","name":"\"Cr\u00e9ditos ICO en procesos de reestructuraci\u00f3n\". Tribuna de Javier Marquina en la revista Capital & Corporate - PradaGayoso","isPartOf":{"@id":"https:\/\/pradagayoso.com\/#website"},"datePublished":"2022-12-15T08:51:39+00:00","dateModified":"2023-06-20T14:35:08+00:00","description":"Javier Marquina, socio de PradaGayoso, analiza el impacto de los pr\u00e9stamos bancarios con aval del ICO en los procesos de reestructuraci\u00f3n.","breadcrumb":{"@id":"https:\/\/pradagayoso.com\/en-los-medios\/creditos-ico-procesos-de-reestructuracion-javier-marquina-capital-corporate\/#breadcrumb"},"inLanguage":"en-US","potentialAction":[{"@type":"ReadAction","target":["https:\/\/pradagayoso.com\/en-los-medios\/creditos-ico-procesos-de-reestructuracion-javier-marquina-capital-corporate\/"]}]},{"@type":"BreadcrumbList","@id":"https:\/\/pradagayoso.com\/en-los-medios\/creditos-ico-procesos-de-reestructuracion-javier-marquina-capital-corporate\/#breadcrumb","itemListElement":[{"@type":"ListItem","position":1,"name":"Portada","item":"https:\/\/pradagayoso.com\/en\/"},{"@type":"ListItem","position":2,"name":"En los medios","item":"https:\/\/pradagayoso.com\/en-los-medios\/"},{"@type":"ListItem","position":3,"name":"\u00abCr\u00e9ditos ICO en procesos de reestructuraci\u00f3n\u00bb. Tribuna de Javier Marquina en la revista Capital &#038; Corporate"}]},{"@type":"WebSite","@id":"https:\/\/pradagayoso.com\/#website","url":"https:\/\/pradagayoso.com\/","name":"PradaGayoso","description":"Reestructuraci\u00f3n financiera","publisher":{"@id":"https:\/\/pradagayoso.com\/#organization"},"potentialAction":[{"@type":"SearchAction","target":{"@type":"EntryPoint","urlTemplate":"https:\/\/pradagayoso.com\/?s={search_term_string}"},"query-input":{"@type":"PropertyValueSpecification","valueRequired":true,"valueName":"search_term_string"}}],"inLanguage":"en-US"},{"@type":"Organization","@id":"https:\/\/pradagayoso.com\/#organization","name":"PradaGayoso","url":"https:\/\/pradagayoso.com\/","logo":{"@type":"ImageObject","inLanguage":"en-US","@id":"https:\/\/pradagayoso.com\/#\/schema\/logo\/image\/","url":"https:\/\/pradagayoso.com\/wp-content\/uploads\/2018\/05\/logo_prada.png","contentUrl":"https:\/\/pradagayoso.com\/wp-content\/uploads\/2018\/05\/logo_prada.png","width":284,"height":63,"caption":"PradaGayoso"},"image":{"@id":"https:\/\/pradagayoso.com\/#\/schema\/logo\/image\/"},"sameAs":["https:\/\/www.facebook.com\/pradagayoso\/","https:\/\/x.com\/pradagayoso","https:\/\/www.instagram.com\/pradagayoso\/","https:\/\/www.linkedin.com\/company\/pradagayoso\/","https:\/\/www.youtube.com\/channel\/UCOZT08GCsDLY8dVR8mH0IqA"]}]}},"_links":{"self":[{"href":"https:\/\/pradagayoso.com\/en\/wp-json\/wp\/v2\/en-los-medios\/3946","targetHints":{"allow":["GET"]}}],"collection":[{"href":"https:\/\/pradagayoso.com\/en\/wp-json\/wp\/v2\/en-los-medios"}],"about":[{"href":"https:\/\/pradagayoso.com\/en\/wp-json\/wp\/v2\/types\/en-los-medios"}],"version-history":[{"count":9,"href":"https:\/\/pradagayoso.com\/en\/wp-json\/wp\/v2\/en-los-medios\/3946\/revisions"}],"predecessor-version":[{"id":4253,"href":"https:\/\/pradagayoso.com\/en\/wp-json\/wp\/v2\/en-los-medios\/3946\/revisions\/4253"}],"wp:attachment":[{"href":"https:\/\/pradagayoso.com\/en\/wp-json\/wp\/v2\/media?parent=3946"}],"curies":[{"name":"wp","href":"https:\/\/api.w.org\/{rel}","templated":true}]}}