{"id":3599,"date":"2022-06-22T09:25:54","date_gmt":"2022-06-22T07:25:54","guid":{"rendered":"https:\/\/pradagayoso.com\/?post_type=en-los-medios&#038;p=3599"},"modified":"2022-06-22T09:25:54","modified_gmt":"2022-06-22T07:25:54","slug":"procedimiento-microempresas-tribuna-felix-salgado","status":"publish","type":"en-los-medios","link":"https:\/\/pradagayoso.com\/en\/en-los-medios\/procedimiento-microempresas-tribuna-felix-salgado\/","title":{"rendered":"&#8220;El procedimiento para microempresas llegar\u00e1 demasiado tarde&#8221;. Tribuna de F\u00e9lix Salgado en Cinco D\u00edas"},"content":{"rendered":"<style type=\"text\/css\"><\/style>\n<section class=\"kc-elm kc-css-584366 kc_row entradilla\">\n<div class=\"kc-row-container  kc-container\">\n<div class=\"kc-wrap-columns\">\n<div class=\"kc-elm kc-css-85620 kc_col-sm-12 kc_column kc_col-sm-12\">\n<div class=\"kc-col-container\">\n<div class=\"kc-elm kc-css-849760 kc_text_block\">\n<p><strong><a href=\"https:\/\/pradagayoso.com\/equipo\/felix-salgado\/\">F\u00e9lix Salgado<\/a> (socio de PradaGayoso)<\/strong><br \/><strong>Cinco D\u00edas<\/strong><\/p>\n<p>El jueves 30 de junio es un d\u00eda marcado en rojo para todos los operadores del \u00e1mbito concursal. El Gobierno se ha comprometido a tener aprobada para esa fecha la <strong>reforma del texto refundido de la Ley Concursal<\/strong>, que responde a la necesidad de trasponer la directiva comunitaria sobre reestructuraci\u00f3n e insolvencia. Se trata de uno de los hitos acordados con Bruselas en el Plan de Recuperaci\u00f3n, Transformaci\u00f3n y Resiliencia, de cuya ejecuci\u00f3n depende la llegada de los fondos europeos.<\/p>\n<p>Por otro lado, el 30 de junio est\u00e1 previsto que venza la <strong>moratoria concursal<\/strong>. Durante m\u00e1s de dos a\u00f1os, las empresas en dificultades han estado eximidas de la obligaci\u00f3n de recurrir al concurso de acreedores. El Gobierno adopt\u00f3 esta medida en marzo de 2020, al comienzo de la pandemia, y desde entonces la ha prorrogado en tres ocasiones. Pero, en principio, a partir del 1 de julio las empresas que se encuentren en estado de insolvencia deber\u00e1n solicitar la declaraci\u00f3n de concurso en el plazo de dos meses.<\/p>\n<p>Hay voces que alaban la intenci\u00f3n del legislador de acompasar el fin de la moratoria con la aprobaci\u00f3n de la nueva ley. Asentada la creencia de que se avecina un <strong>aluvi\u00f3n de concursos<\/strong> \u2014la propia ministra de Asuntos Econ\u00f3micos, Nadia Calvi\u00f1o, realiz\u00f3 unas declaraciones en tal sentido\u2014, se entiende que la nueva regulaci\u00f3n resulta m\u00e1s adecuada para soportar un aumento transitorio de las insolvencias.<\/p>\n<p>El proyecto de ley que se est\u00e1 tramitando en el Parlamento plantea <strong>dos mecanismos concursales seg\u00fan sea el tama\u00f1o de la empresa deudora<\/strong>: el concurso tradicional y el denominado \u201cprocedimiento especial para microempresas\u201d. Este \u00faltimo estar\u00e1 dirigido a compa\u00f1\u00edas que durante el \u00faltimo a\u00f1o hayan empleado a menos de diez trabajadores y hayan registrado un volumen de negocio inferior a dos millones de euros. Par\u00e1metros en los que encaja, seg\u00fan la exposici\u00f3n de motivos del proyecto de ley, el 93,82% de las empresas de este pa\u00eds.<\/p>\n<p>El legislador ha dise\u00f1ado un instrumento espec\u00edfico \u2014supuestamente m\u00e1s sencillo, m\u00e1s econ\u00f3mico y con menor intervenci\u00f3n judicial\u2014 para atender las peculiaridades de las empresas de menor tama\u00f1o. Ser\u00eda deseable, por tanto, que estas pudieran acogerse a \u00e9l en cuanto se retire la moratoria concursal. Sin embargo, se da la paradoja de que <strong>no estar\u00e1 disponible<\/strong> durante el periodo en el que se prev\u00e9 esa avalancha de concursos.<\/p>\n<p>Seg\u00fan la disposici\u00f3n transitoria segunda del proyecto de ley, el procedimiento especial no entrar\u00e1 en funcionamiento hasta el 1 de enero de 2023. De tal manera que todos los concursos solicitados desde la entrada en vigor de la nueva ley y hasta fin de a\u00f1o se tramitar\u00e1n <strong>por el r\u00e9gimen general<\/strong>, con independencia del tama\u00f1o de la empresa insolvente.<\/p>\n<p>El retraso en la implantaci\u00f3n del mecanismo especial para microempresas se explica por la necesidad de preparar la <strong>plataforma electr\u00f3nica<\/strong> que servir\u00e1 para la liquidaci\u00f3n de los bienes de las compa\u00f1\u00edas deudoras, as\u00ed como los <strong>formularios normalizados oficiales<\/strong> accesibles en l\u00ednea en los que descansar\u00e1 la tramitaci\u00f3n. En todo caso, ese desajuste en el calendario empa\u00f1ar\u00e1 el estreno de la nueva regulaci\u00f3n de la insolvencia.<\/p>\n<p>Hoy por hoy no es seguro que para el 30 de junio se haya aprobado la reforma del texto refundido de la Ley Concursal. La tramitaci\u00f3n parlamentaria lleva su curso y no cabr\u00eda descartar tampoco una cuarta pr\u00f3rroga de la moratoria. Pero en alg\u00fan momento \u2014sea ahora en junio o a la vuelta del verano\u2014 la reforma entrar\u00e1 en vigor y la moratoria llegar\u00e1 a su fin, y nos encontraremos de nuevo con que el procedimiento especial para microempresas seguir\u00e1 <strong>inoperativo hasta el pr\u00f3ximo a\u00f1o<\/strong>.<\/p>\n<p>Ante la perspectiva de una oleada de insolvencias, \u00bfnuestros responsables p\u00fablicos han previsto esta circunstancia? Y si lo han hecho, \u00bftienen contemplada <strong>alguna soluci\u00f3n<\/strong>? \u00bfSe va a extender, por ejemplo, la moratoria de forma exclusiva para las microempresas hasta el 1 de enero de 2023? Llevamos m\u00e1s de dos a\u00f1os inmersos en un r\u00e9gimen concursal de emergencia y cualquier medida que pueda adoptarse a estas alturas debe extremar la protecci\u00f3n de todas las partes afectadas, sin olvidar la capacidad de los juzgados de lo mercantil para hacer frente a una avalancha de concursos.<\/p>\n<p><a class=\"prBtn ghost-button\" href=\"https:\/\/cincodias.elpais.com\/cincodias\/2022\/06\/21\/legal\/1655798985_972767.html\" target=\"_blank\" rel=\"noopener\">Ver art\u00edculo en Cinco D\u00edas<\/a><\/p>\n<\/div>\n<\/div>\n<\/div>\n<\/div>\n<\/div>\n<\/section>\n","protected":false},"excerpt":{"rendered":"<p>F\u00e9lix Salgado (socio de PradaGayoso)Cinco D\u00edas El jueves 30 de junio es un d\u00eda marcado en rojo para todos los operadores del \u00e1mbito concursal. El Gobierno se ha comprometido a tener aprobada para esa fecha la reforma del texto refundido de la Ley Concursal, que responde a la necesidad de trasponer la directiva comunitaria sobre &hellip; <\/p>\n<p class=\"link-more\"><a href=\"https:\/\/pradagayoso.com\/en\/en-los-medios\/procedimiento-microempresas-tribuna-felix-salgado\/\" class=\"more-link\">Continue reading<span class=\"screen-reader-text\"> &#8220;&#8220;El procedimiento para microempresas llegar\u00e1 demasiado tarde&#8221;. Tribuna de F\u00e9lix Salgado en Cinco D\u00edas&#8221;<\/span><\/a><\/p>\n","protected":false},"featured_media":0,"template":"","class_list":["post-3599","en-los-medios","type-en-los-medios","status-publish","hentry"],"yoast_head":"<!-- This site is optimized with the Yoast SEO plugin v28.2 - https:\/\/yoast.com\/product\/yoast-seo-wordpress\/ -->\n<title>&quot;El procedimiento para microempresas llegar\u00e1 demasiado tarde&quot;. Tribuna de F\u00e9lix Salgado en Cinco D\u00edas - PradaGayoso<\/title>\n<meta name=\"description\" content=\"El procedimiento especial para la insolvencia de las microempresas no entrar\u00e1 en vigor hasta el 1 de enero de 2023.\" \/>\n<meta name=\"robots\" content=\"index, follow, max-snippet:-1, max-image-preview:large, max-video-preview:-1\" \/>\n<link rel=\"canonical\" href=\"https:\/\/pradagayoso.com\/en-los-medios\/procedimiento-microempresas-tribuna-felix-salgado\/\" \/>\n<meta property=\"og:locale\" content=\"en_US\" \/>\n<meta property=\"og:type\" content=\"article\" \/>\n<meta property=\"og:title\" content=\"&quot;El procedimiento para microempresas llegar\u00e1 demasiado tarde&quot;. Tribuna de F\u00e9lix Salgado en Cinco D\u00edas - PradaGayoso\" \/>\n<meta property=\"og:description\" content=\"El procedimiento especial para la insolvencia de las microempresas no entrar\u00e1 en vigor hasta el 1 de enero de 2023.\" \/>\n<meta property=\"og:url\" content=\"https:\/\/pradagayoso.com\/en-los-medios\/procedimiento-microempresas-tribuna-felix-salgado\/\" \/>\n<meta property=\"og:site_name\" content=\"PradaGayoso\" \/>\n<meta property=\"article:publisher\" content=\"https:\/\/www.facebook.com\/pradagayoso\/\" \/>\n<meta property=\"og:image\" content=\"https:\/\/pradagayoso.com\/wp-content\/uploads\/2019\/01\/Img-OG-1200x630-PradaGayoso.jpg\" \/>\n\t<meta property=\"og:image:width\" content=\"1200\" \/>\n\t<meta property=\"og:image:height\" content=\"630\" \/>\n\t<meta property=\"og:image:type\" content=\"image\/jpeg\" \/>\n<meta name=\"twitter:card\" content=\"summary_large_image\" \/>\n<meta name=\"twitter:site\" content=\"@pradagayoso\" \/>\n<meta name=\"twitter:label1\" content=\"Est. reading time\" \/>\n\t<meta name=\"twitter:data1\" content=\"4 minutes\" \/>\n<script type=\"application\/ld+json\" class=\"yoast-schema-graph\">{\"@context\":\"https:\\\/\\\/schema.org\",\"@graph\":[{\"@type\":\"WebPage\",\"@id\":\"https:\\\/\\\/pradagayoso.com\\\/en-los-medios\\\/procedimiento-microempresas-tribuna-felix-salgado\\\/\",\"url\":\"https:\\\/\\\/pradagayoso.com\\\/en-los-medios\\\/procedimiento-microempresas-tribuna-felix-salgado\\\/\",\"name\":\"\\\"El procedimiento para microempresas llegar\u00e1 demasiado tarde\\\". Tribuna de F\u00e9lix Salgado en Cinco D\u00edas - PradaGayoso\",\"isPartOf\":{\"@id\":\"https:\\\/\\\/pradagayoso.com\\\/#website\"},\"datePublished\":\"2022-06-22T07:25:54+00:00\",\"description\":\"El procedimiento especial para la insolvencia de las microempresas no entrar\u00e1 en vigor hasta el 1 de enero de 2023.\",\"breadcrumb\":{\"@id\":\"https:\\\/\\\/pradagayoso.com\\\/en-los-medios\\\/procedimiento-microempresas-tribuna-felix-salgado\\\/#breadcrumb\"},\"inLanguage\":\"en-US\",\"potentialAction\":[{\"@type\":\"ReadAction\",\"target\":[\"https:\\\/\\\/pradagayoso.com\\\/en-los-medios\\\/procedimiento-microempresas-tribuna-felix-salgado\\\/\"]}]},{\"@type\":\"BreadcrumbList\",\"@id\":\"https:\\\/\\\/pradagayoso.com\\\/en-los-medios\\\/procedimiento-microempresas-tribuna-felix-salgado\\\/#breadcrumb\",\"itemListElement\":[{\"@type\":\"ListItem\",\"position\":1,\"name\":\"Portada\",\"item\":\"https:\\\/\\\/pradagayoso.com\\\/en\\\/\"},{\"@type\":\"ListItem\",\"position\":2,\"name\":\"En los medios\",\"item\":\"https:\\\/\\\/pradagayoso.com\\\/en-los-medios\\\/\"},{\"@type\":\"ListItem\",\"position\":3,\"name\":\"\u00abEl procedimiento para microempresas llegar\u00e1 demasiado tarde\u00bb. Tribuna de F\u00e9lix Salgado en Cinco D\u00edas\"}]},{\"@type\":\"WebSite\",\"@id\":\"https:\\\/\\\/pradagayoso.com\\\/#website\",\"url\":\"https:\\\/\\\/pradagayoso.com\\\/\",\"name\":\"PradaGayoso\",\"description\":\"Reestructuraci\u00f3n financiera\",\"publisher\":{\"@id\":\"https:\\\/\\\/pradagayoso.com\\\/#organization\"},\"potentialAction\":[{\"@type\":\"SearchAction\",\"target\":{\"@type\":\"EntryPoint\",\"urlTemplate\":\"https:\\\/\\\/pradagayoso.com\\\/?s={search_term_string}\"},\"query-input\":{\"@type\":\"PropertyValueSpecification\",\"valueRequired\":true,\"valueName\":\"search_term_string\"}}],\"inLanguage\":\"en-US\"},{\"@type\":\"Organization\",\"@id\":\"https:\\\/\\\/pradagayoso.com\\\/#organization\",\"name\":\"PradaGayoso\",\"url\":\"https:\\\/\\\/pradagayoso.com\\\/\",\"logo\":{\"@type\":\"ImageObject\",\"inLanguage\":\"en-US\",\"@id\":\"https:\\\/\\\/pradagayoso.com\\\/#\\\/schema\\\/logo\\\/image\\\/\",\"url\":\"https:\\\/\\\/pradagayoso.com\\\/wp-content\\\/uploads\\\/2018\\\/05\\\/logo_prada.png\",\"contentUrl\":\"https:\\\/\\\/pradagayoso.com\\\/wp-content\\\/uploads\\\/2018\\\/05\\\/logo_prada.png\",\"width\":284,\"height\":63,\"caption\":\"PradaGayoso\"},\"image\":{\"@id\":\"https:\\\/\\\/pradagayoso.com\\\/#\\\/schema\\\/logo\\\/image\\\/\"},\"sameAs\":[\"https:\\\/\\\/www.facebook.com\\\/pradagayoso\\\/\",\"https:\\\/\\\/x.com\\\/pradagayoso\",\"https:\\\/\\\/www.instagram.com\\\/pradagayoso\\\/\",\"https:\\\/\\\/www.linkedin.com\\\/company\\\/pradagayoso\\\/\",\"https:\\\/\\\/www.youtube.com\\\/channel\\\/UCOZT08GCsDLY8dVR8mH0IqA\"]}]}<\/script>\n<!-- \/ Yoast SEO plugin. -->","yoast_head_json":{"title":"\"El procedimiento para microempresas llegar\u00e1 demasiado tarde\". Tribuna de F\u00e9lix Salgado en Cinco D\u00edas - PradaGayoso","description":"El procedimiento especial para la insolvencia de las microempresas no entrar\u00e1 en vigor hasta el 1 de enero de 2023.","robots":{"index":"index","follow":"follow","max-snippet":"max-snippet:-1","max-image-preview":"max-image-preview:large","max-video-preview":"max-video-preview:-1"},"canonical":"https:\/\/pradagayoso.com\/en-los-medios\/procedimiento-microempresas-tribuna-felix-salgado\/","og_locale":"en_US","og_type":"article","og_title":"\"El procedimiento para microempresas llegar\u00e1 demasiado tarde\". Tribuna de F\u00e9lix Salgado en Cinco D\u00edas - PradaGayoso","og_description":"El procedimiento especial para la insolvencia de las microempresas no entrar\u00e1 en vigor hasta el 1 de enero de 2023.","og_url":"https:\/\/pradagayoso.com\/en-los-medios\/procedimiento-microempresas-tribuna-felix-salgado\/","og_site_name":"PradaGayoso","article_publisher":"https:\/\/www.facebook.com\/pradagayoso\/","og_image":[{"width":1200,"height":630,"url":"https:\/\/pradagayoso.com\/wp-content\/uploads\/2019\/01\/Img-OG-1200x630-PradaGayoso.jpg","type":"image\/jpeg"}],"twitter_card":"summary_large_image","twitter_site":"@pradagayoso","twitter_misc":{"Est. reading time":"4 minutes"},"schema":{"@context":"https:\/\/schema.org","@graph":[{"@type":"WebPage","@id":"https:\/\/pradagayoso.com\/en-los-medios\/procedimiento-microempresas-tribuna-felix-salgado\/","url":"https:\/\/pradagayoso.com\/en-los-medios\/procedimiento-microempresas-tribuna-felix-salgado\/","name":"\"El procedimiento para microempresas llegar\u00e1 demasiado tarde\". Tribuna de F\u00e9lix Salgado en Cinco D\u00edas - PradaGayoso","isPartOf":{"@id":"https:\/\/pradagayoso.com\/#website"},"datePublished":"2022-06-22T07:25:54+00:00","description":"El procedimiento especial para la insolvencia de las microempresas no entrar\u00e1 en vigor hasta el 1 de enero de 2023.","breadcrumb":{"@id":"https:\/\/pradagayoso.com\/en-los-medios\/procedimiento-microempresas-tribuna-felix-salgado\/#breadcrumb"},"inLanguage":"en-US","potentialAction":[{"@type":"ReadAction","target":["https:\/\/pradagayoso.com\/en-los-medios\/procedimiento-microempresas-tribuna-felix-salgado\/"]}]},{"@type":"BreadcrumbList","@id":"https:\/\/pradagayoso.com\/en-los-medios\/procedimiento-microempresas-tribuna-felix-salgado\/#breadcrumb","itemListElement":[{"@type":"ListItem","position":1,"name":"Portada","item":"https:\/\/pradagayoso.com\/en\/"},{"@type":"ListItem","position":2,"name":"En los medios","item":"https:\/\/pradagayoso.com\/en-los-medios\/"},{"@type":"ListItem","position":3,"name":"\u00abEl procedimiento para microempresas llegar\u00e1 demasiado tarde\u00bb. Tribuna de F\u00e9lix Salgado en Cinco D\u00edas"}]},{"@type":"WebSite","@id":"https:\/\/pradagayoso.com\/#website","url":"https:\/\/pradagayoso.com\/","name":"PradaGayoso","description":"Reestructuraci\u00f3n financiera","publisher":{"@id":"https:\/\/pradagayoso.com\/#organization"},"potentialAction":[{"@type":"SearchAction","target":{"@type":"EntryPoint","urlTemplate":"https:\/\/pradagayoso.com\/?s={search_term_string}"},"query-input":{"@type":"PropertyValueSpecification","valueRequired":true,"valueName":"search_term_string"}}],"inLanguage":"en-US"},{"@type":"Organization","@id":"https:\/\/pradagayoso.com\/#organization","name":"PradaGayoso","url":"https:\/\/pradagayoso.com\/","logo":{"@type":"ImageObject","inLanguage":"en-US","@id":"https:\/\/pradagayoso.com\/#\/schema\/logo\/image\/","url":"https:\/\/pradagayoso.com\/wp-content\/uploads\/2018\/05\/logo_prada.png","contentUrl":"https:\/\/pradagayoso.com\/wp-content\/uploads\/2018\/05\/logo_prada.png","width":284,"height":63,"caption":"PradaGayoso"},"image":{"@id":"https:\/\/pradagayoso.com\/#\/schema\/logo\/image\/"},"sameAs":["https:\/\/www.facebook.com\/pradagayoso\/","https:\/\/x.com\/pradagayoso","https:\/\/www.instagram.com\/pradagayoso\/","https:\/\/www.linkedin.com\/company\/pradagayoso\/","https:\/\/www.youtube.com\/channel\/UCOZT08GCsDLY8dVR8mH0IqA"]}]}},"_links":{"self":[{"href":"https:\/\/pradagayoso.com\/en\/wp-json\/wp\/v2\/en-los-medios\/3599","targetHints":{"allow":["GET"]}}],"collection":[{"href":"https:\/\/pradagayoso.com\/en\/wp-json\/wp\/v2\/en-los-medios"}],"about":[{"href":"https:\/\/pradagayoso.com\/en\/wp-json\/wp\/v2\/types\/en-los-medios"}],"version-history":[{"count":3,"href":"https:\/\/pradagayoso.com\/en\/wp-json\/wp\/v2\/en-los-medios\/3599\/revisions"}],"predecessor-version":[{"id":3602,"href":"https:\/\/pradagayoso.com\/en\/wp-json\/wp\/v2\/en-los-medios\/3599\/revisions\/3602"}],"wp:attachment":[{"href":"https:\/\/pradagayoso.com\/en\/wp-json\/wp\/v2\/media?parent=3599"}],"curies":[{"name":"wp","href":"https:\/\/api.w.org\/{rel}","templated":true}]}}