{"id":3195,"date":"2022-01-27T10:22:42","date_gmt":"2022-01-27T08:22:42","guid":{"rendered":"https:\/\/pradagayoso.com\/?post_type=en-los-medios&#038;p=3195"},"modified":"2022-01-27T10:22:42","modified_gmt":"2022-01-27T08:22:42","slug":"novedades-proyecto-ley-reforma-concursal-tribuna-guillermo-prada-cinco-dias","status":"publish","type":"en-los-medios","link":"https:\/\/pradagayoso.com\/en\/en-los-medios\/novedades-proyecto-ley-reforma-concursal-tribuna-guillermo-prada-cinco-dias\/","title":{"rendered":"&#8220;Novedades del proyecto de ley de reforma concursal&#8221;. Tribuna de Guillermo Prada en Cinco D\u00edas"},"content":{"rendered":"<style type=\"text\/css\"><\/style>\n<section class=\"kc-elm kc-css-1892110 kc_row entradilla\">\n<div class=\"kc-row-container  kc-container\">\n<div class=\"kc-wrap-columns\">\n<div class=\"kc-elm kc-css-1506841 kc_col-sm-12 kc_column kc_col-sm-12\">\n<div class=\"kc-col-container\">\n<div class=\"kc-elm kc-css-3924119 kc_text_block\">\n<p><strong><a href=\"https:\/\/pradagayoso.com\/equipo\/guillermo-prada\/\">Guillermo Prada<\/a> (socio de PradaGayoso)<\/strong><br \/>\n<strong>Cinco D\u00edas<\/strong><\/p>\n<p>Reci\u00e9n publicado el <a href=\"https:\/\/www.congreso.es\/proyectos-de-ley?p_p_id=iniciativas&amp;p_p_lifecycle=0&amp;p_p_state=normal&amp;p_p_mode=view&amp;_iniciativas_mode=mostrarDetalle&amp;_iniciativas_legislatura=XIV&amp;_iniciativas_id=121%2F000084\" target=\"_blank\" rel=\"noopener\">Proyecto de Ley<\/a> de Reforma del Texto Refundido de la Ley Concursal, se puede afirmar que el Consejo de Ministros <strong>ha mantenido las l\u00edneas maestras del anteproyecto<\/strong> presentado en el mes de agosto. Prueba de ello es que no se han introducido cambios sustanciales en el libro tercero, el relativo al procedimiento especial para microempresas, sin duda alguna el aspecto que hab\u00eda generado m\u00e1s pol\u00e9mica entre los operadores del sector.<\/p>\n<p>De la lectura detallada del proyecto de ley se desprenden, sin embargo, una serie de novedades que merece la pena rese\u00f1ar. Por ejemplo, en cuanto al <strong>procedimiento especial para microempresas<\/strong>, se reconoce ahora el derecho a la asistencia jur\u00eddica gratuita a aquellas personas naturales que acrediten falta de recursos para litigar, aunque se mantiene como no preceptiva la intervenci\u00f3n del abogado y procurador.<\/p>\n<p>Tal como el Gobierno anunci\u00f3 en diciembre, el nuevo texto abre la puerta, aunque de forma muy restrictiva, al <strong>perd\u00f3n de las deudas p\u00fablicas<\/strong> a las personas naturales que, sin mala fe, hayan fracasado en sus proyectos empresariales. En concreto, se establece para todos los casos, con independencia del pasivo de que se trate, una exoneraci\u00f3n l\u00edmite de mil euros por las deudas con Hacienda y de otro tanto por las deudas con la Seguridad Social.<\/p>\n<p>Conviene recordar que la directiva europea sobre reestructuraci\u00f3n e insolvencia exige a los Estados miembros que ofrezcan a los empresarios insolventes \u201cla oportunidad de lograr la <strong>plena exoneraci\u00f3n<\/strong> de deudas dentro de un plazo que no sea superior a tres a\u00f1os\u201d. Por el contrario, el modelo que se pretende implantar en Espa\u00f1a sigue negando el acceso de los empresarios a una segunda oportunidad.<\/p>\n<p>Otra de las novedades que trae consigo el proyecto de ley es la <strong>limitaci\u00f3n temporal del preconcurso<\/strong> (o escudo protector de las negociaciones con los acreedores) a un m\u00e1ximo de seis meses. Transcurridos los tres primeros desde la comunicaci\u00f3n al juzgado, la empresa deudora o la mayor\u00eda de los acreedores podr\u00e1n solicitar una \u00fanica pr\u00f3rroga con una duraci\u00f3n m\u00e1xima de otros tres meses.<\/p>\n<p>Es una l\u00e1stima que se haya eliminado la posibilidad de alargar las negociaciones <strong>hasta un total de doce meses<\/strong>, siempre con el visto bueno de la mayor\u00eda de los acreedores. La nueva regulaci\u00f3n del escudo protector resta flexibilidad para abordar aquellos procesos de reestructuraci\u00f3n especialmente complejos, en los que intervienen fondos de inversi\u00f3n internacionales.<\/p>\n<p>Tambi\u00e9n se ha incorporado un cambio digno de menci\u00f3n respecto a la <strong>solicitud de concurso con presentaci\u00f3n de oferta de adquisici\u00f3n<\/strong> de una o varias unidades productivas (el llamado <em>pre-pack<\/em>). El proyecto de ley especifica que el ofertante deber\u00e1 comprometerse a tener en funcionamiento la unidad productiva al menos durante tres a\u00f1os, so pena de que cualquier afectado pueda reclamar una indemnizaci\u00f3n por los da\u00f1os y perjuicios causados.<\/p>\n<p>Resulta pertinente determinar un plazo m\u00ednimo para la continuidad de la unidad productiva transmitida, dado que la f\u00f3rmula del <em>pre-pack<\/em> est\u00e1 concebida como un <strong>mecanismo para la reestructuraci\u00f3n empresarial<\/strong>, y no como una suerte de liquidaci\u00f3n encubierta de negocios fallidos.<\/p>\n<p>En t\u00e9rminos positivos debe juzgarse, asimismo, la concreci\u00f3n del <strong>estado de probabilidad de insolvencia<\/strong>. Para ello se ha optado por fijar un horizonte temporal, a semejanza del modelo germano: \u201cSe considera que existe probabilidad de insolvencia cuando sea objetivamente previsible que, de no alcanzarse un plan de reestructuraci\u00f3n, el deudor no podr\u00e1 cumplir regularmente sus obligaciones que venzan en los pr\u00f3ximos dos a\u00f1os\u201d.<\/p>\n<p>Ser\u00e1 entonces cuando deber\u00e1 entrar en juego el <strong>sistema de alerta temprana<\/strong> \u2014basado en la informaci\u00f3n de la Hacienda p\u00fablica y de la Seguridad Social\u2014 para que las empresas que muestren las primeras se\u00f1ales de dificultad financiera puedan acogerse a los mecanismos de reestructuraci\u00f3n preventiva previstos en la ley.<\/p>\n<p>En fin, sin \u00e1nimo de ser exhaustivos, estos son algunos de los aspectos m\u00e1s novedosos que se contemplan en el proyecto de ley de reforma concursal. Pero faltan todav\u00eda unos meses para conocer el texto definitivo. De la tramitaci\u00f3n parlamentaria cabe esperar que la trasposici\u00f3n de la directiva europea se realice <strong>con la m\u00e1xima ambici\u00f3n posible<\/strong> para que Espa\u00f1a se dote de un sistema de insolvencia plenamente competitivo con el de los pa\u00edses de nuestro entorno.<\/p>\n<p><a class=\"prBtn ghost-button\" href=\"https:\/\/cincodias.elpais.com\/cincodias\/2022\/01\/26\/legal\/1643188117_202166.html\" target=\"_blank\" rel=\"noopener\">Ver art\u00edculo en Cinco D\u00edas<\/a><\/p>\n<\/div>\n<\/div>\n<\/div>\n<\/div>\n<\/div>\n<\/section>\n","protected":false},"excerpt":{"rendered":"<p>Guillermo Prada (socio de PradaGayoso) Cinco D\u00edas Reci\u00e9n publicado el Proyecto de Ley de Reforma del Texto Refundido de la Ley Concursal, se puede afirmar que el Consejo de Ministros ha mantenido las l\u00edneas maestras del anteproyecto presentado en el mes de agosto. Prueba de ello es que no se han introducido cambios sustanciales en &hellip; <\/p>\n<p class=\"link-more\"><a href=\"https:\/\/pradagayoso.com\/en\/en-los-medios\/novedades-proyecto-ley-reforma-concursal-tribuna-guillermo-prada-cinco-dias\/\" class=\"more-link\">Continue reading<span class=\"screen-reader-text\"> &#8220;&#8220;Novedades del proyecto de ley de reforma concursal&#8221;. Tribuna de Guillermo Prada en Cinco D\u00edas&#8221;<\/span><\/a><\/p>\n","protected":false},"featured_media":0,"template":"","class_list":["post-3195","en-los-medios","type-en-los-medios","status-publish","hentry"],"yoast_head":"<!-- This site is optimized with the Yoast SEO plugin v28.2 - https:\/\/yoast.com\/product\/yoast-seo-wordpress\/ -->\n<title>&quot;Novedades del proyecto de ley de reforma concursal&quot;. Tribuna de Guillermo Prada en Cinco D\u00edas - PradaGayoso<\/title>\n<meta name=\"description\" content=\"El Proyecto de Ley de Reforma del Texto Refundido de la Ley Concursal mantiene las l\u00edneas maestras del anteproyecto presentado en agosto.\" \/>\n<meta name=\"robots\" content=\"index, follow, max-snippet:-1, max-image-preview:large, max-video-preview:-1\" \/>\n<link rel=\"canonical\" href=\"https:\/\/pradagayoso.com\/en-los-medios\/novedades-proyecto-ley-reforma-concursal-tribuna-guillermo-prada-cinco-dias\/\" \/>\n<meta property=\"og:locale\" content=\"en_US\" \/>\n<meta property=\"og:type\" content=\"article\" \/>\n<meta property=\"og:title\" content=\"&quot;Novedades del proyecto de ley de reforma concursal&quot;. Tribuna de Guillermo Prada en Cinco D\u00edas - PradaGayoso\" \/>\n<meta property=\"og:description\" content=\"El Proyecto de Ley de Reforma del Texto Refundido de la Ley Concursal mantiene las l\u00edneas maestras del anteproyecto presentado en agosto.\" \/>\n<meta property=\"og:url\" content=\"https:\/\/pradagayoso.com\/en-los-medios\/novedades-proyecto-ley-reforma-concursal-tribuna-guillermo-prada-cinco-dias\/\" \/>\n<meta property=\"og:site_name\" content=\"PradaGayoso\" \/>\n<meta property=\"article:publisher\" content=\"https:\/\/www.facebook.com\/pradagayoso\/\" \/>\n<meta property=\"og:image\" content=\"https:\/\/pradagayoso.com\/wp-content\/uploads\/2019\/01\/Img-OG-1200x630-PradaGayoso.jpg\" \/>\n\t<meta property=\"og:image:width\" content=\"1200\" \/>\n\t<meta property=\"og:image:height\" content=\"630\" \/>\n\t<meta property=\"og:image:type\" content=\"image\/jpeg\" \/>\n<meta name=\"twitter:card\" content=\"summary_large_image\" \/>\n<meta name=\"twitter:site\" content=\"@pradagayoso\" \/>\n<meta name=\"twitter:label1\" content=\"Est. reading time\" \/>\n\t<meta name=\"twitter:data1\" content=\"4 minutes\" \/>\n<script type=\"application\/ld+json\" class=\"yoast-schema-graph\">{\"@context\":\"https:\\\/\\\/schema.org\",\"@graph\":[{\"@type\":\"WebPage\",\"@id\":\"https:\\\/\\\/pradagayoso.com\\\/en-los-medios\\\/novedades-proyecto-ley-reforma-concursal-tribuna-guillermo-prada-cinco-dias\\\/\",\"url\":\"https:\\\/\\\/pradagayoso.com\\\/en-los-medios\\\/novedades-proyecto-ley-reforma-concursal-tribuna-guillermo-prada-cinco-dias\\\/\",\"name\":\"\\\"Novedades del proyecto de ley de reforma concursal\\\". Tribuna de Guillermo Prada en Cinco D\u00edas - PradaGayoso\",\"isPartOf\":{\"@id\":\"https:\\\/\\\/pradagayoso.com\\\/#website\"},\"datePublished\":\"2022-01-27T08:22:42+00:00\",\"description\":\"El Proyecto de Ley de Reforma del Texto Refundido de la Ley Concursal mantiene las l\u00edneas maestras del anteproyecto presentado en agosto.\",\"breadcrumb\":{\"@id\":\"https:\\\/\\\/pradagayoso.com\\\/en-los-medios\\\/novedades-proyecto-ley-reforma-concursal-tribuna-guillermo-prada-cinco-dias\\\/#breadcrumb\"},\"inLanguage\":\"en-US\",\"potentialAction\":[{\"@type\":\"ReadAction\",\"target\":[\"https:\\\/\\\/pradagayoso.com\\\/en-los-medios\\\/novedades-proyecto-ley-reforma-concursal-tribuna-guillermo-prada-cinco-dias\\\/\"]}]},{\"@type\":\"BreadcrumbList\",\"@id\":\"https:\\\/\\\/pradagayoso.com\\\/en-los-medios\\\/novedades-proyecto-ley-reforma-concursal-tribuna-guillermo-prada-cinco-dias\\\/#breadcrumb\",\"itemListElement\":[{\"@type\":\"ListItem\",\"position\":1,\"name\":\"Portada\",\"item\":\"https:\\\/\\\/pradagayoso.com\\\/en\\\/\"},{\"@type\":\"ListItem\",\"position\":2,\"name\":\"En los medios\",\"item\":\"https:\\\/\\\/pradagayoso.com\\\/en-los-medios\\\/\"},{\"@type\":\"ListItem\",\"position\":3,\"name\":\"\u00abNovedades del proyecto de ley de reforma concursal\u00bb. Tribuna de Guillermo Prada en Cinco D\u00edas\"}]},{\"@type\":\"WebSite\",\"@id\":\"https:\\\/\\\/pradagayoso.com\\\/#website\",\"url\":\"https:\\\/\\\/pradagayoso.com\\\/\",\"name\":\"PradaGayoso\",\"description\":\"Reestructuraci\u00f3n financiera\",\"publisher\":{\"@id\":\"https:\\\/\\\/pradagayoso.com\\\/#organization\"},\"potentialAction\":[{\"@type\":\"SearchAction\",\"target\":{\"@type\":\"EntryPoint\",\"urlTemplate\":\"https:\\\/\\\/pradagayoso.com\\\/?s={search_term_string}\"},\"query-input\":{\"@type\":\"PropertyValueSpecification\",\"valueRequired\":true,\"valueName\":\"search_term_string\"}}],\"inLanguage\":\"en-US\"},{\"@type\":\"Organization\",\"@id\":\"https:\\\/\\\/pradagayoso.com\\\/#organization\",\"name\":\"PradaGayoso\",\"url\":\"https:\\\/\\\/pradagayoso.com\\\/\",\"logo\":{\"@type\":\"ImageObject\",\"inLanguage\":\"en-US\",\"@id\":\"https:\\\/\\\/pradagayoso.com\\\/#\\\/schema\\\/logo\\\/image\\\/\",\"url\":\"https:\\\/\\\/pradagayoso.com\\\/wp-content\\\/uploads\\\/2018\\\/05\\\/logo_prada.png\",\"contentUrl\":\"https:\\\/\\\/pradagayoso.com\\\/wp-content\\\/uploads\\\/2018\\\/05\\\/logo_prada.png\",\"width\":284,\"height\":63,\"caption\":\"PradaGayoso\"},\"image\":{\"@id\":\"https:\\\/\\\/pradagayoso.com\\\/#\\\/schema\\\/logo\\\/image\\\/\"},\"sameAs\":[\"https:\\\/\\\/www.facebook.com\\\/pradagayoso\\\/\",\"https:\\\/\\\/x.com\\\/pradagayoso\",\"https:\\\/\\\/www.instagram.com\\\/pradagayoso\\\/\",\"https:\\\/\\\/www.linkedin.com\\\/company\\\/pradagayoso\\\/\",\"https:\\\/\\\/www.youtube.com\\\/channel\\\/UCOZT08GCsDLY8dVR8mH0IqA\"]}]}<\/script>\n<!-- \/ Yoast SEO plugin. -->","yoast_head_json":{"title":"\"Novedades del proyecto de ley de reforma concursal\". Tribuna de Guillermo Prada en Cinco D\u00edas - PradaGayoso","description":"El Proyecto de Ley de Reforma del Texto Refundido de la Ley Concursal mantiene las l\u00edneas maestras del anteproyecto presentado en agosto.","robots":{"index":"index","follow":"follow","max-snippet":"max-snippet:-1","max-image-preview":"max-image-preview:large","max-video-preview":"max-video-preview:-1"},"canonical":"https:\/\/pradagayoso.com\/en-los-medios\/novedades-proyecto-ley-reforma-concursal-tribuna-guillermo-prada-cinco-dias\/","og_locale":"en_US","og_type":"article","og_title":"\"Novedades del proyecto de ley de reforma concursal\". Tribuna de Guillermo Prada en Cinco D\u00edas - PradaGayoso","og_description":"El Proyecto de Ley de Reforma del Texto Refundido de la Ley Concursal mantiene las l\u00edneas maestras del anteproyecto presentado en agosto.","og_url":"https:\/\/pradagayoso.com\/en-los-medios\/novedades-proyecto-ley-reforma-concursal-tribuna-guillermo-prada-cinco-dias\/","og_site_name":"PradaGayoso","article_publisher":"https:\/\/www.facebook.com\/pradagayoso\/","og_image":[{"width":1200,"height":630,"url":"https:\/\/pradagayoso.com\/wp-content\/uploads\/2019\/01\/Img-OG-1200x630-PradaGayoso.jpg","type":"image\/jpeg"}],"twitter_card":"summary_large_image","twitter_site":"@pradagayoso","twitter_misc":{"Est. reading time":"4 minutes"},"schema":{"@context":"https:\/\/schema.org","@graph":[{"@type":"WebPage","@id":"https:\/\/pradagayoso.com\/en-los-medios\/novedades-proyecto-ley-reforma-concursal-tribuna-guillermo-prada-cinco-dias\/","url":"https:\/\/pradagayoso.com\/en-los-medios\/novedades-proyecto-ley-reforma-concursal-tribuna-guillermo-prada-cinco-dias\/","name":"\"Novedades del proyecto de ley de reforma concursal\". Tribuna de Guillermo Prada en Cinco D\u00edas - PradaGayoso","isPartOf":{"@id":"https:\/\/pradagayoso.com\/#website"},"datePublished":"2022-01-27T08:22:42+00:00","description":"El Proyecto de Ley de Reforma del Texto Refundido de la Ley Concursal mantiene las l\u00edneas maestras del anteproyecto presentado en agosto.","breadcrumb":{"@id":"https:\/\/pradagayoso.com\/en-los-medios\/novedades-proyecto-ley-reforma-concursal-tribuna-guillermo-prada-cinco-dias\/#breadcrumb"},"inLanguage":"en-US","potentialAction":[{"@type":"ReadAction","target":["https:\/\/pradagayoso.com\/en-los-medios\/novedades-proyecto-ley-reforma-concursal-tribuna-guillermo-prada-cinco-dias\/"]}]},{"@type":"BreadcrumbList","@id":"https:\/\/pradagayoso.com\/en-los-medios\/novedades-proyecto-ley-reforma-concursal-tribuna-guillermo-prada-cinco-dias\/#breadcrumb","itemListElement":[{"@type":"ListItem","position":1,"name":"Portada","item":"https:\/\/pradagayoso.com\/en\/"},{"@type":"ListItem","position":2,"name":"En los medios","item":"https:\/\/pradagayoso.com\/en-los-medios\/"},{"@type":"ListItem","position":3,"name":"\u00abNovedades del proyecto de ley de reforma concursal\u00bb. Tribuna de Guillermo Prada en Cinco D\u00edas"}]},{"@type":"WebSite","@id":"https:\/\/pradagayoso.com\/#website","url":"https:\/\/pradagayoso.com\/","name":"PradaGayoso","description":"Reestructuraci\u00f3n financiera","publisher":{"@id":"https:\/\/pradagayoso.com\/#organization"},"potentialAction":[{"@type":"SearchAction","target":{"@type":"EntryPoint","urlTemplate":"https:\/\/pradagayoso.com\/?s={search_term_string}"},"query-input":{"@type":"PropertyValueSpecification","valueRequired":true,"valueName":"search_term_string"}}],"inLanguage":"en-US"},{"@type":"Organization","@id":"https:\/\/pradagayoso.com\/#organization","name":"PradaGayoso","url":"https:\/\/pradagayoso.com\/","logo":{"@type":"ImageObject","inLanguage":"en-US","@id":"https:\/\/pradagayoso.com\/#\/schema\/logo\/image\/","url":"https:\/\/pradagayoso.com\/wp-content\/uploads\/2018\/05\/logo_prada.png","contentUrl":"https:\/\/pradagayoso.com\/wp-content\/uploads\/2018\/05\/logo_prada.png","width":284,"height":63,"caption":"PradaGayoso"},"image":{"@id":"https:\/\/pradagayoso.com\/#\/schema\/logo\/image\/"},"sameAs":["https:\/\/www.facebook.com\/pradagayoso\/","https:\/\/x.com\/pradagayoso","https:\/\/www.instagram.com\/pradagayoso\/","https:\/\/www.linkedin.com\/company\/pradagayoso\/","https:\/\/www.youtube.com\/channel\/UCOZT08GCsDLY8dVR8mH0IqA"]}]}},"_links":{"self":[{"href":"https:\/\/pradagayoso.com\/en\/wp-json\/wp\/v2\/en-los-medios\/3195","targetHints":{"allow":["GET"]}}],"collection":[{"href":"https:\/\/pradagayoso.com\/en\/wp-json\/wp\/v2\/en-los-medios"}],"about":[{"href":"https:\/\/pradagayoso.com\/en\/wp-json\/wp\/v2\/types\/en-los-medios"}],"version-history":[{"count":2,"href":"https:\/\/pradagayoso.com\/en\/wp-json\/wp\/v2\/en-los-medios\/3195\/revisions"}],"predecessor-version":[{"id":3263,"href":"https:\/\/pradagayoso.com\/en\/wp-json\/wp\/v2\/en-los-medios\/3195\/revisions\/3263"}],"wp:attachment":[{"href":"https:\/\/pradagayoso.com\/en\/wp-json\/wp\/v2\/media?parent=3195"}],"curies":[{"name":"wp","href":"https:\/\/api.w.org\/{rel}","templated":true}]}}