{"id":3110,"date":"2021-12-22T09:51:31","date_gmt":"2021-12-22T07:51:31","guid":{"rendered":"https:\/\/pradagayoso.com\/?post_type=en-los-medios&#038;p=3110"},"modified":"2021-12-22T09:51:31","modified_gmt":"2021-12-22T07:51:31","slug":"prorroga-moratoria-concursal-hasta-30-junio-2022","status":"publish","type":"en-los-medios","link":"https:\/\/pradagayoso.com\/en\/en-los-medios\/prorroga-moratoria-concursal-hasta-30-junio-2022\/","title":{"rendered":"&#8220;Seis meses m\u00e1s para fortalecer la recuperaci\u00f3n de las empresas&#8221;. Tribuna de Guillermo Prada en Expansi\u00f3n Jur\u00eddico"},"content":{"rendered":"<style type=\"text\/css\"><\/style>\n<section class=\"kc-elm kc-css-802594 kc_row entradilla\">\n<div class=\"kc-row-container  kc-container\">\n<div class=\"kc-wrap-columns\">\n<div class=\"kc-elm kc-css-503714 kc_col-sm-12 kc_column kc_col-sm-12\">\n<div class=\"kc-col-container\">\n<div class=\"kc-elm kc-css-740561 kc_text_block\">\n<p><strong><a href=\"https:\/\/pradagayoso.com\/equipo\/guillermo-prada\/\">Guillermo Prada<\/a> (socio de PradaGayoso)<\/strong><br \/><strong>Expansi\u00f3n Jur\u00eddico<\/strong><\/p>\n<p>Contar con un marco regulatorio favorable al emprendimiento y al desarrollo de la actividad productiva es tan beneficioso como disponer de un sistema normativo que permita <strong>resolver con agilidad las crisis empresariales<\/strong>, promoviendo una eficiente reasignaci\u00f3n de los recursos econ\u00f3micos.<\/p>\n<p>En ese sentido, Espa\u00f1a tiene pendiente la trasposici\u00f3n de la <strong>directiva comunitaria sobre reestructuraci\u00f3n e insolvencia<\/strong>, que otros miembros de la Uni\u00f3n Europea han incorporado ya a sus respectivos ordenamientos internos. Aunque el plazo para la trasposici\u00f3n venc\u00eda el pasado 17 de julio, la Comisi\u00f3n Europea ha concedido a nuestro pa\u00eds una pr\u00f3rroga de doce meses para completar el proceso. En estos momentos, el Consejo de Ministros ha aprobado ya el <a href=\"https:\/\/portal.mineco.gob.es\/es-es\/comunicacion\/Paginas\/211221_np_concursal.aspx\" target=\"_blank\" rel=\"noopener\">Proyecto de Ley de Reforma del Texto Refundido de la Ley Concursal<\/a> para que comience su tramitaci\u00f3n parlamentaria.<\/p>\n<p>El Ejecutivo pretende que la nueva ley entre en vigor en el segundo trimestre de 2022 y, de acuerdo con ese calendario, ha decidido <strong>extender la moratoria concursal hasta el 30 de junio<\/strong> del pr\u00f3ximo a\u00f1o. Por tanto, las empresas que se encuentran en una situaci\u00f3n de insolvencia quedar\u00e1n eximidas de la obligaci\u00f3n \u2014aunque no privadas de la facultad\u2014 de solicitar la declaraci\u00f3n de concurso de acreedores hasta esa fecha, del mismo modo que no se admitir\u00e1n a tr\u00e1mite las solicitudes de concurso necesario presentadas por los acreedores.<\/p>\n<p>El alargamiento de la moratoria concursal entronca con la iniciativa de la Comisi\u00f3n Europea de ampliar hasta el 30 de junio de 2022 el <strong>r\u00e9gimen especial para la concesi\u00f3n de ayudas estatales<\/strong> a las empresas en el marco de la pandemia. En la misma l\u00ednea, el Gobierno espa\u00f1ol ha extendido tambi\u00e9n el plazo para solicitar la renegociaci\u00f3n de los pr\u00e9stamos con aval p\u00fablico, as\u00ed como para recurrir al fondo para grandes empresas de la SEPI (Sociedad Estatal de Participaciones Industriales) y al <a href=\"https:\/\/pradagayoso.com\/blog\/asesoramiento-a-empresas-en-dificultades\/fondo-recapitalizacion-empresas-afectadas-pandemia\/\">fondo<\/a> para compa\u00f1\u00edas medianas que gestiona Cofides (Compa\u00f1\u00eda Espa\u00f1ola de Financiaci\u00f3n del Desarrollo).<\/p>\n<p>Sin duda, estas medidas contribuir\u00e1n a <strong>fortalecer la recuperaci\u00f3n de nuestro tejido productivo<\/strong>. A punto de terminar el ejercicio 2021, hay que reconocer que el crecimiento econ\u00f3mico no est\u00e1 siendo tan intenso como cab\u00eda esperar hace unos meses, entre otros motivos por la lenta ejecuci\u00f3n de los fondos europeos, y el surgimiento de la variante \u00f3micron ha venido a a\u00f1adir m\u00e1s incertidumbre en el corto plazo.<\/p>\n<p>En estas circunstancias, se antoja un <strong>mal menor<\/strong> que alguna compa\u00f1\u00eda sin perspectivas de futuro pueda acogerse a la moratoria concursal si, por el contrario, se logra imprimir un impulso decisivo a todas aquellas empresas que poseen un modelo de negocio viable, pero que atraviesan dificultades transitorias de tesorer\u00eda.<\/p>\n<p>Un argumento que se suele esgrimir en contra de la moratoria es que redunda en perjuicio de los acreedores. Cierto es que impide en la pr\u00e1ctica las solicitudes de concurso necesario, pero no supone un obst\u00e1culo para que los acreedores puedan <strong>reclamar en el juzgado el abono de sus cr\u00e9ditos<\/strong>. De manera que no puede interpretarse como un menoscabo de sus derechos ante los deudores.<\/p>\n<p>En el segundo semestre de 2022, una vez expirada la moratoria concursal, es probable que se registre un incremento de las insolvencias judiciales. Pero es previsible tambi\u00e9n que para entonces se haya traspuesto la directiva europea y haya entrado en vigor el <strong>procedimiento especial para microempresas<\/strong>, dirigido a compa\u00f1\u00edas de menos de diez trabajadores y con una facturaci\u00f3n anual o un pasivo inferior a dos millones de euros.<\/p>\n<p>Tal como est\u00e1 planteado en el anteproyecto de la reforma concursal, este procedimiento permite concebir esperanzas de una <strong>mayor eficiencia y rapidez<\/strong> en la gesti\u00f3n de las insolvencias, ya que se tramitar\u00e1 por v\u00eda electr\u00f3nica y no requerir\u00e1 la participaci\u00f3n obligatoria del abogado y el administrador concursal. Con el consiguiente ahorro de costes, los acreedores tendr\u00e1n la posibilidad de recuperar, en caso de liquidaci\u00f3n, un mayor porcentaje de sus cr\u00e9ditos.<\/p>\n<p>En este an\u00e1lisis sobre la pr\u00f3rroga de la moratoria concursal, es oportuno se\u00f1alar que hay una serie de medidas procesales que han estado vigentes durante m\u00e1s de un a\u00f1o y que, salvo cambio de \u00faltima hora, quedar\u00e1n <strong>sin efecto a partir del 1 de enero de 2022<\/strong>. Se trata, por ejemplo, de la posibilidad de presentar una modificaci\u00f3n de la propuesta de convenio, el aplazamiento del deber de solicitar la fase de liquidaci\u00f3n, la posibilidad de modificar un acuerdo de refinanciaci\u00f3n homologado y la posibilidad de modificar la modalidad de subasta extrajudicial prevista dentro de la fase de liquidaci\u00f3n.<\/p>\n<p>En cualquier caso, la moratoria concursal continuar\u00e1 en vigor hasta el 30 de junio de 2022 y, por tanto, las empresas disponen todav\u00eda de <strong>seis meses m\u00e1s para enderezar su situaci\u00f3n financiera<\/strong>, en tanto se traspone la directiva sobre reestructuraci\u00f3n e insolvencia, que supondr\u00e1 un cambio en profundidad del sistema concursal espa\u00f1ol.<\/p>\n<p><a class=\"prBtn ghost-button\" href=\"https:\/\/www.expansion.com\/juridico\/opinion\/2021\/12\/21\/61c201c6468aeb9b788b4679.html\" target=\"_blank\" rel=\"noopener\">Ver art\u00edculo en Expansi\u00f3n Jur\u00eddico<\/a><\/p>\n<\/div>\n<\/div>\n<\/div>\n<\/div>\n<\/div>\n<\/section>\n","protected":false},"excerpt":{"rendered":"<p>Guillermo Prada (socio de PradaGayoso)Expansi\u00f3n Jur\u00eddico Contar con un marco regulatorio favorable al emprendimiento y al desarrollo de la actividad productiva es tan beneficioso como disponer de un sistema normativo que permita resolver con agilidad las crisis empresariales, promoviendo una eficiente reasignaci\u00f3n de los recursos econ\u00f3micos. En ese sentido, Espa\u00f1a tiene pendiente la trasposici\u00f3n de &hellip; <\/p>\n<p class=\"link-more\"><a href=\"https:\/\/pradagayoso.com\/en\/en-los-medios\/prorroga-moratoria-concursal-hasta-30-junio-2022\/\" class=\"more-link\">Continue reading<span class=\"screen-reader-text\"> &#8220;&#8220;Seis meses m\u00e1s para fortalecer la recuperaci\u00f3n de las empresas&#8221;. Tribuna de Guillermo Prada en Expansi\u00f3n Jur\u00eddico&#8221;<\/span><\/a><\/p>\n","protected":false},"featured_media":0,"template":"","class_list":["post-3110","en-los-medios","type-en-los-medios","status-publish","hentry"],"yoast_head":"<!-- This site is optimized with the Yoast SEO plugin v28.2 - https:\/\/yoast.com\/product\/yoast-seo-wordpress\/ -->\n<title>&quot;Seis meses m\u00e1s para fortalecer la recuperaci\u00f3n de las empresas&quot;. Tribuna de Guillermo Prada en Expansi\u00f3n Jur\u00eddico - PradaGayoso<\/title>\n<meta name=\"description\" content=\"Debido a la pr\u00f3rroga de la moratoria concursal, las empresas disponen de seis meses m\u00e1s para enderezar su situaci\u00f3n financiera\" \/>\n<meta name=\"robots\" content=\"index, follow, max-snippet:-1, max-image-preview:large, max-video-preview:-1\" \/>\n<link rel=\"canonical\" href=\"https:\/\/pradagayoso.com\/en-los-medios\/prorroga-moratoria-concursal-hasta-30-junio-2022\/\" \/>\n<meta property=\"og:locale\" content=\"en_US\" \/>\n<meta property=\"og:type\" content=\"article\" \/>\n<meta property=\"og:title\" content=\"&quot;Seis meses m\u00e1s para fortalecer la recuperaci\u00f3n de las empresas&quot;. Tribuna de Guillermo Prada en Expansi\u00f3n Jur\u00eddico - PradaGayoso\" \/>\n<meta property=\"og:description\" content=\"Debido a la pr\u00f3rroga de la moratoria concursal, las empresas disponen de seis meses m\u00e1s para enderezar su situaci\u00f3n financiera\" \/>\n<meta property=\"og:url\" content=\"https:\/\/pradagayoso.com\/en-los-medios\/prorroga-moratoria-concursal-hasta-30-junio-2022\/\" \/>\n<meta property=\"og:site_name\" content=\"PradaGayoso\" \/>\n<meta property=\"article:publisher\" content=\"https:\/\/www.facebook.com\/pradagayoso\/\" \/>\n<meta property=\"og:image\" content=\"https:\/\/pradagayoso.com\/wp-content\/uploads\/2019\/01\/Img-OG-1200x630-PradaGayoso.jpg\" \/>\n\t<meta property=\"og:image:width\" content=\"1200\" \/>\n\t<meta property=\"og:image:height\" content=\"630\" \/>\n\t<meta property=\"og:image:type\" content=\"image\/jpeg\" \/>\n<meta name=\"twitter:card\" content=\"summary_large_image\" \/>\n<meta name=\"twitter:site\" content=\"@pradagayoso\" \/>\n<meta name=\"twitter:label1\" content=\"Est. reading time\" \/>\n\t<meta name=\"twitter:data1\" content=\"4 minutes\" \/>\n<script type=\"application\/ld+json\" class=\"yoast-schema-graph\">{\"@context\":\"https:\\\/\\\/schema.org\",\"@graph\":[{\"@type\":\"WebPage\",\"@id\":\"https:\\\/\\\/pradagayoso.com\\\/en-los-medios\\\/prorroga-moratoria-concursal-hasta-30-junio-2022\\\/\",\"url\":\"https:\\\/\\\/pradagayoso.com\\\/en-los-medios\\\/prorroga-moratoria-concursal-hasta-30-junio-2022\\\/\",\"name\":\"\\\"Seis meses m\u00e1s para fortalecer la recuperaci\u00f3n de las empresas\\\". Tribuna de Guillermo Prada en Expansi\u00f3n Jur\u00eddico - PradaGayoso\",\"isPartOf\":{\"@id\":\"https:\\\/\\\/pradagayoso.com\\\/#website\"},\"datePublished\":\"2021-12-22T07:51:31+00:00\",\"description\":\"Debido a la pr\u00f3rroga de la moratoria concursal, las empresas disponen de seis meses m\u00e1s para enderezar su situaci\u00f3n financiera\",\"breadcrumb\":{\"@id\":\"https:\\\/\\\/pradagayoso.com\\\/en-los-medios\\\/prorroga-moratoria-concursal-hasta-30-junio-2022\\\/#breadcrumb\"},\"inLanguage\":\"en-US\",\"potentialAction\":[{\"@type\":\"ReadAction\",\"target\":[\"https:\\\/\\\/pradagayoso.com\\\/en-los-medios\\\/prorroga-moratoria-concursal-hasta-30-junio-2022\\\/\"]}]},{\"@type\":\"BreadcrumbList\",\"@id\":\"https:\\\/\\\/pradagayoso.com\\\/en-los-medios\\\/prorroga-moratoria-concursal-hasta-30-junio-2022\\\/#breadcrumb\",\"itemListElement\":[{\"@type\":\"ListItem\",\"position\":1,\"name\":\"Portada\",\"item\":\"https:\\\/\\\/pradagayoso.com\\\/en\\\/\"},{\"@type\":\"ListItem\",\"position\":2,\"name\":\"En los medios\",\"item\":\"https:\\\/\\\/pradagayoso.com\\\/en-los-medios\\\/\"},{\"@type\":\"ListItem\",\"position\":3,\"name\":\"\u00abSeis meses m\u00e1s para fortalecer la recuperaci\u00f3n de las empresas\u00bb. Tribuna de Guillermo Prada en Expansi\u00f3n Jur\u00eddico\"}]},{\"@type\":\"WebSite\",\"@id\":\"https:\\\/\\\/pradagayoso.com\\\/#website\",\"url\":\"https:\\\/\\\/pradagayoso.com\\\/\",\"name\":\"PradaGayoso\",\"description\":\"Reestructuraci\u00f3n financiera\",\"publisher\":{\"@id\":\"https:\\\/\\\/pradagayoso.com\\\/#organization\"},\"potentialAction\":[{\"@type\":\"SearchAction\",\"target\":{\"@type\":\"EntryPoint\",\"urlTemplate\":\"https:\\\/\\\/pradagayoso.com\\\/?s={search_term_string}\"},\"query-input\":{\"@type\":\"PropertyValueSpecification\",\"valueRequired\":true,\"valueName\":\"search_term_string\"}}],\"inLanguage\":\"en-US\"},{\"@type\":\"Organization\",\"@id\":\"https:\\\/\\\/pradagayoso.com\\\/#organization\",\"name\":\"PradaGayoso\",\"url\":\"https:\\\/\\\/pradagayoso.com\\\/\",\"logo\":{\"@type\":\"ImageObject\",\"inLanguage\":\"en-US\",\"@id\":\"https:\\\/\\\/pradagayoso.com\\\/#\\\/schema\\\/logo\\\/image\\\/\",\"url\":\"https:\\\/\\\/pradagayoso.com\\\/wp-content\\\/uploads\\\/2018\\\/05\\\/logo_prada.png\",\"contentUrl\":\"https:\\\/\\\/pradagayoso.com\\\/wp-content\\\/uploads\\\/2018\\\/05\\\/logo_prada.png\",\"width\":284,\"height\":63,\"caption\":\"PradaGayoso\"},\"image\":{\"@id\":\"https:\\\/\\\/pradagayoso.com\\\/#\\\/schema\\\/logo\\\/image\\\/\"},\"sameAs\":[\"https:\\\/\\\/www.facebook.com\\\/pradagayoso\\\/\",\"https:\\\/\\\/x.com\\\/pradagayoso\",\"https:\\\/\\\/www.instagram.com\\\/pradagayoso\\\/\",\"https:\\\/\\\/www.linkedin.com\\\/company\\\/pradagayoso\\\/\",\"https:\\\/\\\/www.youtube.com\\\/channel\\\/UCOZT08GCsDLY8dVR8mH0IqA\"]}]}<\/script>\n<!-- \/ Yoast SEO plugin. -->","yoast_head_json":{"title":"\"Seis meses m\u00e1s para fortalecer la recuperaci\u00f3n de las empresas\". Tribuna de Guillermo Prada en Expansi\u00f3n Jur\u00eddico - PradaGayoso","description":"Debido a la pr\u00f3rroga de la moratoria concursal, las empresas disponen de seis meses m\u00e1s para enderezar su situaci\u00f3n financiera","robots":{"index":"index","follow":"follow","max-snippet":"max-snippet:-1","max-image-preview":"max-image-preview:large","max-video-preview":"max-video-preview:-1"},"canonical":"https:\/\/pradagayoso.com\/en-los-medios\/prorroga-moratoria-concursal-hasta-30-junio-2022\/","og_locale":"en_US","og_type":"article","og_title":"\"Seis meses m\u00e1s para fortalecer la recuperaci\u00f3n de las empresas\". Tribuna de Guillermo Prada en Expansi\u00f3n Jur\u00eddico - PradaGayoso","og_description":"Debido a la pr\u00f3rroga de la moratoria concursal, las empresas disponen de seis meses m\u00e1s para enderezar su situaci\u00f3n financiera","og_url":"https:\/\/pradagayoso.com\/en-los-medios\/prorroga-moratoria-concursal-hasta-30-junio-2022\/","og_site_name":"PradaGayoso","article_publisher":"https:\/\/www.facebook.com\/pradagayoso\/","og_image":[{"width":1200,"height":630,"url":"https:\/\/pradagayoso.com\/wp-content\/uploads\/2019\/01\/Img-OG-1200x630-PradaGayoso.jpg","type":"image\/jpeg"}],"twitter_card":"summary_large_image","twitter_site":"@pradagayoso","twitter_misc":{"Est. reading time":"4 minutes"},"schema":{"@context":"https:\/\/schema.org","@graph":[{"@type":"WebPage","@id":"https:\/\/pradagayoso.com\/en-los-medios\/prorroga-moratoria-concursal-hasta-30-junio-2022\/","url":"https:\/\/pradagayoso.com\/en-los-medios\/prorroga-moratoria-concursal-hasta-30-junio-2022\/","name":"\"Seis meses m\u00e1s para fortalecer la recuperaci\u00f3n de las empresas\". Tribuna de Guillermo Prada en Expansi\u00f3n Jur\u00eddico - PradaGayoso","isPartOf":{"@id":"https:\/\/pradagayoso.com\/#website"},"datePublished":"2021-12-22T07:51:31+00:00","description":"Debido a la pr\u00f3rroga de la moratoria concursal, las empresas disponen de seis meses m\u00e1s para enderezar su situaci\u00f3n financiera","breadcrumb":{"@id":"https:\/\/pradagayoso.com\/en-los-medios\/prorroga-moratoria-concursal-hasta-30-junio-2022\/#breadcrumb"},"inLanguage":"en-US","potentialAction":[{"@type":"ReadAction","target":["https:\/\/pradagayoso.com\/en-los-medios\/prorroga-moratoria-concursal-hasta-30-junio-2022\/"]}]},{"@type":"BreadcrumbList","@id":"https:\/\/pradagayoso.com\/en-los-medios\/prorroga-moratoria-concursal-hasta-30-junio-2022\/#breadcrumb","itemListElement":[{"@type":"ListItem","position":1,"name":"Portada","item":"https:\/\/pradagayoso.com\/en\/"},{"@type":"ListItem","position":2,"name":"En los medios","item":"https:\/\/pradagayoso.com\/en-los-medios\/"},{"@type":"ListItem","position":3,"name":"\u00abSeis meses m\u00e1s para fortalecer la recuperaci\u00f3n de las empresas\u00bb. Tribuna de Guillermo Prada en Expansi\u00f3n Jur\u00eddico"}]},{"@type":"WebSite","@id":"https:\/\/pradagayoso.com\/#website","url":"https:\/\/pradagayoso.com\/","name":"PradaGayoso","description":"Reestructuraci\u00f3n financiera","publisher":{"@id":"https:\/\/pradagayoso.com\/#organization"},"potentialAction":[{"@type":"SearchAction","target":{"@type":"EntryPoint","urlTemplate":"https:\/\/pradagayoso.com\/?s={search_term_string}"},"query-input":{"@type":"PropertyValueSpecification","valueRequired":true,"valueName":"search_term_string"}}],"inLanguage":"en-US"},{"@type":"Organization","@id":"https:\/\/pradagayoso.com\/#organization","name":"PradaGayoso","url":"https:\/\/pradagayoso.com\/","logo":{"@type":"ImageObject","inLanguage":"en-US","@id":"https:\/\/pradagayoso.com\/#\/schema\/logo\/image\/","url":"https:\/\/pradagayoso.com\/wp-content\/uploads\/2018\/05\/logo_prada.png","contentUrl":"https:\/\/pradagayoso.com\/wp-content\/uploads\/2018\/05\/logo_prada.png","width":284,"height":63,"caption":"PradaGayoso"},"image":{"@id":"https:\/\/pradagayoso.com\/#\/schema\/logo\/image\/"},"sameAs":["https:\/\/www.facebook.com\/pradagayoso\/","https:\/\/x.com\/pradagayoso","https:\/\/www.instagram.com\/pradagayoso\/","https:\/\/www.linkedin.com\/company\/pradagayoso\/","https:\/\/www.youtube.com\/channel\/UCOZT08GCsDLY8dVR8mH0IqA"]}]}},"_links":{"self":[{"href":"https:\/\/pradagayoso.com\/en\/wp-json\/wp\/v2\/en-los-medios\/3110","targetHints":{"allow":["GET"]}}],"collection":[{"href":"https:\/\/pradagayoso.com\/en\/wp-json\/wp\/v2\/en-los-medios"}],"about":[{"href":"https:\/\/pradagayoso.com\/en\/wp-json\/wp\/v2\/types\/en-los-medios"}],"version-history":[{"count":6,"href":"https:\/\/pradagayoso.com\/en\/wp-json\/wp\/v2\/en-los-medios\/3110\/revisions"}],"predecessor-version":[{"id":3118,"href":"https:\/\/pradagayoso.com\/en\/wp-json\/wp\/v2\/en-los-medios\/3110\/revisions\/3118"}],"wp:attachment":[{"href":"https:\/\/pradagayoso.com\/en\/wp-json\/wp\/v2\/media?parent=3110"}],"curies":[{"name":"wp","href":"https:\/\/api.w.org\/{rel}","templated":true}]}}