{"id":2490,"date":"2021-03-17T16:57:21","date_gmt":"2021-03-17T14:57:21","guid":{"rendered":"https:\/\/pradagayoso.com\/?post_type=en-los-medios&#038;p=2490"},"modified":"2021-07-27T12:28:44","modified_gmt":"2021-07-27T10:28:44","slug":"teresa-y-las-peliculas-de-zombis-tribuna-de-guillermo-prada-en-el-espanol","status":"publish","type":"en-los-medios","link":"https:\/\/pradagayoso.com\/en\/en-los-medios\/teresa-y-las-peliculas-de-zombis-tribuna-de-guillermo-prada-en-el-espanol\/","title":{"rendered":"&#8220;Teresa y las pel\u00edculas de zombis&#8221;. Tribuna de Guillermo Prada en El Espa\u00f1ol"},"content":{"rendered":"<style type=\"text\/css\"><\/style>\n<section class=\"kc-elm kc-css-3984527 kc_row entradilla\">\n<div class=\"kc-row-container  kc-container\">\n<div class=\"kc-wrap-columns\">\n<div class=\"kc-elm kc-css-1151925 kc_col-sm-12 kc_column kc_col-sm-12\">\n<div class=\"kc-col-container\">\n<div class=\"kc-elm kc-css-2963072 kc_text_block\">\n<p><strong><a href=\"https:\/\/pradagayoso.com\/equipo\/guillermo-prada\/\">Guillermo Prada<\/a> (socio de PradaGayoso)<\/strong><br \/><strong>El Espa\u00f1ol<\/strong><\/p>\n<p>Mi sobrina Teresa me pregunt\u00f3 el otro d\u00eda qu\u00e9 era un zombi y, como no me gusta privar a mi hermano del placer de verse sometido a sus interrogatorios, trat\u00e9 de escabullirme explic\u00e1ndole que no se preocupara porque era un monstruo de mentira que solo sal\u00eda en las pel\u00edculas de miedo para mayores.<\/p>\n<p>No contenta con mi evasiva, me contest\u00f3: &#8220;Pues lo han dicho en la tele y pap\u00e1 estaba hablando de ellos por tel\u00e9fono&#8221;. Estuve tentado de finalizar la videollamada invent\u00e1ndome un corte, pero esta estrategia \u2014que me suele funcionar para zafarme de las preguntas insidiosas de los letrados cuando defiendo un informe pericial\u2014 estaba abocada al fracaso; as\u00ed que promet\u00ed explic\u00e1rselo el pr\u00f3ximo d\u00eda.<\/p>\n<p>Al prepararme para el futuro &#8220;interrogatorio&#8221;, no he sido capaz de encontrar el origen del t\u00e9rmino en la literatura fant\u00e1stica \u2014la RAE se\u00f1ala como ra\u00edz etimol\u00f3gica el criollo de Hait\u00ed\u2014, pero s\u00ed he echado un vistazo a los &#8220;tebeos para mayores&#8221; (i. e. las revistas acad\u00e9micas de impacto internacional) para confirmar que la expresi\u00f3n proviene del \u00e1mbito de la supervisi\u00f3n bancaria.<\/p>\n<p>En este terreno se utiliza la met\u00e1fora para resaltar los terribles efectos que produce para el conjunto de la econom\u00eda la <strong>tendencia de los bancos con problemas a renovar la financiaci\u00f3n a empresas zombis en lugar de reconocer las p\u00e9rdidas<\/strong>. En esta cuesti\u00f3n existe un notable consenso sobre la conveniencia de reconocer cuanto antes los problemas y actuar en consecuencia. La raz\u00f3n principal es que se limita el cr\u00e9dito a quienes mejor uso pueden hacer de \u00e9l \u2014las empresas viables\u2014 y se distorsiona el mercado porque se favorece a los competidores con problemas, impidi\u00e9ndose una reasignaci\u00f3n eficiente de recursos escasos.<\/p>\n<p>Sin embargo, extramuros de la regulaci\u00f3n prudencial de las entidades de cr\u00e9dito, la cuesti\u00f3n dista mucho de estar clara en lo que se refiere a las consecuencias para el crecimiento econ\u00f3mico a largo plazo cuando no hay una limitaci\u00f3n clara del cr\u00e9dito disponible y el <em>shock<\/em> tiene car\u00e1cter temporal.<\/p>\n<p>En efecto, existen relevantes estudios que no encuentran relaci\u00f3n de causalidad entre el n\u00famero de empresas zombis y el rendimiento de las sanas. Por ejemplo, esta es la conclusi\u00f3n del art\u00edculo &#8220;Identificaci\u00f3n de los efectos reales de los pr\u00e9stamos zombis&#8221; publicado por la Universidad de Oxford en el n\u00famero de noviembre pasado de la revista <em>The Review of Corporate Finance Studies<\/em>, en la que se revisan cr\u00edticamente los estudios acad\u00e9micos de m\u00e1s relevancia publicados hasta la fecha sobre la cuesti\u00f3n.<\/p>\n<p>As\u00ed las cosas, no existe unanimidad en la literatura acad\u00e9mica de referencia que avale el coro de opiniones que en los \u00faltimos d\u00edas han alertado de los peligros de una supuesta proliferaci\u00f3n de empresas zombis debido a la decisi\u00f3n del Gobierno de ampliar la moratoria concursal hasta el 31 de diciembre de 2021 y que se public\u00f3 el pasado s\u00e1bado en el BOE. Por el contrario, s\u00ed es evidente el <strong>riesgo de inducir el cierre de compa\u00f1\u00edas viables que atraviesan problemas coyunturales de liquidez<\/strong>.<\/p>\n<p>Se ha dicho, asimismo, que la moratoria perjudica a los acreedores porque no podr\u00e1n pedir el concurso necesario de sus deudores; pero lo cierto es que nada les impide reclamar ya en el juzgado las deudas vencidas y, en todo caso, conseguir la declaraci\u00f3n de concurso necesario es complicado cuando el deudor ha logrado aplazar sus deudas con las administraciones p\u00fablicas y est\u00e1 al d\u00eda con sus trabajadores porque se ha acogido a un ERTE.<\/p>\n<p>Es posible que la medida haya frustrado las expectativas \u2014poco realistas\u2014 de ingresos que ten\u00edan algunos colegas; pero, <strong>mientras sigan existiendo las razones que llevaron a aprobar la primera pr\u00f3rroga, lo adecuado es mantener las medidas de respuesta<\/strong>. Cuesti\u00f3n distinta es que hubiera sido deseable que se aprobara antes \u2014igual que las ayudas y otras tantas medidas\u2014, pero, aunque sea tarde, la medida va en la direcci\u00f3n correcta.<\/p>\n<p>Por mi parte ya tengo preparada la respuesta para mi sobrina: menos pel\u00edculas y m\u00e1s literatura.<\/p>\n<p><a class=\"prBtn ghost-button\" href=\"https:\/\/www.elespanol.com\/invertia\/opinion\/20210317\/teresa-peliculas-zombis\/566563339_12.html\" target=\"_blank\" rel=\"noopener\">Ver art\u00edculo en El Espa\u00f1ol<\/a><\/p>\n<\/div>\n<\/div>\n<\/div>\n<\/div>\n<\/div>\n<\/section>\n","protected":false},"excerpt":{"rendered":"<p>Guillermo Prada (socio de PradaGayoso)El Espa\u00f1ol Mi sobrina Teresa me pregunt\u00f3 el otro d\u00eda qu\u00e9 era un zombi y, como no me gusta privar a mi hermano del placer de verse sometido a sus interrogatorios, trat\u00e9 de escabullirme explic\u00e1ndole que no se preocupara porque era un monstruo de mentira que solo sal\u00eda en las pel\u00edculas &hellip; <\/p>\n<p class=\"link-more\"><a href=\"https:\/\/pradagayoso.com\/en\/en-los-medios\/teresa-y-las-peliculas-de-zombis-tribuna-de-guillermo-prada-en-el-espanol\/\" class=\"more-link\">Continue reading<span class=\"screen-reader-text\"> &#8220;&#8220;Teresa y las pel\u00edculas de zombis&#8221;. Tribuna de Guillermo Prada en El Espa\u00f1ol&#8221;<\/span><\/a><\/p>\n","protected":false},"featured_media":0,"template":"","class_list":["post-2490","en-los-medios","type-en-los-medios","status-publish","hentry"],"yoast_head":"<!-- This site is optimized with the Yoast SEO plugin v28.2 - https:\/\/yoast.com\/product\/yoast-seo-wordpress\/ -->\n<title>&quot;Teresa y las pel\u00edculas de zombis&quot;. Tribuna de Guillermo Prada en El Espa\u00f1ol - PradaGayoso<\/title>\n<meta name=\"description\" content=\"Si se retira la moratoria concursal, es evidente el riesgo de inducir el cierre de compa\u00f1\u00edas viables con problemas coyunturales de liquidez.\" \/>\n<meta name=\"robots\" content=\"index, follow, max-snippet:-1, max-image-preview:large, max-video-preview:-1\" \/>\n<link rel=\"canonical\" href=\"https:\/\/pradagayoso.com\/en-los-medios\/teresa-y-las-peliculas-de-zombis-tribuna-de-guillermo-prada-en-el-espanol\/\" \/>\n<meta property=\"og:locale\" content=\"en_US\" \/>\n<meta property=\"og:type\" content=\"article\" \/>\n<meta property=\"og:title\" content=\"&quot;Teresa y las pel\u00edculas de zombis&quot;. Tribuna de Guillermo Prada en El Espa\u00f1ol - PradaGayoso\" \/>\n<meta property=\"og:description\" content=\"Si se retira la moratoria concursal, es evidente el riesgo de inducir el cierre de compa\u00f1\u00edas viables con problemas coyunturales de liquidez.\" \/>\n<meta property=\"og:url\" content=\"https:\/\/pradagayoso.com\/en-los-medios\/teresa-y-las-peliculas-de-zombis-tribuna-de-guillermo-prada-en-el-espanol\/\" \/>\n<meta property=\"og:site_name\" content=\"PradaGayoso\" \/>\n<meta property=\"article:publisher\" content=\"https:\/\/www.facebook.com\/pradagayoso\/\" \/>\n<meta property=\"article:modified_time\" content=\"2021-07-27T10:28:44+00:00\" \/>\n<meta property=\"og:image\" content=\"https:\/\/pradagayoso.com\/wp-content\/uploads\/2019\/01\/Img-OG-1200x630-PradaGayoso.jpg\" \/>\n\t<meta property=\"og:image:width\" content=\"1200\" \/>\n\t<meta property=\"og:image:height\" content=\"630\" \/>\n\t<meta property=\"og:image:type\" content=\"image\/jpeg\" \/>\n<meta name=\"twitter:card\" content=\"summary_large_image\" \/>\n<meta name=\"twitter:site\" content=\"@pradagayoso\" \/>\n<meta name=\"twitter:label1\" content=\"Est. reading time\" \/>\n\t<meta name=\"twitter:data1\" content=\"3 minutes\" \/>\n<script type=\"application\/ld+json\" class=\"yoast-schema-graph\">{\"@context\":\"https:\\\/\\\/schema.org\",\"@graph\":[{\"@type\":\"WebPage\",\"@id\":\"https:\\\/\\\/pradagayoso.com\\\/en-los-medios\\\/teresa-y-las-peliculas-de-zombis-tribuna-de-guillermo-prada-en-el-espanol\\\/\",\"url\":\"https:\\\/\\\/pradagayoso.com\\\/en-los-medios\\\/teresa-y-las-peliculas-de-zombis-tribuna-de-guillermo-prada-en-el-espanol\\\/\",\"name\":\"\\\"Teresa y las pel\u00edculas de zombis\\\". Tribuna de Guillermo Prada en El Espa\u00f1ol - PradaGayoso\",\"isPartOf\":{\"@id\":\"https:\\\/\\\/pradagayoso.com\\\/#website\"},\"datePublished\":\"2021-03-17T14:57:21+00:00\",\"dateModified\":\"2021-07-27T10:28:44+00:00\",\"description\":\"Si se retira la moratoria concursal, es evidente el riesgo de inducir el cierre de compa\u00f1\u00edas viables con problemas coyunturales de liquidez.\",\"breadcrumb\":{\"@id\":\"https:\\\/\\\/pradagayoso.com\\\/en-los-medios\\\/teresa-y-las-peliculas-de-zombis-tribuna-de-guillermo-prada-en-el-espanol\\\/#breadcrumb\"},\"inLanguage\":\"en-US\",\"potentialAction\":[{\"@type\":\"ReadAction\",\"target\":[\"https:\\\/\\\/pradagayoso.com\\\/en-los-medios\\\/teresa-y-las-peliculas-de-zombis-tribuna-de-guillermo-prada-en-el-espanol\\\/\"]}]},{\"@type\":\"BreadcrumbList\",\"@id\":\"https:\\\/\\\/pradagayoso.com\\\/en-los-medios\\\/teresa-y-las-peliculas-de-zombis-tribuna-de-guillermo-prada-en-el-espanol\\\/#breadcrumb\",\"itemListElement\":[{\"@type\":\"ListItem\",\"position\":1,\"name\":\"Portada\",\"item\":\"https:\\\/\\\/pradagayoso.com\\\/en\\\/\"},{\"@type\":\"ListItem\",\"position\":2,\"name\":\"En los medios\",\"item\":\"https:\\\/\\\/pradagayoso.com\\\/en-los-medios\\\/\"},{\"@type\":\"ListItem\",\"position\":3,\"name\":\"\u00abTeresa y las pel\u00edculas de zombis\u00bb. Tribuna de Guillermo Prada en El Espa\u00f1ol\"}]},{\"@type\":\"WebSite\",\"@id\":\"https:\\\/\\\/pradagayoso.com\\\/#website\",\"url\":\"https:\\\/\\\/pradagayoso.com\\\/\",\"name\":\"PradaGayoso\",\"description\":\"Reestructuraci\u00f3n financiera\",\"publisher\":{\"@id\":\"https:\\\/\\\/pradagayoso.com\\\/#organization\"},\"potentialAction\":[{\"@type\":\"SearchAction\",\"target\":{\"@type\":\"EntryPoint\",\"urlTemplate\":\"https:\\\/\\\/pradagayoso.com\\\/?s={search_term_string}\"},\"query-input\":{\"@type\":\"PropertyValueSpecification\",\"valueRequired\":true,\"valueName\":\"search_term_string\"}}],\"inLanguage\":\"en-US\"},{\"@type\":\"Organization\",\"@id\":\"https:\\\/\\\/pradagayoso.com\\\/#organization\",\"name\":\"PradaGayoso\",\"url\":\"https:\\\/\\\/pradagayoso.com\\\/\",\"logo\":{\"@type\":\"ImageObject\",\"inLanguage\":\"en-US\",\"@id\":\"https:\\\/\\\/pradagayoso.com\\\/#\\\/schema\\\/logo\\\/image\\\/\",\"url\":\"https:\\\/\\\/pradagayoso.com\\\/wp-content\\\/uploads\\\/2018\\\/05\\\/logo_prada.png\",\"contentUrl\":\"https:\\\/\\\/pradagayoso.com\\\/wp-content\\\/uploads\\\/2018\\\/05\\\/logo_prada.png\",\"width\":284,\"height\":63,\"caption\":\"PradaGayoso\"},\"image\":{\"@id\":\"https:\\\/\\\/pradagayoso.com\\\/#\\\/schema\\\/logo\\\/image\\\/\"},\"sameAs\":[\"https:\\\/\\\/www.facebook.com\\\/pradagayoso\\\/\",\"https:\\\/\\\/x.com\\\/pradagayoso\",\"https:\\\/\\\/www.instagram.com\\\/pradagayoso\\\/\",\"https:\\\/\\\/www.linkedin.com\\\/company\\\/pradagayoso\\\/\",\"https:\\\/\\\/www.youtube.com\\\/channel\\\/UCOZT08GCsDLY8dVR8mH0IqA\"]}]}<\/script>\n<!-- \/ Yoast SEO plugin. -->","yoast_head_json":{"title":"\"Teresa y las pel\u00edculas de zombis\". Tribuna de Guillermo Prada en El Espa\u00f1ol - PradaGayoso","description":"Si se retira la moratoria concursal, es evidente el riesgo de inducir el cierre de compa\u00f1\u00edas viables con problemas coyunturales de liquidez.","robots":{"index":"index","follow":"follow","max-snippet":"max-snippet:-1","max-image-preview":"max-image-preview:large","max-video-preview":"max-video-preview:-1"},"canonical":"https:\/\/pradagayoso.com\/en-los-medios\/teresa-y-las-peliculas-de-zombis-tribuna-de-guillermo-prada-en-el-espanol\/","og_locale":"en_US","og_type":"article","og_title":"\"Teresa y las pel\u00edculas de zombis\". Tribuna de Guillermo Prada en El Espa\u00f1ol - PradaGayoso","og_description":"Si se retira la moratoria concursal, es evidente el riesgo de inducir el cierre de compa\u00f1\u00edas viables con problemas coyunturales de liquidez.","og_url":"https:\/\/pradagayoso.com\/en-los-medios\/teresa-y-las-peliculas-de-zombis-tribuna-de-guillermo-prada-en-el-espanol\/","og_site_name":"PradaGayoso","article_publisher":"https:\/\/www.facebook.com\/pradagayoso\/","article_modified_time":"2021-07-27T10:28:44+00:00","og_image":[{"width":1200,"height":630,"url":"https:\/\/pradagayoso.com\/wp-content\/uploads\/2019\/01\/Img-OG-1200x630-PradaGayoso.jpg","type":"image\/jpeg"}],"twitter_card":"summary_large_image","twitter_site":"@pradagayoso","twitter_misc":{"Est. reading time":"3 minutes"},"schema":{"@context":"https:\/\/schema.org","@graph":[{"@type":"WebPage","@id":"https:\/\/pradagayoso.com\/en-los-medios\/teresa-y-las-peliculas-de-zombis-tribuna-de-guillermo-prada-en-el-espanol\/","url":"https:\/\/pradagayoso.com\/en-los-medios\/teresa-y-las-peliculas-de-zombis-tribuna-de-guillermo-prada-en-el-espanol\/","name":"\"Teresa y las pel\u00edculas de zombis\". Tribuna de Guillermo Prada en El Espa\u00f1ol - PradaGayoso","isPartOf":{"@id":"https:\/\/pradagayoso.com\/#website"},"datePublished":"2021-03-17T14:57:21+00:00","dateModified":"2021-07-27T10:28:44+00:00","description":"Si se retira la moratoria concursal, es evidente el riesgo de inducir el cierre de compa\u00f1\u00edas viables con problemas coyunturales de liquidez.","breadcrumb":{"@id":"https:\/\/pradagayoso.com\/en-los-medios\/teresa-y-las-peliculas-de-zombis-tribuna-de-guillermo-prada-en-el-espanol\/#breadcrumb"},"inLanguage":"en-US","potentialAction":[{"@type":"ReadAction","target":["https:\/\/pradagayoso.com\/en-los-medios\/teresa-y-las-peliculas-de-zombis-tribuna-de-guillermo-prada-en-el-espanol\/"]}]},{"@type":"BreadcrumbList","@id":"https:\/\/pradagayoso.com\/en-los-medios\/teresa-y-las-peliculas-de-zombis-tribuna-de-guillermo-prada-en-el-espanol\/#breadcrumb","itemListElement":[{"@type":"ListItem","position":1,"name":"Portada","item":"https:\/\/pradagayoso.com\/en\/"},{"@type":"ListItem","position":2,"name":"En los medios","item":"https:\/\/pradagayoso.com\/en-los-medios\/"},{"@type":"ListItem","position":3,"name":"\u00abTeresa y las pel\u00edculas de zombis\u00bb. Tribuna de Guillermo Prada en El Espa\u00f1ol"}]},{"@type":"WebSite","@id":"https:\/\/pradagayoso.com\/#website","url":"https:\/\/pradagayoso.com\/","name":"PradaGayoso","description":"Reestructuraci\u00f3n financiera","publisher":{"@id":"https:\/\/pradagayoso.com\/#organization"},"potentialAction":[{"@type":"SearchAction","target":{"@type":"EntryPoint","urlTemplate":"https:\/\/pradagayoso.com\/?s={search_term_string}"},"query-input":{"@type":"PropertyValueSpecification","valueRequired":true,"valueName":"search_term_string"}}],"inLanguage":"en-US"},{"@type":"Organization","@id":"https:\/\/pradagayoso.com\/#organization","name":"PradaGayoso","url":"https:\/\/pradagayoso.com\/","logo":{"@type":"ImageObject","inLanguage":"en-US","@id":"https:\/\/pradagayoso.com\/#\/schema\/logo\/image\/","url":"https:\/\/pradagayoso.com\/wp-content\/uploads\/2018\/05\/logo_prada.png","contentUrl":"https:\/\/pradagayoso.com\/wp-content\/uploads\/2018\/05\/logo_prada.png","width":284,"height":63,"caption":"PradaGayoso"},"image":{"@id":"https:\/\/pradagayoso.com\/#\/schema\/logo\/image\/"},"sameAs":["https:\/\/www.facebook.com\/pradagayoso\/","https:\/\/x.com\/pradagayoso","https:\/\/www.instagram.com\/pradagayoso\/","https:\/\/www.linkedin.com\/company\/pradagayoso\/","https:\/\/www.youtube.com\/channel\/UCOZT08GCsDLY8dVR8mH0IqA"]}]}},"_links":{"self":[{"href":"https:\/\/pradagayoso.com\/en\/wp-json\/wp\/v2\/en-los-medios\/2490","targetHints":{"allow":["GET"]}}],"collection":[{"href":"https:\/\/pradagayoso.com\/en\/wp-json\/wp\/v2\/en-los-medios"}],"about":[{"href":"https:\/\/pradagayoso.com\/en\/wp-json\/wp\/v2\/types\/en-los-medios"}],"version-history":[{"count":3,"href":"https:\/\/pradagayoso.com\/en\/wp-json\/wp\/v2\/en-los-medios\/2490\/revisions"}],"predecessor-version":[{"id":2534,"href":"https:\/\/pradagayoso.com\/en\/wp-json\/wp\/v2\/en-los-medios\/2490\/revisions\/2534"}],"wp:attachment":[{"href":"https:\/\/pradagayoso.com\/en\/wp-json\/wp\/v2\/media?parent=2490"}],"curies":[{"name":"wp","href":"https:\/\/api.w.org\/{rel}","templated":true}]}}