{"id":2465,"date":"2021-06-18T12:10:48","date_gmt":"2021-06-18T10:10:48","guid":{"rendered":"https:\/\/pradagayoso.com\/?post_type=en-los-medios&#038;p=2465"},"modified":"2021-07-27T12:28:31","modified_gmt":"2021-07-27T10:28:31","slug":"seccion-de-calificacion-moratoria-concursal-tribuna-felix-salgado-el-confidencial","status":"publish","type":"en-los-medios","link":"https:\/\/pradagayoso.com\/en\/en-los-medios\/seccion-de-calificacion-moratoria-concursal-tribuna-felix-salgado-el-confidencial\/","title":{"rendered":"&#8220;La secci\u00f3n de calificaci\u00f3n a la luz de la moratoria concursal&#8221;. Tribuna de F\u00e9lix Salgado en El Confidencial"},"content":{"rendered":"<style type=\"text\/css\"><\/style>\n<section class=\"kc-elm kc-css-2192649 kc_row entradilla\">\n<div class=\"kc-row-container  kc-container\">\n<div class=\"kc-wrap-columns\">\n<div class=\"kc-elm kc-css-2060624 kc_col-sm-12 kc_column kc_col-sm-12\">\n<div class=\"kc-col-container\">\n<div class=\"kc-elm kc-css-960410 kc_text_block\">\n<p><strong><a href=\"https:\/\/pradagayoso.com\/equipo\/felix-salgado\/\">F\u00e9lix Salgado<\/a> (socio de PradaGayoso)<\/strong><br \/><strong>El Confidencial<\/strong><\/p>\n<p>En el contexto de la pandemia, miles de empresas se han acogido a la <strong>moratoria concursal<\/strong> \u2014vigente desde abril del a\u00f1o pasado y prorrogada hasta el 31 de diciembre de 2021\u2014 con la esperanza de que la recuperaci\u00f3n econ\u00f3mica y las ayudas p\u00fablicas les permitan restablecer en un espacio de tiempo relativamente breve su solidez financiera. La moratoria representa, en efecto, un bal\u00f3n de ox\u00edgeno para aquellas sociedades que acusan problemas coyunturales de tesorer\u00eda, pero que presentan un modelo de negocio viable a medio y largo plazo.<\/p>\n<p>Es previsible, sin embargo, que un determinado n\u00famero de empresas no logren superar el reto y finalmente se vean abocadas a la insolvencia judicial en 2022. Ante esa perspectiva, muchos administradores societarios se preguntan <strong>si la calificaci\u00f3n del concurso podr\u00eda resultar culpable por el hecho de haber dilatado su solicitud al amparo de la moratoria actual<\/strong>.<\/p>\n<p>Cuando una empresa entra en concurso de acreedores, uno de los motivos que m\u00e1s preocupan a los administradores, adem\u00e1s de satisfacer las deudas pendientes, es la llamada <strong>\u201csecci\u00f3n de calificaci\u00f3n\u201d<\/strong>, en la que se dirime hasta qu\u00e9 punto estos han sido responsables de la situaci\u00f3n de crisis a la que ha llegado la empresa.<\/p>\n<p>En caso de calificaci\u00f3n culpable, las <strong>sanciones<\/strong> previstas son las siguientes: la inhabilitaci\u00f3n para administrar bienes ajenos y para representar a cualquier persona durante un periodo de dos a quince a\u00f1os, la p\u00e9rdida de cualquier derecho como acreedores en el concurso, la devoluci\u00f3n de los bienes o derechos indebidamente obtenidos, la indemnizaci\u00f3n de los da\u00f1os y perjuicios causados, e incluso el pago (con cargo al patrimonio personal) de las deudas no cubiertas con la liquidaci\u00f3n de la empresa.<\/p>\n<p>Los <strong>supuestos<\/strong> en los que un concurso se puede calificar de culpable vienen tasados en el texto refundido de la Ley Concursal. Algunos de ellos son indiscutibles, como el alzamiento o la salida fraudulenta de bienes, la simulaci\u00f3n de una situaci\u00f3n patrimonial ficticia, o la inexactitud o falsedad grave en los documentos presentados ante el juez de lo mercantil y ante el administrador concursal.<\/p>\n<p>En cambio, existen otras causas que admiten un margen de interpretaci\u00f3n m\u00e1s amplio, como por ejemplo el haber cometido irregularidades contables relevantes, la generaci\u00f3n o agravaci\u00f3n del estado de insolvencia habiendo mediado dolo o culpa grave, o la <strong>tardanza en el deber de solicitar la declaraci\u00f3n de concurso<\/strong>. Precisamente, esta \u00faltima cuesti\u00f3n cobra plena actualidad con motivo de la moratoria.<\/p>\n<p>Pues bien, si se abre la secci\u00f3n de calificaci\u00f3n, no cabe duda de que la causa de culpabilidad consistente en haber incumplido el deber de solicitar la declaraci\u00f3n de concurso no podr\u00e1 ser admitida en la medida en que, <strong>durante casi dos a\u00f1os, los administradores han estado eximidos de la obligaci\u00f3n de recurrir al procedimiento concursal<\/strong>.<\/p>\n<p>La moratoria, por tanto, ampara a los gestores de una empresa que no soliciten el concurso. Pero \u00bfqu\u00e9 ocurre si en el a\u00f1o 2022 se constata que el recurso a la moratoria, en vez de suponer una ayuda, ha empeorado la situaci\u00f3n financiera de la compa\u00f1\u00eda? Hay que recordar que el art\u00edculo 442 del texto refundido de la Ley Concursal establece que el concurso se calificar\u00e1 de culpable cuando en la generaci\u00f3n o agravaci\u00f3n del estado de insolvencia hubiera mediado dolo o culpa grave del deudor.<\/p>\n<p>Si el retraso en la solicitud del concurso ha contribuido a agudizar los problemas financieros de la empresa, \u00bfpodr\u00eda este ser calificado de culpable? Cabe suponer que no. <strong>Concurso culpable<\/strong> no es aquel en el que la insolvencia se haya generado o agravado por culpa del deudor, sino <strong>aquel en el que para ello haya concurrido dolo o culpa grave<\/strong>.<\/p>\n<p>Se plantea aqu\u00ed el tema de la graduaci\u00f3n de la culpa, siempre problem\u00e1tico y complejo, y en el que se debe ponderar las circunstancias concretas de cada empresa, as\u00ed como el contexto general de la moratoria concursal. Ciertamente, resultar\u00eda extra\u00f1o que se achacara una culpa grave a un administrador por el hecho de haberse acogido a la moratoria. En cualquier caso, habr\u00e1 que esperar a que dichas cuestiones sean resueltas por nuestros tribunales, para conocer sus decisiones, pues el derecho no es una ciencia exacta.<\/p>\n<p>Otra cosa es el resto de los supuestos que contempla la ley para la calificaci\u00f3n culpable de un concurso, entre los que se encuentra, por ejemplo, el deber de formular y depositar las cuentas en el Registro Mercantil. <strong>La moratoria \u2014conviene subrayarlo\u2014 no implica una dispensa general de las responsabilidades que corresponden a los administradores sociales<\/strong>. El deber de diligencia contin\u00faa plenamente vigente.<\/p>\n<p><a class=\"prBtn ghost-button\" href=\"https:\/\/blogs.elconfidencial.com\/juridico\/tribuna\/2021-06-18\/la-seccion-de-calificacion-a-la-luz-de-la-moratoria-concursal_3138580\/\" target=\"_blank\" rel=\"noopener\">Ver art\u00edculo en El Confidencial<\/a><\/p>\n<\/div>\n<\/div>\n<\/div>\n<\/div>\n<\/div>\n<\/section>\n","protected":false},"excerpt":{"rendered":"<p>F\u00e9lix Salgado (socio de PradaGayoso)El Confidencial En el contexto de la pandemia, miles de empresas se han acogido a la moratoria concursal \u2014vigente desde abril del a\u00f1o pasado y prorrogada hasta el 31 de diciembre de 2021\u2014 con la esperanza de que la recuperaci\u00f3n econ\u00f3mica y las ayudas p\u00fablicas les permitan restablecer en un espacio &hellip; <\/p>\n<p class=\"link-more\"><a href=\"https:\/\/pradagayoso.com\/en\/en-los-medios\/seccion-de-calificacion-moratoria-concursal-tribuna-felix-salgado-el-confidencial\/\" class=\"more-link\">Continue reading<span class=\"screen-reader-text\"> &#8220;&#8220;La secci\u00f3n de calificaci\u00f3n a la luz de la moratoria concursal&#8221;. Tribuna de F\u00e9lix Salgado en El Confidencial&#8221;<\/span><\/a><\/p>\n","protected":false},"featured_media":0,"template":"","class_list":["post-2465","en-los-medios","type-en-los-medios","status-publish","hentry"],"yoast_head":"<!-- This site is optimized with the Yoast SEO plugin v28.2 - https:\/\/yoast.com\/product\/yoast-seo-wordpress\/ -->\n<title>&quot;La secci\u00f3n de calificaci\u00f3n a la luz de la moratoria concursal&quot;. Tribuna de F\u00e9lix Salgado en El Confidencial - PradaGayoso<\/title>\n<meta name=\"description\" content=\"Al amparo de la moratoria vigente, un concurso de acreedores no podr\u00e1 ser calificado de culpable por haber retrasado su solicitud.\" \/>\n<meta name=\"robots\" content=\"index, follow, max-snippet:-1, max-image-preview:large, max-video-preview:-1\" \/>\n<link rel=\"canonical\" href=\"https:\/\/pradagayoso.com\/en-los-medios\/seccion-de-calificacion-moratoria-concursal-tribuna-felix-salgado-el-confidencial\/\" \/>\n<meta property=\"og:locale\" content=\"en_US\" \/>\n<meta property=\"og:type\" content=\"article\" \/>\n<meta property=\"og:title\" content=\"&quot;La secci\u00f3n de calificaci\u00f3n a la luz de la moratoria concursal&quot;. Tribuna de F\u00e9lix Salgado en El Confidencial - PradaGayoso\" \/>\n<meta property=\"og:description\" content=\"Al amparo de la moratoria vigente, un concurso de acreedores no podr\u00e1 ser calificado de culpable por haber retrasado su solicitud.\" \/>\n<meta property=\"og:url\" content=\"https:\/\/pradagayoso.com\/en-los-medios\/seccion-de-calificacion-moratoria-concursal-tribuna-felix-salgado-el-confidencial\/\" \/>\n<meta property=\"og:site_name\" content=\"PradaGayoso\" \/>\n<meta property=\"article:publisher\" content=\"https:\/\/www.facebook.com\/pradagayoso\/\" \/>\n<meta property=\"article:modified_time\" content=\"2021-07-27T10:28:31+00:00\" \/>\n<meta property=\"og:image\" content=\"https:\/\/pradagayoso.com\/wp-content\/uploads\/2019\/01\/Img-OG-1200x630-PradaGayoso.jpg\" \/>\n\t<meta property=\"og:image:width\" content=\"1200\" \/>\n\t<meta property=\"og:image:height\" content=\"630\" \/>\n\t<meta property=\"og:image:type\" content=\"image\/jpeg\" \/>\n<meta name=\"twitter:card\" content=\"summary_large_image\" \/>\n<meta name=\"twitter:site\" content=\"@pradagayoso\" \/>\n<meta name=\"twitter:label1\" content=\"Est. reading time\" \/>\n\t<meta name=\"twitter:data1\" content=\"4 minutes\" \/>\n<script type=\"application\/ld+json\" class=\"yoast-schema-graph\">{\"@context\":\"https:\\\/\\\/schema.org\",\"@graph\":[{\"@type\":\"WebPage\",\"@id\":\"https:\\\/\\\/pradagayoso.com\\\/en-los-medios\\\/seccion-de-calificacion-moratoria-concursal-tribuna-felix-salgado-el-confidencial\\\/\",\"url\":\"https:\\\/\\\/pradagayoso.com\\\/en-los-medios\\\/seccion-de-calificacion-moratoria-concursal-tribuna-felix-salgado-el-confidencial\\\/\",\"name\":\"\\\"La secci\u00f3n de calificaci\u00f3n a la luz de la moratoria concursal\\\". Tribuna de F\u00e9lix Salgado en El Confidencial - PradaGayoso\",\"isPartOf\":{\"@id\":\"https:\\\/\\\/pradagayoso.com\\\/#website\"},\"datePublished\":\"2021-06-18T10:10:48+00:00\",\"dateModified\":\"2021-07-27T10:28:31+00:00\",\"description\":\"Al amparo de la moratoria vigente, un concurso de acreedores no podr\u00e1 ser calificado de culpable por haber retrasado su solicitud.\",\"breadcrumb\":{\"@id\":\"https:\\\/\\\/pradagayoso.com\\\/en-los-medios\\\/seccion-de-calificacion-moratoria-concursal-tribuna-felix-salgado-el-confidencial\\\/#breadcrumb\"},\"inLanguage\":\"en-US\",\"potentialAction\":[{\"@type\":\"ReadAction\",\"target\":[\"https:\\\/\\\/pradagayoso.com\\\/en-los-medios\\\/seccion-de-calificacion-moratoria-concursal-tribuna-felix-salgado-el-confidencial\\\/\"]}]},{\"@type\":\"BreadcrumbList\",\"@id\":\"https:\\\/\\\/pradagayoso.com\\\/en-los-medios\\\/seccion-de-calificacion-moratoria-concursal-tribuna-felix-salgado-el-confidencial\\\/#breadcrumb\",\"itemListElement\":[{\"@type\":\"ListItem\",\"position\":1,\"name\":\"Portada\",\"item\":\"https:\\\/\\\/pradagayoso.com\\\/en\\\/\"},{\"@type\":\"ListItem\",\"position\":2,\"name\":\"En los medios\",\"item\":\"https:\\\/\\\/pradagayoso.com\\\/en-los-medios\\\/\"},{\"@type\":\"ListItem\",\"position\":3,\"name\":\"\u00abLa secci\u00f3n de calificaci\u00f3n a la luz de la moratoria concursal\u00bb. Tribuna de F\u00e9lix Salgado en El Confidencial\"}]},{\"@type\":\"WebSite\",\"@id\":\"https:\\\/\\\/pradagayoso.com\\\/#website\",\"url\":\"https:\\\/\\\/pradagayoso.com\\\/\",\"name\":\"PradaGayoso\",\"description\":\"Reestructuraci\u00f3n financiera\",\"publisher\":{\"@id\":\"https:\\\/\\\/pradagayoso.com\\\/#organization\"},\"potentialAction\":[{\"@type\":\"SearchAction\",\"target\":{\"@type\":\"EntryPoint\",\"urlTemplate\":\"https:\\\/\\\/pradagayoso.com\\\/?s={search_term_string}\"},\"query-input\":{\"@type\":\"PropertyValueSpecification\",\"valueRequired\":true,\"valueName\":\"search_term_string\"}}],\"inLanguage\":\"en-US\"},{\"@type\":\"Organization\",\"@id\":\"https:\\\/\\\/pradagayoso.com\\\/#organization\",\"name\":\"PradaGayoso\",\"url\":\"https:\\\/\\\/pradagayoso.com\\\/\",\"logo\":{\"@type\":\"ImageObject\",\"inLanguage\":\"en-US\",\"@id\":\"https:\\\/\\\/pradagayoso.com\\\/#\\\/schema\\\/logo\\\/image\\\/\",\"url\":\"https:\\\/\\\/pradagayoso.com\\\/wp-content\\\/uploads\\\/2018\\\/05\\\/logo_prada.png\",\"contentUrl\":\"https:\\\/\\\/pradagayoso.com\\\/wp-content\\\/uploads\\\/2018\\\/05\\\/logo_prada.png\",\"width\":284,\"height\":63,\"caption\":\"PradaGayoso\"},\"image\":{\"@id\":\"https:\\\/\\\/pradagayoso.com\\\/#\\\/schema\\\/logo\\\/image\\\/\"},\"sameAs\":[\"https:\\\/\\\/www.facebook.com\\\/pradagayoso\\\/\",\"https:\\\/\\\/x.com\\\/pradagayoso\",\"https:\\\/\\\/www.instagram.com\\\/pradagayoso\\\/\",\"https:\\\/\\\/www.linkedin.com\\\/company\\\/pradagayoso\\\/\",\"https:\\\/\\\/www.youtube.com\\\/channel\\\/UCOZT08GCsDLY8dVR8mH0IqA\"]}]}<\/script>\n<!-- \/ Yoast SEO plugin. -->","yoast_head_json":{"title":"\"La secci\u00f3n de calificaci\u00f3n a la luz de la moratoria concursal\". Tribuna de F\u00e9lix Salgado en El Confidencial - PradaGayoso","description":"Al amparo de la moratoria vigente, un concurso de acreedores no podr\u00e1 ser calificado de culpable por haber retrasado su solicitud.","robots":{"index":"index","follow":"follow","max-snippet":"max-snippet:-1","max-image-preview":"max-image-preview:large","max-video-preview":"max-video-preview:-1"},"canonical":"https:\/\/pradagayoso.com\/en-los-medios\/seccion-de-calificacion-moratoria-concursal-tribuna-felix-salgado-el-confidencial\/","og_locale":"en_US","og_type":"article","og_title":"\"La secci\u00f3n de calificaci\u00f3n a la luz de la moratoria concursal\". Tribuna de F\u00e9lix Salgado en El Confidencial - PradaGayoso","og_description":"Al amparo de la moratoria vigente, un concurso de acreedores no podr\u00e1 ser calificado de culpable por haber retrasado su solicitud.","og_url":"https:\/\/pradagayoso.com\/en-los-medios\/seccion-de-calificacion-moratoria-concursal-tribuna-felix-salgado-el-confidencial\/","og_site_name":"PradaGayoso","article_publisher":"https:\/\/www.facebook.com\/pradagayoso\/","article_modified_time":"2021-07-27T10:28:31+00:00","og_image":[{"width":1200,"height":630,"url":"https:\/\/pradagayoso.com\/wp-content\/uploads\/2019\/01\/Img-OG-1200x630-PradaGayoso.jpg","type":"image\/jpeg"}],"twitter_card":"summary_large_image","twitter_site":"@pradagayoso","twitter_misc":{"Est. reading time":"4 minutes"},"schema":{"@context":"https:\/\/schema.org","@graph":[{"@type":"WebPage","@id":"https:\/\/pradagayoso.com\/en-los-medios\/seccion-de-calificacion-moratoria-concursal-tribuna-felix-salgado-el-confidencial\/","url":"https:\/\/pradagayoso.com\/en-los-medios\/seccion-de-calificacion-moratoria-concursal-tribuna-felix-salgado-el-confidencial\/","name":"\"La secci\u00f3n de calificaci\u00f3n a la luz de la moratoria concursal\". Tribuna de F\u00e9lix Salgado en El Confidencial - PradaGayoso","isPartOf":{"@id":"https:\/\/pradagayoso.com\/#website"},"datePublished":"2021-06-18T10:10:48+00:00","dateModified":"2021-07-27T10:28:31+00:00","description":"Al amparo de la moratoria vigente, un concurso de acreedores no podr\u00e1 ser calificado de culpable por haber retrasado su solicitud.","breadcrumb":{"@id":"https:\/\/pradagayoso.com\/en-los-medios\/seccion-de-calificacion-moratoria-concursal-tribuna-felix-salgado-el-confidencial\/#breadcrumb"},"inLanguage":"en-US","potentialAction":[{"@type":"ReadAction","target":["https:\/\/pradagayoso.com\/en-los-medios\/seccion-de-calificacion-moratoria-concursal-tribuna-felix-salgado-el-confidencial\/"]}]},{"@type":"BreadcrumbList","@id":"https:\/\/pradagayoso.com\/en-los-medios\/seccion-de-calificacion-moratoria-concursal-tribuna-felix-salgado-el-confidencial\/#breadcrumb","itemListElement":[{"@type":"ListItem","position":1,"name":"Portada","item":"https:\/\/pradagayoso.com\/en\/"},{"@type":"ListItem","position":2,"name":"En los medios","item":"https:\/\/pradagayoso.com\/en-los-medios\/"},{"@type":"ListItem","position":3,"name":"\u00abLa secci\u00f3n de calificaci\u00f3n a la luz de la moratoria concursal\u00bb. Tribuna de F\u00e9lix Salgado en El Confidencial"}]},{"@type":"WebSite","@id":"https:\/\/pradagayoso.com\/#website","url":"https:\/\/pradagayoso.com\/","name":"PradaGayoso","description":"Reestructuraci\u00f3n financiera","publisher":{"@id":"https:\/\/pradagayoso.com\/#organization"},"potentialAction":[{"@type":"SearchAction","target":{"@type":"EntryPoint","urlTemplate":"https:\/\/pradagayoso.com\/?s={search_term_string}"},"query-input":{"@type":"PropertyValueSpecification","valueRequired":true,"valueName":"search_term_string"}}],"inLanguage":"en-US"},{"@type":"Organization","@id":"https:\/\/pradagayoso.com\/#organization","name":"PradaGayoso","url":"https:\/\/pradagayoso.com\/","logo":{"@type":"ImageObject","inLanguage":"en-US","@id":"https:\/\/pradagayoso.com\/#\/schema\/logo\/image\/","url":"https:\/\/pradagayoso.com\/wp-content\/uploads\/2018\/05\/logo_prada.png","contentUrl":"https:\/\/pradagayoso.com\/wp-content\/uploads\/2018\/05\/logo_prada.png","width":284,"height":63,"caption":"PradaGayoso"},"image":{"@id":"https:\/\/pradagayoso.com\/#\/schema\/logo\/image\/"},"sameAs":["https:\/\/www.facebook.com\/pradagayoso\/","https:\/\/x.com\/pradagayoso","https:\/\/www.instagram.com\/pradagayoso\/","https:\/\/www.linkedin.com\/company\/pradagayoso\/","https:\/\/www.youtube.com\/channel\/UCOZT08GCsDLY8dVR8mH0IqA"]}]}},"_links":{"self":[{"href":"https:\/\/pradagayoso.com\/en\/wp-json\/wp\/v2\/en-los-medios\/2465","targetHints":{"allow":["GET"]}}],"collection":[{"href":"https:\/\/pradagayoso.com\/en\/wp-json\/wp\/v2\/en-los-medios"}],"about":[{"href":"https:\/\/pradagayoso.com\/en\/wp-json\/wp\/v2\/types\/en-los-medios"}],"version-history":[{"count":4,"href":"https:\/\/pradagayoso.com\/en\/wp-json\/wp\/v2\/en-los-medios\/2465\/revisions"}],"predecessor-version":[{"id":2531,"href":"https:\/\/pradagayoso.com\/en\/wp-json\/wp\/v2\/en-los-medios\/2465\/revisions\/2531"}],"wp:attachment":[{"href":"https:\/\/pradagayoso.com\/en\/wp-json\/wp\/v2\/media?parent=2465"}],"curies":[{"name":"wp","href":"https:\/\/api.w.org\/{rel}","templated":true}]}}