{"id":2458,"date":"2021-07-14T13:27:35","date_gmt":"2021-07-14T11:27:35","guid":{"rendered":"https:\/\/pradagayoso.com\/?post_type=en-los-medios&#038;p=2458"},"modified":"2021-07-27T12:28:29","modified_gmt":"2021-07-27T10:28:29","slug":"buenas-perspectivas-fin-moratoria-concursal-tribuna-guillermo-prada-el-espanol","status":"publish","type":"en-los-medios","link":"https:\/\/pradagayoso.com\/en\/en-los-medios\/buenas-perspectivas-fin-moratoria-concursal-tribuna-guillermo-prada-el-espanol\/","title":{"rendered":"&#8220;Buenas perspectivas ante el fin de la moratoria concursal&#8221;. Tribuna de Guillermo Prada en El Espa\u00f1ol"},"content":{"rendered":"<style type=\"text\/css\"><\/style>\n<section class=\"kc-elm kc-css-2635744 kc_row entradilla\">\n<div class=\"kc-row-container  kc-container\">\n<div class=\"kc-wrap-columns\">\n<div class=\"kc-elm kc-css-668674 kc_col-sm-12 kc_column kc_col-sm-12\">\n<div class=\"kc-col-container\">\n<div class=\"kc-elm kc-css-55655 kc_text_block\">\n<p><strong><a href=\"https:\/\/pradagayoso.com\/equipo\/guillermo-prada\/\">Guillermo Prada<\/a> (socio de PradaGayoso)<\/strong><br \/><strong>El Espa\u00f1ol<\/strong><\/p>\n<p>La recuperaci\u00f3n econ\u00f3mica est\u00e1 en marcha. Algunos indicadores, como el \u00edndice de gestores de compras (PMI) de manufacturas y de servicios, apuntan a un despegue fulgurante de la producci\u00f3n. La mayor\u00eda de las entidades de an\u00e1lisis econ\u00f3mico calcula que <strong>el PIB aumentar\u00e1 este a\u00f1o m\u00e1s de un 6%, y el crecimiento se concentrar\u00e1 en el segundo semestre<\/strong>, estimulado por el avance en la campa\u00f1a de vacunaci\u00f3n, el levantamiento de las restricciones sanitarias y la primera remesa de los fondos europeos.<\/p>\n<p>A diferencia de la crisis anterior, esta ha tenido su origen en un factor ex\u00f3geno \u2014el coronavirus\u2014 que est\u00e1 siendo neutralizado en apenas a\u00f1o y medio. Durante este periodo, adem\u00e1s, se ha aplicado una pol\u00edtica monetaria y fiscal de car\u00e1cter expansivo y la banca ha mantenido el flujo de financiaci\u00f3n a las empresas. Todo ello permite anticipar una <strong>salida r\u00e1pida de la crisis<\/strong>.<\/p>\n<p>Sin embargo, la mejora de la coyuntura econ\u00f3mica no debe hacernos olvidar que existen <strong>miles de compa\u00f1\u00edas que, siendo viables a medio y largo plazo, est\u00e1n atravesando graves dificultades financieras<\/strong> a causa de la pandemia y que hoy por hoy no tienen garantizada su continuidad.<\/p>\n<p>Para proteger a estas empresas, el Gobierno adopt\u00f3 el a\u00f1o pasado una serie de <strong>medidas de apoyo<\/strong> como la cobertura de los ERTE, la concesi\u00f3n de avales p\u00fablicos y el establecimiento de una moratoria concursal, vigente hasta el pr\u00f3ximo 31 de diciembre.<\/p>\n<p>En la misma l\u00ednea, el Ejecutivo <a href=\"https:\/\/www.boe.es\/buscar\/act.php?id=BOE-A-2021-3946\" target=\"_blank\" rel=\"noopener\">anunci\u00f3<\/a> en marzo la creaci\u00f3n de <strong>tres fondos por valor de 11.000 millones<\/strong> para reforzar la liquidez de las compa\u00f1\u00edas m\u00e1s afectadas por la pandemia.<\/p>\n<p>El primero de ellos, dotado con 7.000 millones, est\u00e1 orientado a proporcionar <strong>ayudas directas<\/strong> a empresas de determinados sectores y que hayan perdido al menos un 30% de sus ingresos en 2020 con respecto al ejercicio anterior. Las ayudas habr\u00e1n de destinarse a la satisfacci\u00f3n de la deuda y al pago a proveedores. Las comunidades aut\u00f3nomas se est\u00e1n encargando de la gesti\u00f3n del fondo en virtud de un convenio firmado con el Ministerio de Hacienda.<\/p>\n<p>En segundo lugar, se ha dispuesto una l\u00ednea de 3.000 millones para la <a href=\"https:\/\/pradagayoso.com\/blog\/asesoramiento-a-empresas-en-dificultades\/renegociacion-prestamos-aval-publico\/\">renegociaci\u00f3n de los pr\u00e9stamos concedidos con aval p\u00fablico<\/a>, en especial del ICO. A este respecto, se prev\u00e9n <strong>tres mecanismos<\/strong>: la ampliaci\u00f3n de los plazos de amortizaci\u00f3n, la conversi\u00f3n en pr\u00e9stamos participativos y la aplicaci\u00f3n de quitas.<\/p>\n<p>La primera medida es de aplicaci\u00f3n obligada para aquellas empresas que en 2020 hayan visto reducida su facturaci\u00f3n en un 30%. Para optar a los pr\u00e9stamos participativos y a las quitas, se requiere, adem\u00e1s, haber tenido un resultado negativo despu\u00e9s de impuestos. Las compa\u00f1\u00edas interesadas en la renegociaci\u00f3n de sus pr\u00e9stamos deben presentar la solicitud ante los bancos que se han adherido al c\u00f3digo de buenas pr\u00e1cticas aprobado por el Ejecutivo.<\/p>\n<p>Por \u00faltimo, Cofides est\u00e1 gestionando un fondo de 1.000 millones para la <a href=\"https:\/\/pradagayoso.com\/blog\/asesoramiento-a-empresas-en-dificultades\/fondo-recapitalizacion-empresas-afectadas-pandemia\/\">recapitalizaci\u00f3n<\/a> de empresas de tama\u00f1o mediano (con una facturaci\u00f3n de 15 a 400 millones en 2019) y que cuenten con un modelo de negocio viable a medio y largo plazo, pero que hayan perdido m\u00e1s de un 20% de sus ingresos en 2020 y hayan sufrido un deterioro en su estructura de capital.<\/p>\n<p>Quedan menos de seis meses para el <strong>fin de la moratoria concursal<\/strong>, y las compa\u00f1\u00edas que se encuentran en una situaci\u00f3n financiera vulnerable deben explorar todos los recursos disponibles para mantener su negocio en funcionamiento, m\u00e1xime teniendo en cuenta la mejora de las perspectivas macroecon\u00f3micas.<\/p>\n<p>Al margen de las facilidades transitorias otorgadas por el Gobierno, el <a href=\"https:\/\/www.boe.es\/buscar\/act.php?id=BOE-A-2020-4859\" target=\"_blank\" rel=\"noopener\">texto refundido de la Ley Concursal<\/a> contempla la f\u00f3rmula de los <strong>acuerdos de refinanciaci\u00f3n<\/strong>, en virtud de la cual una empresa puede negociar con sus acreedores financieros diversas medidas para reducir el servicio de la deuda (aplazamientos, quitas, reducciones en el tipo de inter\u00e9s o conversi\u00f3n de sus cr\u00e9ditos en capital), sin que ello afecte al resto de los acreedores.<\/p>\n<p>Este instrumento tiene la ventaja de que no requiere acudir al juzgado m\u00e1s que para comunicar el inicio de las negociaciones y, posteriormente, para homologar el pacto a los eventuales acreedores disidentes.<\/p>\n<p>La experiencia demuestra que <strong>los procedimientos judiciales no son los m\u00e1s adecuados para encauzar una reestructuraci\u00f3n empresarial<\/strong>. Los juzgados est\u00e1n concebidos para reconocer derechos y para dirimir conflictos, no para reflotar compa\u00f1\u00edas en crisis. La tendencia en el \u00e1mbito europeo apunta a que la v\u00eda judicial quede limitada \u00fanicamente a los procesos de liquidaci\u00f3n.<\/p>\n<p>En definitiva, la <strong>recuperaci\u00f3n de la econom\u00eda en el segundo semestre de 2021<\/strong> constituye el escenario m\u00e1s propicio para que las empresas acogidas a la moratoria concursal encuentren una soluci\u00f3n a sus problemas financieros, dejando el concurso de acreedores como \u00faltimo recurso.<\/p>\n<p>Ahora bien, como en toda situaci\u00f3n de crisis, las probabilidades de \u00e9xito ser\u00e1n mayores si los empresarios <strong>act\u00faan de forma anticipada<\/strong> \u2014mejor ahora que a la vuelta de las vacaciones\u2014 y si cuentan con el <strong>asesoramiento de un equipo de expertos jur\u00eddico-econ\u00f3micos<\/strong> en la materia.<\/p>\n<p><a class=\"prBtn ghost-button\" href=\"https:\/\/www.elespanol.com\/invertia\/opinion\/20210714\/buenas-perspectivas-fin-moratoria-concursal\/596310367_12.html\" target=\"_blank\" rel=\"noopener\">Ver art\u00edculo en la web de El Espa\u00f1ol<\/a><\/p>\n<\/div>\n<\/div>\n<\/div>\n<\/div>\n<\/div>\n<\/section>\n","protected":false},"excerpt":{"rendered":"<p>Guillermo Prada (socio de PradaGayoso)El Espa\u00f1ol La recuperaci\u00f3n econ\u00f3mica est\u00e1 en marcha. Algunos indicadores, como el \u00edndice de gestores de compras (PMI) de manufacturas y de servicios, apuntan a un despegue fulgurante de la producci\u00f3n. La mayor\u00eda de las entidades de an\u00e1lisis econ\u00f3mico calcula que el PIB aumentar\u00e1 este a\u00f1o m\u00e1s de un 6%, y &hellip; <\/p>\n<p class=\"link-more\"><a href=\"https:\/\/pradagayoso.com\/en\/en-los-medios\/buenas-perspectivas-fin-moratoria-concursal-tribuna-guillermo-prada-el-espanol\/\" class=\"more-link\">Continue reading<span class=\"screen-reader-text\"> &#8220;&#8220;Buenas perspectivas ante el fin de la moratoria concursal&#8221;. Tribuna de Guillermo Prada en El Espa\u00f1ol&#8221;<\/span><\/a><\/p>\n","protected":false},"featured_media":0,"template":"","class_list":["post-2458","en-los-medios","type-en-los-medios","status-publish","hentry"],"yoast_head":"<!-- This site is optimized with the Yoast SEO plugin v28.2 - https:\/\/yoast.com\/product\/yoast-seo-wordpress\/ -->\n<title>&quot;Buenas perspectivas ante el fin de la moratoria concursal&quot;. Tribuna de Guillermo Prada en El Espa\u00f1ol - PradaGayoso<\/title>\n<meta name=\"description\" content=\"La recuperaci\u00f3n econ\u00f3mica, contexto propicio para que las empresas acogidas a la moratoria concursal resuelvan sus problemas financieros.\" \/>\n<meta name=\"robots\" content=\"index, follow, max-snippet:-1, max-image-preview:large, max-video-preview:-1\" \/>\n<link rel=\"canonical\" href=\"https:\/\/pradagayoso.com\/en-los-medios\/buenas-perspectivas-fin-moratoria-concursal-tribuna-guillermo-prada-el-espanol\/\" \/>\n<meta property=\"og:locale\" content=\"en_US\" \/>\n<meta property=\"og:type\" content=\"article\" \/>\n<meta property=\"og:title\" content=\"&quot;Buenas perspectivas ante el fin de la moratoria concursal&quot;. Tribuna de Guillermo Prada en El Espa\u00f1ol - PradaGayoso\" \/>\n<meta property=\"og:description\" content=\"La recuperaci\u00f3n econ\u00f3mica, contexto propicio para que las empresas acogidas a la moratoria concursal resuelvan sus problemas financieros.\" \/>\n<meta property=\"og:url\" content=\"https:\/\/pradagayoso.com\/en-los-medios\/buenas-perspectivas-fin-moratoria-concursal-tribuna-guillermo-prada-el-espanol\/\" \/>\n<meta property=\"og:site_name\" content=\"PradaGayoso\" \/>\n<meta property=\"article:publisher\" content=\"https:\/\/www.facebook.com\/pradagayoso\/\" \/>\n<meta property=\"article:modified_time\" content=\"2021-07-27T10:28:29+00:00\" \/>\n<meta property=\"og:image\" content=\"https:\/\/pradagayoso.com\/wp-content\/uploads\/2019\/01\/Img-OG-1200x630-PradaGayoso.jpg\" \/>\n\t<meta property=\"og:image:width\" content=\"1200\" \/>\n\t<meta property=\"og:image:height\" content=\"630\" \/>\n\t<meta property=\"og:image:type\" content=\"image\/jpeg\" \/>\n<meta name=\"twitter:card\" content=\"summary_large_image\" \/>\n<meta name=\"twitter:site\" content=\"@pradagayoso\" \/>\n<meta name=\"twitter:label1\" content=\"Est. reading time\" \/>\n\t<meta name=\"twitter:data1\" content=\"4 minutes\" \/>\n<script type=\"application\/ld+json\" class=\"yoast-schema-graph\">{\"@context\":\"https:\\\/\\\/schema.org\",\"@graph\":[{\"@type\":\"WebPage\",\"@id\":\"https:\\\/\\\/pradagayoso.com\\\/en-los-medios\\\/buenas-perspectivas-fin-moratoria-concursal-tribuna-guillermo-prada-el-espanol\\\/\",\"url\":\"https:\\\/\\\/pradagayoso.com\\\/en-los-medios\\\/buenas-perspectivas-fin-moratoria-concursal-tribuna-guillermo-prada-el-espanol\\\/\",\"name\":\"\\\"Buenas perspectivas ante el fin de la moratoria concursal\\\". Tribuna de Guillermo Prada en El Espa\u00f1ol - PradaGayoso\",\"isPartOf\":{\"@id\":\"https:\\\/\\\/pradagayoso.com\\\/#website\"},\"datePublished\":\"2021-07-14T11:27:35+00:00\",\"dateModified\":\"2021-07-27T10:28:29+00:00\",\"description\":\"La recuperaci\u00f3n econ\u00f3mica, contexto propicio para que las empresas acogidas a la moratoria concursal resuelvan sus problemas financieros.\",\"breadcrumb\":{\"@id\":\"https:\\\/\\\/pradagayoso.com\\\/en-los-medios\\\/buenas-perspectivas-fin-moratoria-concursal-tribuna-guillermo-prada-el-espanol\\\/#breadcrumb\"},\"inLanguage\":\"en-US\",\"potentialAction\":[{\"@type\":\"ReadAction\",\"target\":[\"https:\\\/\\\/pradagayoso.com\\\/en-los-medios\\\/buenas-perspectivas-fin-moratoria-concursal-tribuna-guillermo-prada-el-espanol\\\/\"]}]},{\"@type\":\"BreadcrumbList\",\"@id\":\"https:\\\/\\\/pradagayoso.com\\\/en-los-medios\\\/buenas-perspectivas-fin-moratoria-concursal-tribuna-guillermo-prada-el-espanol\\\/#breadcrumb\",\"itemListElement\":[{\"@type\":\"ListItem\",\"position\":1,\"name\":\"Portada\",\"item\":\"https:\\\/\\\/pradagayoso.com\\\/en\\\/\"},{\"@type\":\"ListItem\",\"position\":2,\"name\":\"En los medios\",\"item\":\"https:\\\/\\\/pradagayoso.com\\\/en-los-medios\\\/\"},{\"@type\":\"ListItem\",\"position\":3,\"name\":\"\u00abBuenas perspectivas ante el fin de la moratoria concursal\u00bb. Tribuna de Guillermo Prada en El Espa\u00f1ol\"}]},{\"@type\":\"WebSite\",\"@id\":\"https:\\\/\\\/pradagayoso.com\\\/#website\",\"url\":\"https:\\\/\\\/pradagayoso.com\\\/\",\"name\":\"PradaGayoso\",\"description\":\"Reestructuraci\u00f3n financiera\",\"publisher\":{\"@id\":\"https:\\\/\\\/pradagayoso.com\\\/#organization\"},\"potentialAction\":[{\"@type\":\"SearchAction\",\"target\":{\"@type\":\"EntryPoint\",\"urlTemplate\":\"https:\\\/\\\/pradagayoso.com\\\/?s={search_term_string}\"},\"query-input\":{\"@type\":\"PropertyValueSpecification\",\"valueRequired\":true,\"valueName\":\"search_term_string\"}}],\"inLanguage\":\"en-US\"},{\"@type\":\"Organization\",\"@id\":\"https:\\\/\\\/pradagayoso.com\\\/#organization\",\"name\":\"PradaGayoso\",\"url\":\"https:\\\/\\\/pradagayoso.com\\\/\",\"logo\":{\"@type\":\"ImageObject\",\"inLanguage\":\"en-US\",\"@id\":\"https:\\\/\\\/pradagayoso.com\\\/#\\\/schema\\\/logo\\\/image\\\/\",\"url\":\"https:\\\/\\\/pradagayoso.com\\\/wp-content\\\/uploads\\\/2018\\\/05\\\/logo_prada.png\",\"contentUrl\":\"https:\\\/\\\/pradagayoso.com\\\/wp-content\\\/uploads\\\/2018\\\/05\\\/logo_prada.png\",\"width\":284,\"height\":63,\"caption\":\"PradaGayoso\"},\"image\":{\"@id\":\"https:\\\/\\\/pradagayoso.com\\\/#\\\/schema\\\/logo\\\/image\\\/\"},\"sameAs\":[\"https:\\\/\\\/www.facebook.com\\\/pradagayoso\\\/\",\"https:\\\/\\\/x.com\\\/pradagayoso\",\"https:\\\/\\\/www.instagram.com\\\/pradagayoso\\\/\",\"https:\\\/\\\/www.linkedin.com\\\/company\\\/pradagayoso\\\/\",\"https:\\\/\\\/www.youtube.com\\\/channel\\\/UCOZT08GCsDLY8dVR8mH0IqA\"]}]}<\/script>\n<!-- \/ Yoast SEO plugin. -->","yoast_head_json":{"title":"\"Buenas perspectivas ante el fin de la moratoria concursal\". Tribuna de Guillermo Prada en El Espa\u00f1ol - PradaGayoso","description":"La recuperaci\u00f3n econ\u00f3mica, contexto propicio para que las empresas acogidas a la moratoria concursal resuelvan sus problemas financieros.","robots":{"index":"index","follow":"follow","max-snippet":"max-snippet:-1","max-image-preview":"max-image-preview:large","max-video-preview":"max-video-preview:-1"},"canonical":"https:\/\/pradagayoso.com\/en-los-medios\/buenas-perspectivas-fin-moratoria-concursal-tribuna-guillermo-prada-el-espanol\/","og_locale":"en_US","og_type":"article","og_title":"\"Buenas perspectivas ante el fin de la moratoria concursal\". Tribuna de Guillermo Prada en El Espa\u00f1ol - PradaGayoso","og_description":"La recuperaci\u00f3n econ\u00f3mica, contexto propicio para que las empresas acogidas a la moratoria concursal resuelvan sus problemas financieros.","og_url":"https:\/\/pradagayoso.com\/en-los-medios\/buenas-perspectivas-fin-moratoria-concursal-tribuna-guillermo-prada-el-espanol\/","og_site_name":"PradaGayoso","article_publisher":"https:\/\/www.facebook.com\/pradagayoso\/","article_modified_time":"2021-07-27T10:28:29+00:00","og_image":[{"width":1200,"height":630,"url":"https:\/\/pradagayoso.com\/wp-content\/uploads\/2019\/01\/Img-OG-1200x630-PradaGayoso.jpg","type":"image\/jpeg"}],"twitter_card":"summary_large_image","twitter_site":"@pradagayoso","twitter_misc":{"Est. reading time":"4 minutes"},"schema":{"@context":"https:\/\/schema.org","@graph":[{"@type":"WebPage","@id":"https:\/\/pradagayoso.com\/en-los-medios\/buenas-perspectivas-fin-moratoria-concursal-tribuna-guillermo-prada-el-espanol\/","url":"https:\/\/pradagayoso.com\/en-los-medios\/buenas-perspectivas-fin-moratoria-concursal-tribuna-guillermo-prada-el-espanol\/","name":"\"Buenas perspectivas ante el fin de la moratoria concursal\". Tribuna de Guillermo Prada en El Espa\u00f1ol - PradaGayoso","isPartOf":{"@id":"https:\/\/pradagayoso.com\/#website"},"datePublished":"2021-07-14T11:27:35+00:00","dateModified":"2021-07-27T10:28:29+00:00","description":"La recuperaci\u00f3n econ\u00f3mica, contexto propicio para que las empresas acogidas a la moratoria concursal resuelvan sus problemas financieros.","breadcrumb":{"@id":"https:\/\/pradagayoso.com\/en-los-medios\/buenas-perspectivas-fin-moratoria-concursal-tribuna-guillermo-prada-el-espanol\/#breadcrumb"},"inLanguage":"en-US","potentialAction":[{"@type":"ReadAction","target":["https:\/\/pradagayoso.com\/en-los-medios\/buenas-perspectivas-fin-moratoria-concursal-tribuna-guillermo-prada-el-espanol\/"]}]},{"@type":"BreadcrumbList","@id":"https:\/\/pradagayoso.com\/en-los-medios\/buenas-perspectivas-fin-moratoria-concursal-tribuna-guillermo-prada-el-espanol\/#breadcrumb","itemListElement":[{"@type":"ListItem","position":1,"name":"Portada","item":"https:\/\/pradagayoso.com\/en\/"},{"@type":"ListItem","position":2,"name":"En los medios","item":"https:\/\/pradagayoso.com\/en-los-medios\/"},{"@type":"ListItem","position":3,"name":"\u00abBuenas perspectivas ante el fin de la moratoria concursal\u00bb. Tribuna de Guillermo Prada en El Espa\u00f1ol"}]},{"@type":"WebSite","@id":"https:\/\/pradagayoso.com\/#website","url":"https:\/\/pradagayoso.com\/","name":"PradaGayoso","description":"Reestructuraci\u00f3n financiera","publisher":{"@id":"https:\/\/pradagayoso.com\/#organization"},"potentialAction":[{"@type":"SearchAction","target":{"@type":"EntryPoint","urlTemplate":"https:\/\/pradagayoso.com\/?s={search_term_string}"},"query-input":{"@type":"PropertyValueSpecification","valueRequired":true,"valueName":"search_term_string"}}],"inLanguage":"en-US"},{"@type":"Organization","@id":"https:\/\/pradagayoso.com\/#organization","name":"PradaGayoso","url":"https:\/\/pradagayoso.com\/","logo":{"@type":"ImageObject","inLanguage":"en-US","@id":"https:\/\/pradagayoso.com\/#\/schema\/logo\/image\/","url":"https:\/\/pradagayoso.com\/wp-content\/uploads\/2018\/05\/logo_prada.png","contentUrl":"https:\/\/pradagayoso.com\/wp-content\/uploads\/2018\/05\/logo_prada.png","width":284,"height":63,"caption":"PradaGayoso"},"image":{"@id":"https:\/\/pradagayoso.com\/#\/schema\/logo\/image\/"},"sameAs":["https:\/\/www.facebook.com\/pradagayoso\/","https:\/\/x.com\/pradagayoso","https:\/\/www.instagram.com\/pradagayoso\/","https:\/\/www.linkedin.com\/company\/pradagayoso\/","https:\/\/www.youtube.com\/channel\/UCOZT08GCsDLY8dVR8mH0IqA"]}]}},"_links":{"self":[{"href":"https:\/\/pradagayoso.com\/en\/wp-json\/wp\/v2\/en-los-medios\/2458","targetHints":{"allow":["GET"]}}],"collection":[{"href":"https:\/\/pradagayoso.com\/en\/wp-json\/wp\/v2\/en-los-medios"}],"about":[{"href":"https:\/\/pradagayoso.com\/en\/wp-json\/wp\/v2\/types\/en-los-medios"}],"version-history":[{"count":5,"href":"https:\/\/pradagayoso.com\/en\/wp-json\/wp\/v2\/en-los-medios\/2458\/revisions"}],"predecessor-version":[{"id":2530,"href":"https:\/\/pradagayoso.com\/en\/wp-json\/wp\/v2\/en-los-medios\/2458\/revisions\/2530"}],"wp:attachment":[{"href":"https:\/\/pradagayoso.com\/en\/wp-json\/wp\/v2\/media?parent=2458"}],"curies":[{"name":"wp","href":"https:\/\/api.w.org\/{rel}","templated":true}]}}